{"id":2041,"date":"2025-01-15T13:37:50","date_gmt":"2025-01-15T12:37:50","guid":{"rendered":"https:\/\/vanfittery.de\/?post_type=product&#038;p=2041"},"modified":"2026-04-23T14:12:38","modified_gmt":"2026-04-23T12:12:38","slug":"sengesystem-pa-tvaers-af-udtraek","status":"publish","type":"product","link":"https:\/\/vanfittery.de\/da\/produkt\/bettsystem-querauszug\/","title":{"rendered":"Udtr\u00e6kkeligt sengesystem p\u00e5 tv\u00e6rs"},"content":{"rendered":"\t\t<div data-elementor-type=\"product-post\" data-elementor-id=\"2041\" class=\"elementor elementor-2041\" data-elementor-post-type=\"product\">\n\t\t\t\t<div class=\"elementor-element elementor-element-2a70e0db e-flex e-con-boxed e-con e-parent\" data-id=\"2a70e0db\" data-element_type=\"container\" data-e-type=\"container\" data-settings=\"{&quot;background_background&quot;:&quot;video&quot;,&quot;background_video_link&quot;:&quot;https:\\\/\\\/vz-e7b40359-9e7.b-cdn.net\\\/d10e1d43-1f77-4d6b-815c-04bd434478bf\\\/play_720p.mp4&quot;,&quot;background_play_on_mobile&quot;:&quot;yes&quot;}\">\n\t\t\t\t\t<div class=\"e-con-inner\">\n\t\t<div class=\"elementor-background-video-container\">\n\t\t\t\t\t\t\t<video class=\"elementor-background-video-hosted\" role=\"presentation\" autoplay muted playsinline loop><\/video>\n\t\t\t\t\t<\/div><div class=\"elementor-element elementor-element-edb48c5 e-con-full e-flex e-con e-child\" data-id=\"edb48c5\" data-element_type=\"container\" data-e-type=\"container\">\n\t\t\t\t<div class=\"elementor-element elementor-element-4c4c274 elementor-widget elementor-widget-woocommerce-product-title elementor-page-title elementor-widget-heading\" data-id=\"4c4c274\" data-element_type=\"widget\" data-e-type=\"widget\" data-widget_type=\"woocommerce-product-title.default\">\n\t\t\t\t<div class=\"elementor-widget-container\">\n\t\t\t\t\t<h1 class=\"product_title entry-title elementor-heading-title elementor-size-default\">Bettsystem Querauszug<\/h1>\t\t\t\t<\/div>\n\t\t\t\t<\/div>\n\t\t\t\t<div class=\"elementor-element elementor-element-8ec008f smt elementor-widget elementor-widget-heading\" data-id=\"8ec008f\" data-element_type=\"widget\" data-e-type=\"widget\" data-widget_type=\"heading.default\">\n\t\t\t\t<div class=\"elementor-widget-container\">\n\t\t\t\t\t<p class=\"elementor-heading-title elementor-size-default\">erh\u00e4ltlich ab<\/p>\t\t\t\t<\/div>\n\t\t\t\t<\/div>\n\t\t\t\t<div class=\"elementor-element elementor-element-4d62fdd elementor-widget elementor-widget-woocommerce-product-price\" data-id=\"4d62fdd\" data-element_type=\"widget\" data-e-type=\"widget\" data-widget_type=\"woocommerce-product-price.default\">\n\t\t\t\t<div class=\"elementor-widget-container\">\n\t\t\t\t\t<p class=\"price\"><span class=\"woocommerce-Price-amount amount\"><bdi>2.198,00&nbsp;<span class=\"woocommerce-Price-currencySymbol\">&euro;<\/span><\/bdi><\/span><\/p>\n\n\t\t\n\t\t\t\t<div class=\"legacy-itemprop-offers\">\n\n\t\t\n\t\t\t<p class=\"price\"><span class=\"woocommerce-Price-amount amount\"><bdi>2.198,00&nbsp;<span class=\"woocommerce-Price-currencySymbol\">&euro;<\/span><\/bdi><\/span><\/p><div class=\"wgm-info shipping_de shipping_de_string delivery-time-ca-6-8-wochen\">\n\t\t\t\t<small>\n\t\t\t\t\t<span>Delivery Time: ca. 6 - 8 Wochen<\/span>\n\t\t\t\t<\/small>\n\t\t\t<\/div>\n\t\t<\/div>\n\n\t\t\t\t\t\t<\/div>\n\t\t\t\t<\/div>\n\t\t\t\t<div class=\"elementor-element elementor-element-695657c elementor-widget elementor-widget-heading\" data-id=\"695657c\" data-element_type=\"widget\" data-e-type=\"widget\" data-widget_type=\"heading.default\">\n\t\t\t\t<div class=\"elementor-widget-container\">\n\t\t\t\t\t<p class=\"elementor-heading-title elementor-size-default\">Das Modul wird komplett montiert geliefert.<\/p>\t\t\t\t<\/div>\n\t\t\t\t<\/div>\n\t\t\t\t<div class=\"elementor-element elementor-element-3794309 smt elementor-widget elementor-widget-shortcode\" data-id=\"3794309\" data-element_type=\"widget\" data-e-type=\"widget\" data-widget_type=\"shortcode.default\">\n\t\t\t\t<div class=\"elementor-widget-container\">\n\t\t\t\t\t\t\t<div class=\"elementor-shortcode\">\n\n<\/div>\n\t\t\t\t\t\t<\/div>\n\t\t\t\t<\/div>\n\t\t\t\t<\/div>\n\t\t\t\t\t<\/div>\n\t\t\t\t<\/div>\n\t\t<div class=\"elementor-element elementor-element-97ed38b gsb produkt-nav-bar e-flex e-con-boxed e-con e-parent\" data-id=\"97ed38b\" data-element_type=\"container\" data-e-type=\"container\" data-settings=\"{&quot;sticky&quot;:&quot;top&quot;,&quot;sticky_anchor_link_offset_tablet&quot;:0,&quot;sticky_anchor_link_offset_mobile&quot;:50,&quot;sticky_anchor_link_offset&quot;:25,&quot;sticky_anchor_link_offset_tablet_extra&quot;:40,&quot;sticky_anchor_link_offset_mobile_extra&quot;:50,&quot;sticky_on&quot;:[&quot;widescreen&quot;,&quot;desktop&quot;,&quot;laptop&quot;,&quot;tablet_extra&quot;,&quot;tablet&quot;,&quot;mobile_extra&quot;,&quot;mobile&quot;],&quot;sticky_offset&quot;:0,&quot;sticky_effects_offset&quot;:0}\">\n\t\t\t\t\t<div class=\"e-con-inner\">\n\t\t<div class=\"elementor-element elementor-element-3a93a7d e-con-full e-flex e-con e-child\" data-id=\"3a93a7d\" data-element_type=\"container\" data-e-type=\"container\">\n\t\t\t\t<div class=\"elementor-element elementor-element-9f9f1a6 e-full_width e-n-menu-layout-horizontal e-n-menu-tablet elementor-widget elementor-widget-n-menu\" data-id=\"9f9f1a6\" data-element_type=\"widget\" data-e-type=\"widget\" data-settings=\"{&quot;menu_items&quot;:[{&quot;item_title&quot;:&quot;\\u00dcberblick&quot;,&quot;_id&quot;:&quot;50f0982&quot;,&quot;item_link&quot;:{&quot;url&quot;:&quot;#ueberblick&quot;,&quot;is_external&quot;:&quot;&quot;,&quot;nofollow&quot;:&quot;&quot;,&quot;custom_attributes&quot;:&quot;&quot;},&quot;item_dropdown_content&quot;:&quot;no&quot;,&quot;item_icon&quot;:{&quot;value&quot;:&quot;&quot;,&quot;library&quot;:&quot;&quot;},&quot;item_icon_active&quot;:null,&quot;element_id&quot;:&quot;&quot;},{&quot;item_title&quot;:&quot;Highlights&quot;,&quot;_id&quot;:&quot;a6e40ce&quot;,&quot;item_link&quot;:{&quot;url&quot;:&quot;#highlights&quot;,&quot;is_external&quot;:&quot;&quot;,&quot;nofollow&quot;:&quot;&quot;,&quot;custom_attributes&quot;:&quot;&quot;},&quot;item_dropdown_content&quot;:&quot;no&quot;,&quot;item_icon&quot;:{&quot;value&quot;:&quot;&quot;,&quot;library&quot;:&quot;&quot;},&quot;item_icon_active&quot;:null,&quot;element_id&quot;:&quot;&quot;},{&quot;item_title&quot;:&quot;Funktionen&quot;,&quot;_id&quot;:&quot;d843b85&quot;,&quot;item_link&quot;:{&quot;url&quot;:&quot;#funktionen&quot;,&quot;is_external&quot;:&quot;&quot;,&quot;nofollow&quot;:&quot;&quot;,&quot;custom_attributes&quot;:&quot;&quot;},&quot;item_dropdown_content&quot;:&quot;no&quot;,&quot;item_icon&quot;:{&quot;value&quot;:&quot;&quot;,&quot;library&quot;:&quot;&quot;},&quot;item_icon_active&quot;:null,&quot;element_id&quot;:&quot;&quot;},{&quot;item_title&quot;:&quot;Video&quot;,&quot;item_link&quot;:{&quot;url&quot;:&quot;#video&quot;,&quot;is_external&quot;:&quot;&quot;,&quot;nofollow&quot;:&quot;&quot;,&quot;custom_attributes&quot;:&quot;&quot;},&quot;_id&quot;:&quot;5689226&quot;,&quot;item_dropdown_content&quot;:&quot;no&quot;,&quot;item_icon&quot;:{&quot;value&quot;:&quot;&quot;,&quot;library&quot;:&quot;&quot;},&quot;item_icon_active&quot;:null,&quot;element_id&quot;:&quot;&quot;},{&quot;_id&quot;:&quot;ac66079&quot;,&quot;item_title&quot;:&quot;FAQ&quot;,&quot;item_link&quot;:{&quot;url&quot;:&quot;#faq&quot;,&quot;is_external&quot;:&quot;&quot;,&quot;nofollow&quot;:&quot;&quot;,&quot;custom_attributes&quot;:&quot;&quot;},&quot;item_dropdown_content&quot;:&quot;no&quot;,&quot;item_icon&quot;:{&quot;value&quot;:&quot;&quot;,&quot;library&quot;:&quot;&quot;},&quot;item_icon_active&quot;:null,&quot;element_id&quot;:&quot;&quot;},{&quot;_id&quot;:&quot;a5c6007&quot;,&quot;item_title&quot;:&quot;Technische Infos&quot;,&quot;item_link&quot;:{&quot;url&quot;:&quot;#technik&quot;,&quot;is_external&quot;:&quot;&quot;,&quot;nofollow&quot;:&quot;&quot;,&quot;custom_attributes&quot;:&quot;&quot;},&quot;item_dropdown_content&quot;:&quot;no&quot;,&quot;item_icon&quot;:{&quot;value&quot;:&quot;&quot;,&quot;library&quot;:&quot;&quot;},&quot;item_icon_active&quot;:null,&quot;element_id&quot;:&quot;&quot;},{&quot;item_title&quot;:&quot;Bewertungen&quot;,&quot;item_link&quot;:{&quot;url&quot;:&quot;#bewertungen&quot;,&quot;is_external&quot;:&quot;&quot;,&quot;nofollow&quot;:&quot;&quot;,&quot;custom_attributes&quot;:&quot;&quot;},&quot;_id&quot;:&quot;5d98c45&quot;,&quot;item_dropdown_content&quot;:&quot;no&quot;,&quot;item_icon&quot;:{&quot;value&quot;:&quot;&quot;,&quot;library&quot;:&quot;&quot;},&quot;item_icon_active&quot;:null,&quot;element_id&quot;:&quot;&quot;}],&quot;item_position_horizontal&quot;:&quot;start&quot;,&quot;horizontal_scroll_tablet&quot;:&quot;disable&quot;,&quot;menu_item_title_distance_from_content&quot;:{&quot;unit&quot;:&quot;px&quot;,&quot;size&quot;:&quot;&quot;,&quot;sizes&quot;:[]},&quot;open_on&quot;:&quot;click&quot;,&quot;content_width&quot;:&quot;full_width&quot;,&quot;item_layout&quot;:&quot;horizontal&quot;,&quot;horizontal_scroll&quot;:&quot;disable&quot;,&quot;breakpoint_selector&quot;:&quot;tablet&quot;,&quot;menu_item_title_distance_from_content_widescreen&quot;:{&quot;unit&quot;:&quot;px&quot;,&quot;size&quot;:&quot;&quot;,&quot;sizes&quot;:[]},&quot;menu_item_title_distance_from_content_laptop&quot;:{&quot;unit&quot;:&quot;px&quot;,&quot;size&quot;:&quot;&quot;,&quot;sizes&quot;:[]},&quot;menu_item_title_distance_from_content_tablet_extra&quot;:{&quot;unit&quot;:&quot;px&quot;,&quot;size&quot;:&quot;&quot;,&quot;sizes&quot;:[]},&quot;menu_item_title_distance_from_content_tablet&quot;:{&quot;unit&quot;:&quot;px&quot;,&quot;size&quot;:&quot;&quot;,&quot;sizes&quot;:[]},&quot;menu_item_title_distance_from_content_mobile_extra&quot;:{&quot;unit&quot;:&quot;px&quot;,&quot;size&quot;:&quot;&quot;,&quot;sizes&quot;:[]},&quot;menu_item_title_distance_from_content_mobile&quot;:{&quot;unit&quot;:&quot;px&quot;,&quot;size&quot;:&quot;&quot;,&quot;sizes&quot;:[]}}\" data-widget_type=\"mega-menu.default\">\n\t\t\t\t<div class=\"elementor-widget-container\">\n\t\t\t\t\t\t\t<nav class=\"e-n-menu\" data-widget-number=\"167\" aria-label=\"Men\u00fc\">\n\t\t\t\t\t<button class=\"e-n-menu-toggle\" id=\"menu-toggle-167\" aria-haspopup=\"true\" aria-expanded=\"false\" aria-controls=\"menubar-167\" aria-label=\"Menuskift\">\n\t\t\t<span class=\"e-n-menu-toggle-icon e-open\">\n\t\t\t\t<svg class=\"e-font-icon-svg e-fas-chevron-down\" viewBox=\"0 0 448 512\" xmlns=\"http:\/\/www.w3.org\/2000\/svg\"><path d=\"M207.029 381.476L12.686 187.132c-9.373-9.373-9.373-24.569 0-33.941l22.667-22.667c9.357-9.357 24.522-9.375 33.901-.04L224 284.505l154.745-154.021c9.379-9.335 24.544-9.317 33.901.04l22.667 22.667c9.373 9.373 9.373 24.569 0 33.941L240.971 381.476c-9.373 9.372-24.569 9.372-33.942 0z\"><\/path><\/svg>\t\t\t<\/span>\n\t\t\t<span class=\"e-n-menu-toggle-icon e-close\">\n\t\t\t\t<svg class=\"e-font-icon-svg e-eicon-close\" viewBox=\"0 0 1000 1000\" xmlns=\"http:\/\/www.w3.org\/2000\/svg\"><path d=\"M742 167L500 408 258 167C246 154 233 150 217 150 196 150 179 158 167 167 154 179 150 196 150 212 150 229 154 242 171 254L408 500 167 742C138 771 138 800 167 829 196 858 225 858 254 829L496 587 738 829C750 842 767 846 783 846 800 846 817 842 829 829 842 817 846 804 846 783 846 767 842 750 829 737L588 500 833 258C863 229 863 200 833 171 804 137 775 137 742 167Z\"><\/path><\/svg>\t\t\t<\/span>\n\t\t<\/button>\n\t\t\t\t\t<div class=\"e-n-menu-wrapper\" id=\"menubar-167\" aria-labelledby=\"menu-toggle-167\">\n\t\t\t\t<ul class=\"e-n-menu-heading\">\n\t\t\t\t\t\t\t\t<li class=\"e-n-menu-item\">\n\t\t\t\t<div id=\"e-n-menu-title-1671\" class=\"e-n-menu-title e-anchor\">\n\t\t\t\t\t<a class=\"e-n-menu-title-container e-focus e-link\" href=\"#ueberblick\" aria-current=\"page\">\t\t\t\t\t\t\t\t\t\t\t\t<span class=\"e-n-menu-title-text\">\n\t\t\t\t\t\t\t\u00dcberblick\t\t\t\t\t\t<\/span>\n\t\t\t\t\t<\/a>\t\t\t\t\t\t\t\t\t<\/div>\n\t\t\t\t\t\t\t<\/li>\n\t\t\t\t\t<li class=\"e-n-menu-item\">\n\t\t\t\t<div id=\"e-n-menu-title-1672\" class=\"e-n-menu-title e-anchor\">\n\t\t\t\t\t<a class=\"e-n-menu-title-container e-focus e-link\" href=\"#highlights\" aria-current=\"page\">\t\t\t\t\t\t\t\t\t\t\t\t<span class=\"e-n-menu-title-text\">\n\t\t\t\t\t\t\tHighlights\t\t\t\t\t\t<\/span>\n\t\t\t\t\t<\/a>\t\t\t\t\t\t\t\t\t<\/div>\n\t\t\t\t\t\t\t<\/li>\n\t\t\t\t\t<li class=\"e-n-menu-item\">\n\t\t\t\t<div id=\"e-n-menu-title-1673\" class=\"e-n-menu-title e-anchor\">\n\t\t\t\t\t<a class=\"e-n-menu-title-container e-focus e-link\" href=\"#funktionen\" aria-current=\"page\">\t\t\t\t\t\t\t\t\t\t\t\t<span class=\"e-n-menu-title-text\">\n\t\t\t\t\t\t\tFunktionen\t\t\t\t\t\t<\/span>\n\t\t\t\t\t<\/a>\t\t\t\t\t\t\t\t\t<\/div>\n\t\t\t\t\t\t\t<\/li>\n\t\t\t\t\t<li class=\"e-n-menu-item\">\n\t\t\t\t<div id=\"e-n-menu-title-1674\" class=\"e-n-menu-title e-anchor\">\n\t\t\t\t\t<a class=\"e-n-menu-title-container e-focus e-link\" href=\"#video\" aria-current=\"page\">\t\t\t\t\t\t\t\t\t\t\t\t<span class=\"e-n-menu-title-text\">\n\t\t\t\t\t\t\tVideo\t\t\t\t\t\t<\/span>\n\t\t\t\t\t<\/a>\t\t\t\t\t\t\t\t\t<\/div>\n\t\t\t\t\t\t\t<\/li>\n\t\t\t\t\t<li class=\"e-n-menu-item\">\n\t\t\t\t<div id=\"e-n-menu-title-1675\" class=\"e-n-menu-title e-anchor\">\n\t\t\t\t\t<a class=\"e-n-menu-title-container e-focus e-link\" href=\"#faq\" aria-current=\"page\">\t\t\t\t\t\t\t\t\t\t\t\t<span class=\"e-n-menu-title-text\">\n\t\t\t\t\t\t\tFAQ\t\t\t\t\t\t<\/span>\n\t\t\t\t\t<\/a>\t\t\t\t\t\t\t\t\t<\/div>\n\t\t\t\t\t\t\t<\/li>\n\t\t\t\t\t<li class=\"e-n-menu-item\">\n\t\t\t\t<div id=\"e-n-menu-title-1676\" class=\"e-n-menu-title e-anchor\">\n\t\t\t\t\t<a class=\"e-n-menu-title-container e-focus e-link\" href=\"#technik\" aria-current=\"page\">\t\t\t\t\t\t\t\t\t\t\t\t<span class=\"e-n-menu-title-text\">\n\t\t\t\t\t\t\tTechnische Infos\t\t\t\t\t\t<\/span>\n\t\t\t\t\t<\/a>\t\t\t\t\t\t\t\t\t<\/div>\n\t\t\t\t\t\t\t<\/li>\n\t\t\t\t\t<li class=\"e-n-menu-item\">\n\t\t\t\t<div id=\"e-n-menu-title-1677\" class=\"e-n-menu-title e-anchor\">\n\t\t\t\t\t<a class=\"e-n-menu-title-container e-focus e-link\" href=\"#bewertungen\" aria-current=\"page\">\t\t\t\t\t\t\t\t\t\t\t\t<span class=\"e-n-menu-title-text\">\n\t\t\t\t\t\t\tBewertungen\t\t\t\t\t\t<\/span>\n\t\t\t\t\t<\/a>\t\t\t\t\t\t\t\t\t<\/div>\n\t\t\t\t\t\t\t<\/li>\n\t\t\t\t\t\t<\/ul>\n\t\t\t<\/div>\n\t\t<\/nav>\n\t\t\t\t\t\t<\/div>\n\t\t\t\t<\/div>\n\t\t\t\t<div class=\"elementor-element elementor-element-994bcb6 produkt-nav-staggs-button elementor-widget elementor-widget-shortcode\" data-id=\"994bcb6\" data-element_type=\"widget\" data-e-type=\"widget\" data-widget_type=\"shortcode.default\">\n\t\t\t\t<div class=\"elementor-widget-container\">\n\t\t\t\t\t\t\t<div class=\"elementor-shortcode\"><\/div>\n\t\t\t\t\t\t<\/div>\n\t\t\t\t<\/div>\n\t\t\t\t<\/div>\n\t\t\t\t\t<\/div>\n\t\t\t\t<\/div>\n\t\t<div class=\"elementor-element elementor-element-abc5cf gp e-flex e-con-boxed e-con e-parent\" data-id=\"abc5cf\" data-element_type=\"container\" data-e-type=\"container\" id=\"ueberblick\" data-settings=\"{&quot;background_background&quot;:&quot;classic&quot;}\">\n\t\t\t\t\t<div class=\"e-con-inner\">\n\t\t<div class=\"elementor-element elementor-element-16d9ca88 e-con-full e-flex e-con e-child\" data-id=\"16d9ca88\" data-element_type=\"container\" data-e-type=\"container\">\n\t\t\t\t<div class=\"elementor-element elementor-element-cce3f0c elementor-widget elementor-widget-heading\" data-id=\"cce3f0c\" data-element_type=\"widget\" data-e-type=\"widget\" data-widget_type=\"heading.default\">\n\t\t\t\t<div class=\"elementor-widget-container\">\n\t\t\t\t\t<h2 class=\"elementor-heading-title elementor-size-default\">Das Bettsystem mit Stauraum f\u00fcr Fahrr\u00e4der, SUPs und mehr<\/h2>\t\t\t\t<\/div>\n\t\t\t\t<\/div>\n\t\t\t\t<div class=\"elementor-element elementor-element-d4eb970 elementor-widget elementor-widget-text-editor\" data-id=\"d4eb970\" data-element_type=\"widget\" data-e-type=\"widget\" data-widget_type=\"text-editor.default\">\n\t\t\t\t<div class=\"elementor-widget-container\">\n\t\t\t\t\t\t\t\t\t<p>Das Bettsystem Querauszug erm\u00f6glicht ein interessantes Raumkonzept mit viel Platz im Mitteltunnel. Das Bett passt in nahezu alle Vans der Transportergr\u00f6\u00dfe (<a href=\"#faq\">mehr dazu in den FAQs<\/a>).<\/p>\t\t\t\t\t\t\t\t<\/div>\n\t\t\t\t<\/div>\n\t\t\t\t<div class=\"elementor-element elementor-element-625e9a76 elementor-icon-list--layout-traditional elementor-list-item-link-full_width elementor-widget elementor-widget-icon-list\" data-id=\"625e9a76\" data-element_type=\"widget\" data-e-type=\"widget\" data-widget_type=\"icon-list.default\">\n\t\t\t\t<div class=\"elementor-widget-container\">\n\t\t\t\t\t\t\t<ul class=\"elementor-icon-list-items\">\n\t\t\t\t\t\t\t<li class=\"elementor-icon-list-item\">\n\t\t\t\t\t\t\t\t\t\t\t<span class=\"elementor-icon-list-icon\">\n\t\t\t\t\t\t\t<svg aria-hidden=\"true\" class=\"e-font-icon-svg e-fas-check-circle\" viewBox=\"0 0 512 512\" xmlns=\"http:\/\/www.w3.org\/2000\/svg\"><path d=\"M504 256c0 136.967-111.033 248-248 248S8 392.967 8 256 119.033 8 256 8s248 111.033 248 248zM227.314 387.314l184-184c6.248-6.248 6.248-16.379 0-22.627l-22.627-22.627c-6.248-6.249-16.379-6.249-22.628 0L216 308.118l-70.059-70.059c-6.248-6.248-16.379-6.248-22.628 0l-22.627 22.627c-6.248 6.248-6.248 16.379 0 22.627l104 104c6.249 6.249 16.379 6.249 22.628.001z\"><\/path><\/svg>\t\t\t\t\t\t<\/span>\n\t\t\t\t\t\t\t\t\t\t<span class=\"elementor-icon-list-text\">Ideal f\u00fcr den Transport von Fahrr\u00e4dern, SUPs, usw.<\/span>\n\t\t\t\t\t\t\t\t\t<\/li>\n\t\t\t\t\t\t\t\t<li class=\"elementor-icon-list-item\">\n\t\t\t\t\t\t\t\t\t\t\t<span class=\"elementor-icon-list-icon\">\n\t\t\t\t\t\t\t<svg aria-hidden=\"true\" class=\"e-font-icon-svg e-fas-check-circle\" viewBox=\"0 0 512 512\" xmlns=\"http:\/\/www.w3.org\/2000\/svg\"><path d=\"M504 256c0 136.967-111.033 248-248 248S8 392.967 8 256 119.033 8 256 8s248 111.033 248 248zM227.314 387.314l184-184c6.248-6.248 6.248-16.379 0-22.627l-22.627-22.627c-6.248-6.249-16.379-6.249-22.628 0L216 308.118l-70.059-70.059c-6.248-6.248-16.379-6.248-22.628 0l-22.627 22.627c-6.248 6.248-6.248 16.379 0 22.627l104 104c6.249 6.249 16.379 6.249 22.628.001z\"><\/path><\/svg>\t\t\t\t\t\t<\/span>\n\t\t\t\t\t\t\t\t\t\t<span class=\"elementor-icon-list-text\">Gro\u00dfer Heckauszug (kann zur K\u00fcche erweitert werden)<\/span>\n\t\t\t\t\t\t\t\t\t<\/li>\n\t\t\t\t\t\t\t\t<li class=\"elementor-icon-list-item\">\n\t\t\t\t\t\t\t\t\t\t\t<span class=\"elementor-icon-list-icon\">\n\t\t\t\t\t\t\t<svg aria-hidden=\"true\" class=\"e-font-icon-svg e-fas-check-circle\" viewBox=\"0 0 512 512\" xmlns=\"http:\/\/www.w3.org\/2000\/svg\"><path d=\"M504 256c0 136.967-111.033 248-248 248S8 392.967 8 256 119.033 8 256 8s248 111.033 248 248zM227.314 387.314l184-184c6.248-6.248 6.248-16.379 0-22.627l-22.627-22.627c-6.248-6.249-16.379-6.249-22.628 0L216 308.118l-70.059-70.059c-6.248-6.248-16.379-6.248-22.628 0l-22.627 22.627c-6.248 6.248-6.248 16.379 0 22.627l104 104c6.249 6.249 16.379 6.249 22.628.001z\"><\/path><\/svg>\t\t\t\t\t\t<\/span>\n\t\t\t\t\t\t\t\t\t\t<span class=\"elementor-icon-list-text\">Ma\u00dfgeschneiderte Komfortmatratze<\/span>\n\t\t\t\t\t\t\t\t\t<\/li>\n\t\t\t\t\t\t\t\t<li class=\"elementor-icon-list-item\">\n\t\t\t\t\t\t\t\t\t\t\t<span class=\"elementor-icon-list-icon\">\n\t\t\t\t\t\t\t<svg aria-hidden=\"true\" class=\"e-font-icon-svg e-fas-check-circle\" viewBox=\"0 0 512 512\" xmlns=\"http:\/\/www.w3.org\/2000\/svg\"><path d=\"M504 256c0 136.967-111.033 248-248 248S8 392.967 8 256 119.033 8 256 8s248 111.033 248 248zM227.314 387.314l184-184c6.248-6.248 6.248-16.379 0-22.627l-22.627-22.627c-6.248-6.249-16.379-6.249-22.628 0L216 308.118l-70.059-70.059c-6.248-6.248-16.379-6.248-22.628 0l-22.627 22.627c-6.248 6.248-6.248 16.379 0 22.627l104 104c6.249 6.249 16.379 6.249 22.628.001z\"><\/path><\/svg>\t\t\t\t\t\t<\/span>\n\t\t\t\t\t\t\t\t\t\t<span class=\"elementor-icon-list-text\">Ma\u00dfe abgestimmt auf EuroBoxen<\/span>\n\t\t\t\t\t\t\t\t\t<\/li>\n\t\t\t\t\t\t<\/ul>\n\t\t\t\t\t\t<\/div>\n\t\t\t\t<\/div>\n\t\t\t\t<div class=\"elementor-element elementor-element-8fdd002 elementor-widget elementor-widget-button\" data-id=\"8fdd002\" data-element_type=\"widget\" data-e-type=\"widget\" data-widget_type=\"button.default\">\n\t\t\t\t<div class=\"elementor-widget-container\">\n\t\t\t\t\t\t\t\t\t<div class=\"elementor-button-wrapper\">\n\t\t\t\t\t<a class=\"elementor-button elementor-button-link elementor-size-sm\" href=\"#video\">\n\t\t\t\t\t\t<span class=\"elementor-button-content-wrapper\">\n\t\t\t\t\t\t<span class=\"elementor-button-icon\">\n\t\t\t\t<svg aria-hidden=\"true\" class=\"e-font-icon-svg e-fas-play\" viewBox=\"0 0 448 512\" xmlns=\"http:\/\/www.w3.org\/2000\/svg\"><path d=\"M424.4 214.7L72.4 6.6C43.8-10.3 0 6.1 0 47.9V464c0 37.5 40.7 60.1 72.4 41.3l352-208c31.4-18.5 31.5-64.1 0-82.6z\"><\/path><\/svg>\t\t\t<\/span>\n\t\t\t\t\t\t\t\t\t<span class=\"elementor-button-text\">Video ansehen<\/span>\n\t\t\t\t\t<\/span>\n\t\t\t\t\t<\/a>\n\t\t\t\t<\/div>\n\t\t\t\t\t\t\t\t<\/div>\n\t\t\t\t<\/div>\n\t\t\t\t<\/div>\n\t\t<div class=\"elementor-element elementor-element-9eb303 e-con-full e-flex e-con e-child\" data-id=\"9eb303\" data-element_type=\"container\" data-e-type=\"container\">\n\t\t\t\t<div class=\"elementor-element elementor-element-cf6f77c elementor-widget elementor-widget-image\" data-id=\"cf6f77c\" data-element_type=\"widget\" data-e-type=\"widget\" data-widget_type=\"image.default\">\n\t\t\t\t<div class=\"elementor-widget-container\">\n\t\t\t\t\t\t\t\t\t\t\t\t\t\t\t\t<a href=\"https:\/\/vanfittery.de\/wp-content\/uploads\/2025\/01\/BQA-L-schwarz.jpg\" data-elementor-open-lightbox=\"yes\" data-e-action-hash=\"#elementor-action%3Aaction%3Dlightbox%26settings%3DeyJpZCI6MjI1NCwidXJsIjoiaHR0cHM6XC9cL3ZhbmZpdHRlcnkuZGVcL3dwLWNvbnRlbnRcL3VwbG9hZHNcLzIwMjVcLzAxXC9CUUEtTC1zY2h3YXJ6LmpwZyJ9\">\n\t\t\t\t\t\t\t<img fetchpriority=\"high\" decoding=\"async\" width=\"800\" height=\"600\" src=\"https:\/\/vanfittery.de\/wp-content\/uploads\/2025\/01\/BQA-L-schwarz-1024x768.jpg\" class=\"attachment-large size-large wp-image-2254\" alt=\"Modulares Campingm\u00f6bel mit Stauraum, die eine praktische L\u00f6sung f\u00fcr Schlaf- und K\u00fcchenmodule im Auto und Van bieten.\" srcset=\"https:\/\/vanfittery.de\/wp-content\/uploads\/2025\/01\/BQA-L-schwarz-1024x768.jpg 1024w, https:\/\/vanfittery.de\/wp-content\/uploads\/2025\/01\/BQA-L-schwarz-600x450.jpg 600w, https:\/\/vanfittery.de\/wp-content\/uploads\/2025\/01\/BQA-L-schwarz-800x600.jpg 800w, https:\/\/vanfittery.de\/wp-content\/uploads\/2025\/01\/BQA-L-schwarz-300x225.jpg 300w, https:\/\/vanfittery.de\/wp-content\/uploads\/2025\/01\/BQA-L-schwarz-768x576.jpg 768w, https:\/\/vanfittery.de\/wp-content\/uploads\/2025\/01\/BQA-L-schwarz-1536x1152.jpg 1536w, https:\/\/vanfittery.de\/wp-content\/uploads\/2025\/01\/BQA-L-schwarz.jpg 1920w\" sizes=\"(max-width: 800px) 100vw, 800px\" \/>\t\t\t\t\t\t\t\t<\/a>\n\t\t\t\t\t\t\t\t\t\t\t\t\t\t\t<\/div>\n\t\t\t\t<\/div>\n\t\t\t\t<\/div>\n\t\t\t\t\t<\/div>\n\t\t\t\t<\/div>\n\t\t<div class=\"elementor-element elementor-element-189b04ef gp e-flex e-con-boxed e-con e-parent\" data-id=\"189b04ef\" data-element_type=\"container\" data-e-type=\"container\" id=\"highlights\">\n\t\t\t\t\t<div class=\"e-con-inner\">\n\t\t<div class=\"elementor-element elementor-element-48dbd944 e-con-full e-flex e-con e-child\" data-id=\"48dbd944\" data-element_type=\"container\" data-e-type=\"container\">\n\t\t\t\t<div class=\"elementor-element elementor-element-1177b88f elementor-widget elementor-widget-heading\" data-id=\"1177b88f\" data-element_type=\"widget\" data-e-type=\"widget\" data-widget_type=\"heading.default\">\n\t\t\t\t<div class=\"elementor-widget-container\">\n\t\t\t\t\t<h2 class=\"elementor-heading-title elementor-size-default\">Die Highlights des Bettsystems<\/h2>\t\t\t\t<\/div>\n\t\t\t\t<\/div>\n\t\t\t\t<div class=\"elementor-element elementor-element-1d8157a0 sw elementor-widget elementor-widget-text-editor\" data-id=\"1d8157a0\" data-element_type=\"widget\" data-e-type=\"widget\" data-widget_type=\"text-editor.default\">\n\t\t\t\t<div class=\"elementor-widget-container\">\n\t\t\t\t\t\t\t\t\t<p>Durchdacht bis ins Detail \u2013 f\u00fcr mehr Flexibilit\u00e4t, Komfort und Unabh\u00e4ngigkeit unterwegs.<\/p>\t\t\t\t\t\t\t\t<\/div>\n\t\t\t\t<\/div>\n\t\t<div class=\"elementor-element elementor-element-3bf50b69 e-con-full e-grid e-con e-child\" data-id=\"3bf50b69\" data-element_type=\"container\" data-e-type=\"container\">\n\t\t\t\t<div class=\"elementor-element elementor-element-171de9 elementor-position-top elementor-widget elementor-widget-image-box\" data-id=\"171de9\" data-element_type=\"widget\" data-e-type=\"widget\" data-widget_type=\"image-box.default\">\n\t\t\t\t<div class=\"elementor-widget-container\">\n\t\t\t\t\t<div class=\"elementor-image-box-wrapper\"><figure class=\"elementor-image-box-img\"><a href=\"#\" tabindex=\"-1\"><img decoding=\"async\" width=\"2560\" height=\"1920\" src=\"https:\/\/vanfittery.de\/wp-content\/uploads\/2025\/01\/BQA_Heckansicht-offen.jpg\" class=\"attachment-full size-full wp-image-2057\" alt=\"Der Innenraum eines umgebauten Vans mit einem gem\u00fctlichen Schlafbereich und K\u00fcchenmodul.\" srcset=\"https:\/\/vanfittery.de\/wp-content\/uploads\/2025\/01\/BQA_Heckansicht-offen.jpg 2560w, https:\/\/vanfittery.de\/wp-content\/uploads\/2025\/01\/BQA_Heckansicht-offen-600x450.jpg 600w, https:\/\/vanfittery.de\/wp-content\/uploads\/2025\/01\/BQA_Heckansicht-offen-800x600.jpg 800w, https:\/\/vanfittery.de\/wp-content\/uploads\/2025\/01\/BQA_Heckansicht-offen-300x225.jpg 300w, https:\/\/vanfittery.de\/wp-content\/uploads\/2025\/01\/BQA_Heckansicht-offen-1024x768.jpg 1024w, https:\/\/vanfittery.de\/wp-content\/uploads\/2025\/01\/BQA_Heckansicht-offen-768x576.jpg 768w, https:\/\/vanfittery.de\/wp-content\/uploads\/2025\/01\/BQA_Heckansicht-offen-1536x1152.jpg 1536w, https:\/\/vanfittery.de\/wp-content\/uploads\/2025\/01\/BQA_Heckansicht-offen-2048x1536.jpg 2048w\" sizes=\"(max-width: 2560px) 100vw, 2560px\" \/><\/a><\/figure><div class=\"elementor-image-box-content\"><h3 class=\"elementor-image-box-title\"><a href=\"#\">Viel Stauraum im Fahrzeug<\/a><\/h3><p class=\"elementor-image-box-description\">Das Fahrrad, SUP oder die Angeln sollen mit? Dann ist das Bett Querauszug vielleicht die L\u00f6sung f\u00fcr dich.\n<\/p><\/div><\/div>\t\t\t\t<\/div>\n\t\t\t\t<\/div>\n\t\t\t\t<div class=\"elementor-element elementor-element-27f4a61c elementor-position-top elementor-widget elementor-widget-image-box\" data-id=\"27f4a61c\" data-element_type=\"widget\" data-e-type=\"widget\" data-widget_type=\"image-box.default\">\n\t\t\t\t<div class=\"elementor-widget-container\">\n\t\t\t\t\t<div class=\"elementor-image-box-wrapper\"><figure class=\"elementor-image-box-img\"><a href=\"#\" tabindex=\"-1\"><img decoding=\"async\" width=\"2560\" height=\"1920\" src=\"https:\/\/vanfittery.de\/wp-content\/uploads\/2025\/01\/BQA_Lesen-auf-Couch-von-vorn.jpg\" class=\"attachment-full size-full wp-image-2047\" alt=\"Eine Person sitzt entspannt auf einem Campingbett und liest ein Buch.\" srcset=\"https:\/\/vanfittery.de\/wp-content\/uploads\/2025\/01\/BQA_Lesen-auf-Couch-von-vorn.jpg 2560w, https:\/\/vanfittery.de\/wp-content\/uploads\/2025\/01\/BQA_Lesen-auf-Couch-von-vorn-600x450.jpg 600w, https:\/\/vanfittery.de\/wp-content\/uploads\/2025\/01\/BQA_Lesen-auf-Couch-von-vorn-800x600.jpg 800w, https:\/\/vanfittery.de\/wp-content\/uploads\/2025\/01\/BQA_Lesen-auf-Couch-von-vorn-300x225.jpg 300w, https:\/\/vanfittery.de\/wp-content\/uploads\/2025\/01\/BQA_Lesen-auf-Couch-von-vorn-1024x768.jpg 1024w, https:\/\/vanfittery.de\/wp-content\/uploads\/2025\/01\/BQA_Lesen-auf-Couch-von-vorn-768x576.jpg 768w, https:\/\/vanfittery.de\/wp-content\/uploads\/2025\/01\/BQA_Lesen-auf-Couch-von-vorn-1536x1152.jpg 1536w, https:\/\/vanfittery.de\/wp-content\/uploads\/2025\/01\/BQA_Lesen-auf-Couch-von-vorn-2048x1536.jpg 2048w\" sizes=\"(max-width: 2560px) 100vw, 2560px\" \/><\/a><\/figure><div class=\"elementor-image-box-content\"><h3 class=\"elementor-image-box-title\"><a href=\"#\">Couch- &amp; Bettsystem<\/a><\/h3><p class=\"elementor-image-box-description\">Das System l\u00e4sst sich mit wenigen Handgriffen ganz einfach von der gem\u00fctlichen Couch zum vollwertigen Bett ausziehen.<\/p><\/div><\/div>\t\t\t\t<\/div>\n\t\t\t\t<\/div>\n\t\t\t\t<div class=\"elementor-element elementor-element-a2f2d4b elementor-position-top elementor-widget elementor-widget-image-box\" data-id=\"a2f2d4b\" data-element_type=\"widget\" data-e-type=\"widget\" data-widget_type=\"image-box.default\">\n\t\t\t\t<div class=\"elementor-widget-container\">\n\t\t\t\t\t<div class=\"elementor-image-box-wrapper\"><figure class=\"elementor-image-box-img\"><a href=\"#\" tabindex=\"-1\"><img loading=\"lazy\" decoding=\"async\" width=\"2560\" height=\"1920\" src=\"https:\/\/vanfittery.de\/wp-content\/uploads\/2025\/01\/BQA_Heckauszug-mit-model.jpg\" class=\"attachment-full size-full wp-image-2068\" alt=\"Eine Person bereitet in der offenen Heckklappe eines Campers eine Mahlzeit vor, w\u00e4hrend sie an einem ausziehbaren K\u00fcchenmodul arbeitet.\" srcset=\"https:\/\/vanfittery.de\/wp-content\/uploads\/2025\/01\/BQA_Heckauszug-mit-model.jpg 2560w, https:\/\/vanfittery.de\/wp-content\/uploads\/2025\/01\/BQA_Heckauszug-mit-model-600x450.jpg 600w, https:\/\/vanfittery.de\/wp-content\/uploads\/2025\/01\/BQA_Heckauszug-mit-model-800x600.jpg 800w, https:\/\/vanfittery.de\/wp-content\/uploads\/2025\/01\/BQA_Heckauszug-mit-model-300x225.jpg 300w, https:\/\/vanfittery.de\/wp-content\/uploads\/2025\/01\/BQA_Heckauszug-mit-model-1024x768.jpg 1024w, https:\/\/vanfittery.de\/wp-content\/uploads\/2025\/01\/BQA_Heckauszug-mit-model-768x576.jpg 768w, https:\/\/vanfittery.de\/wp-content\/uploads\/2025\/01\/BQA_Heckauszug-mit-model-1536x1152.jpg 1536w, https:\/\/vanfittery.de\/wp-content\/uploads\/2025\/01\/BQA_Heckauszug-mit-model-2048x1536.jpg 2048w\" sizes=\"(max-width: 2560px) 100vw, 2560px\" \/><\/a><\/figure><div class=\"elementor-image-box-content\"><h3 class=\"elementor-image-box-title\"><a href=\"#\">Erweiterung zur Heckk\u00fcche<\/a><\/h3><p class=\"elementor-image-box-description\">Der Heckauszug l\u00e4sst sich z.\u00a0B. durch den Kocherhalter, einer Kompressork\u00fchlbox und den Einh\u00e4ngetisch zu einer Heckk\u00fcche aufr\u00fcsten.\n\n<\/p><\/div><\/div>\t\t\t\t<\/div>\n\t\t\t\t<\/div>\n\t\t\t\t<\/div>\n\t\t\t\t<\/div>\n\t\t\t\t\t<\/div>\n\t\t\t\t<\/div>\n\t\t<div class=\"elementor-element elementor-element-a67f032 gp e-flex e-con-boxed e-con e-parent\" data-id=\"a67f032\" data-element_type=\"container\" data-e-type=\"container\" id=\"funktionen\" data-settings=\"{&quot;background_background&quot;:&quot;classic&quot;}\">\n\t\t\t\t\t<div class=\"e-con-inner\">\n\t\t<div class=\"elementor-element elementor-element-eba3a22 e-con-full e-flex e-con e-child\" data-id=\"eba3a22\" data-element_type=\"container\" data-e-type=\"container\">\n\t\t\t\t<div class=\"elementor-element elementor-element-0686889 elementor-widget elementor-widget-heading\" data-id=\"0686889\" data-element_type=\"widget\" data-e-type=\"widget\" data-widget_type=\"heading.default\">\n\t\t\t\t<div class=\"elementor-widget-container\">\n\t\t\t\t\t<h2 class=\"elementor-heading-title elementor-size-default\">Alle Funktionen im \u00dcberlick<\/h2>\t\t\t\t<\/div>\n\t\t\t\t<\/div>\n\t\t\t\t<div class=\"elementor-element elementor-element-777c653 sw elementor-widget elementor-widget-text-editor\" data-id=\"777c653\" data-element_type=\"widget\" data-e-type=\"widget\" data-widget_type=\"text-editor.default\">\n\t\t\t\t<div class=\"elementor-widget-container\">\n\t\t\t\t\t\t\t\t\t<p>Das Bettsystem Querauszug bietet eine variable Schlaf- und Sitzm\u00f6glichkeit, die den Innenraum optimal ausnutzt.<\/p>\t\t\t\t\t\t\t\t<\/div>\n\t\t\t\t<\/div>\n\t\t\t\t<div class=\"elementor-element elementor-element-dc57919 gs gb funktionen-slider elementor-pagination-type-fraction elementor-arrows-position-inside elementor-pagination-position-outside elementor-widget elementor-widget-n-carousel\" data-id=\"dc57919\" data-element_type=\"widget\" data-e-type=\"widget\" data-settings=\"{&quot;carousel_items&quot;:[{&quot;slide_title&quot;:&quot;Slide #1&quot;,&quot;_id&quot;:&quot;5013e05&quot;},{&quot;slide_title&quot;:&quot;Slide #1&quot;,&quot;_id&quot;:&quot;69a17ed&quot;},{&quot;slide_title&quot;:&quot;Slide #2&quot;,&quot;_id&quot;:&quot;9504369&quot;},{&quot;slide_title&quot;:&quot;Slide #3&quot;,&quot;_id&quot;:&quot;acdd28d&quot;},{&quot;_id&quot;:&quot;6d0a93d&quot;,&quot;slide_title&quot;:&quot;Slide #5&quot;},{&quot;_id&quot;:&quot;2f5714b&quot;,&quot;slide_title&quot;:&quot;Slide #4&quot;},{&quot;_id&quot;:&quot;d6d5437&quot;,&quot;slide_title&quot;:&quot;Slide #6&quot;},{&quot;_id&quot;:&quot;d224d75&quot;,&quot;slide_title&quot;:&quot;Slide #7&quot;},{&quot;_id&quot;:&quot;3a71a46&quot;,&quot;slide_title&quot;:&quot;Slide #8&quot;},{&quot;_id&quot;:&quot;a1042cd&quot;,&quot;slide_title&quot;:&quot;Slide #9&quot;},{&quot;_id&quot;:&quot;454666b&quot;,&quot;slide_title&quot;:&quot;Slide #10&quot;},{&quot;_id&quot;:&quot;625de0e&quot;,&quot;slide_title&quot;:&quot;Slide #11&quot;},{&quot;slide_title&quot;:&quot;Slide #11.1&quot;,&quot;_id&quot;:&quot;0f79cc6&quot;},{&quot;_id&quot;:&quot;b21f454&quot;,&quot;slide_title&quot;:&quot;Slide #12&quot;},{&quot;_id&quot;:&quot;0b91577&quot;,&quot;slide_title&quot;:&quot;Slide #13&quot;}],&quot;slides_to_show&quot;:&quot;1&quot;,&quot;pagination&quot;:&quot;fraction&quot;,&quot;slides_to_show_laptop&quot;:&quot;1&quot;,&quot;slides_to_show_tablet_extra&quot;:&quot;1&quot;,&quot;slides_to_show_tablet&quot;:&quot;1&quot;,&quot;slides_to_show_mobile_extra&quot;:&quot;1&quot;,&quot;image_spacing_custom&quot;:{&quot;unit&quot;:&quot;px&quot;,&quot;size&quot;:0,&quot;sizes&quot;:[]},&quot;slides_to_show_mobile&quot;:&quot;1&quot;,&quot;infinite&quot;:&quot;yes&quot;,&quot;speed&quot;:500,&quot;offset_sides&quot;:&quot;none&quot;,&quot;arrows&quot;:&quot;yes&quot;,&quot;image_spacing_custom_widescreen&quot;:{&quot;unit&quot;:&quot;px&quot;,&quot;size&quot;:&quot;&quot;,&quot;sizes&quot;:[]},&quot;image_spacing_custom_laptop&quot;:{&quot;unit&quot;:&quot;px&quot;,&quot;size&quot;:&quot;&quot;,&quot;sizes&quot;:[]},&quot;image_spacing_custom_tablet_extra&quot;:{&quot;unit&quot;:&quot;px&quot;,&quot;size&quot;:&quot;&quot;,&quot;sizes&quot;:[]},&quot;image_spacing_custom_tablet&quot;:{&quot;unit&quot;:&quot;px&quot;,&quot;size&quot;:&quot;&quot;,&quot;sizes&quot;:[]},&quot;image_spacing_custom_mobile_extra&quot;:{&quot;unit&quot;:&quot;px&quot;,&quot;size&quot;:&quot;&quot;,&quot;sizes&quot;:[]},&quot;image_spacing_custom_mobile&quot;:{&quot;unit&quot;:&quot;px&quot;,&quot;size&quot;:&quot;&quot;,&quot;sizes&quot;:[]}}\" data-widget_type=\"nested-carousel.default\">\n\t\t\t\t<div class=\"elementor-widget-container\">\n\t\t\t\t\t\t\t<div class=\"e-n-carousel swiper\" role=\"region\" aria-roledescription=\"carousel\" aria-label=\"Funktionen-Slider\" dir=\"ltr\">\n\t\t\t<div class=\"swiper-wrapper\" aria-live=\"polite\">\n\t\t\t\t\t\t\t\t\t\t<div class=\"swiper-slide\" data-slide=\"1\" role=\"group\" aria-roledescription=\"slide\" aria-label=\"1 of 15\">\n\t\t\t\t\t\t\t<div class=\"elementor-element elementor-element-931394c e-flex e-con-boxed e-con e-child\" data-id=\"931394c\" data-element_type=\"container\" data-e-type=\"container\">\n\t\t\t\t\t<div class=\"e-con-inner\">\n\t\t\t\t<div class=\"elementor-element elementor-element-4a6b772 elementor-position-top elementor-widget elementor-widget-image-box\" data-id=\"4a6b772\" data-element_type=\"widget\" data-e-type=\"widget\" data-widget_type=\"image-box.default\">\n\t\t\t\t<div class=\"elementor-widget-container\">\n\t\t\t\t\t<div class=\"elementor-image-box-wrapper\"><figure class=\"elementor-image-box-img\"><a href=\"#\" tabindex=\"-1\"><img loading=\"lazy\" decoding=\"async\" width=\"2560\" height=\"1920\" src=\"https:\/\/vanfittery.de\/wp-content\/uploads\/2025\/01\/BQA_Fahrrad-ausladen.jpg\" class=\"attachment-full size-full wp-image-2059\" alt=\"Eine Frau l\u00e4dt ein Mountainbike in den Kofferraum eines Vans, der mit Campingm\u00f6beln ausgestattet ist, und steht dabei in einer gr\u00fcnen Umgebung am Wasser.\" srcset=\"https:\/\/vanfittery.de\/wp-content\/uploads\/2025\/01\/BQA_Fahrrad-ausladen.jpg 2560w, https:\/\/vanfittery.de\/wp-content\/uploads\/2025\/01\/BQA_Fahrrad-ausladen-600x450.jpg 600w, https:\/\/vanfittery.de\/wp-content\/uploads\/2025\/01\/BQA_Fahrrad-ausladen-800x600.jpg 800w, https:\/\/vanfittery.de\/wp-content\/uploads\/2025\/01\/BQA_Fahrrad-ausladen-300x225.jpg 300w, https:\/\/vanfittery.de\/wp-content\/uploads\/2025\/01\/BQA_Fahrrad-ausladen-1024x768.jpg 1024w, https:\/\/vanfittery.de\/wp-content\/uploads\/2025\/01\/BQA_Fahrrad-ausladen-768x576.jpg 768w, https:\/\/vanfittery.de\/wp-content\/uploads\/2025\/01\/BQA_Fahrrad-ausladen-1536x1152.jpg 1536w, https:\/\/vanfittery.de\/wp-content\/uploads\/2025\/01\/BQA_Fahrrad-ausladen-2048x1536.jpg 2048w\" sizes=\"(max-width: 2560px) 100vw, 2560px\" \/><\/a><\/figure><div class=\"elementor-image-box-content\"><h3 class=\"elementor-image-box-title\"><a href=\"#\">Fahrrad, SUPs, usw. mitnehmen<\/a><\/h3><p class=\"elementor-image-box-description\">Mit dem Bettsystem Querauszug kann ideal beispielsweise ein Fahrrad im Innenraum transportiert werden.<\/p><\/div><\/div>\t\t\t\t<\/div>\n\t\t\t\t<\/div>\n\t\t\t\t\t<\/div>\n\t\t\t\t<\/div>\n\t\t\t\t\t\t\t\t<\/div>\n\t\t\t\t\t\t\t\t\t\t\t<div class=\"swiper-slide\" data-slide=\"2\" role=\"group\" aria-roledescription=\"slide\" aria-label=\"2 of 15\">\n\t\t\t\t\t\t\t<div class=\"elementor-element elementor-element-056420c e-flex e-con-boxed e-con e-child\" data-id=\"056420c\" data-element_type=\"container\" data-e-type=\"container\">\n\t\t\t\t\t<div class=\"e-con-inner\">\n\t\t\t\t<div class=\"elementor-element elementor-element-d3fa8fb elementor-position-top elementor-widget elementor-widget-image-box\" data-id=\"d3fa8fb\" data-element_type=\"widget\" data-e-type=\"widget\" data-widget_type=\"image-box.default\">\n\t\t\t\t<div class=\"elementor-widget-container\">\n\t\t\t\t\t<div class=\"elementor-image-box-wrapper\"><figure class=\"elementor-image-box-img\"><a href=\"#\" tabindex=\"-1\"><img decoding=\"async\" width=\"2560\" height=\"1920\" src=\"https:\/\/vanfittery.de\/wp-content\/uploads\/2025\/01\/BQA_Heckansicht-offen.jpg\" class=\"attachment-full size-full wp-image-2057\" alt=\"Der Innenraum eines umgebauten Vans mit einem gem\u00fctlichen Schlafbereich und K\u00fcchenmodul.\" srcset=\"https:\/\/vanfittery.de\/wp-content\/uploads\/2025\/01\/BQA_Heckansicht-offen.jpg 2560w, https:\/\/vanfittery.de\/wp-content\/uploads\/2025\/01\/BQA_Heckansicht-offen-600x450.jpg 600w, https:\/\/vanfittery.de\/wp-content\/uploads\/2025\/01\/BQA_Heckansicht-offen-800x600.jpg 800w, https:\/\/vanfittery.de\/wp-content\/uploads\/2025\/01\/BQA_Heckansicht-offen-300x225.jpg 300w, https:\/\/vanfittery.de\/wp-content\/uploads\/2025\/01\/BQA_Heckansicht-offen-1024x768.jpg 1024w, https:\/\/vanfittery.de\/wp-content\/uploads\/2025\/01\/BQA_Heckansicht-offen-768x576.jpg 768w, https:\/\/vanfittery.de\/wp-content\/uploads\/2025\/01\/BQA_Heckansicht-offen-1536x1152.jpg 1536w, https:\/\/vanfittery.de\/wp-content\/uploads\/2025\/01\/BQA_Heckansicht-offen-2048x1536.jpg 2048w\" sizes=\"(max-width: 2560px) 100vw, 2560px\" \/><\/a><\/figure><div class=\"elementor-image-box-content\"><h3 class=\"elementor-image-box-title\"><a href=\"#\">Viel Platz im Mitteltunnel<\/a><\/h3><p class=\"elementor-image-box-description\">Im gezeigten Raumkonzept haben wir das Bettsystem mit unseren Modulen \u201eStauraumPlus\u201c und \u201eEuroboxModul\u201c kombiniert. Im T6 hat der Mitteltunnel so eine Breite von ca. 45\u00a0cm.<\/p><\/div><\/div>\t\t\t\t<\/div>\n\t\t\t\t<\/div>\n\t\t\t\t\t<\/div>\n\t\t\t\t<\/div>\n\t\t\t\t\t\t\t\t<\/div>\n\t\t\t\t\t\t\t\t\t\t\t<div class=\"swiper-slide\" data-slide=\"3\" role=\"group\" aria-roledescription=\"slide\" aria-label=\"3 of 15\">\n\t\t\t\t\t\t\t<div class=\"elementor-element elementor-element-6959fc4 e-flex e-con-boxed e-con e-child\" data-id=\"6959fc4\" data-element_type=\"container\" data-e-type=\"container\">\n\t\t\t\t\t<div class=\"e-con-inner\">\n\t\t\t\t<div class=\"elementor-element elementor-element-e3a99cc elementor-position-top elementor-widget elementor-widget-image-box\" data-id=\"e3a99cc\" data-element_type=\"widget\" data-e-type=\"widget\" data-widget_type=\"image-box.default\">\n\t\t\t\t<div class=\"elementor-widget-container\">\n\t\t\t\t\t<div class=\"elementor-image-box-wrapper\"><figure class=\"elementor-image-box-img\"><a href=\"#\" tabindex=\"-1\"><img loading=\"lazy\" decoding=\"async\" width=\"2560\" height=\"1920\" src=\"https:\/\/vanfittery.de\/wp-content\/uploads\/2025\/01\/BQA_Chillen-auf-Couch.jpg\" class=\"attachment-full size-full wp-image-2066\" alt=\"Eine Person sitzt entspannt in einem Campingfahrzeug auf einem komfortablen M\u00f6belst\u00fcck, w\u00e4hrend sie ein Buch liest und eine Tasse Kaffee genie\u00dft.\" srcset=\"https:\/\/vanfittery.de\/wp-content\/uploads\/2025\/01\/BQA_Chillen-auf-Couch.jpg 2560w, https:\/\/vanfittery.de\/wp-content\/uploads\/2025\/01\/BQA_Chillen-auf-Couch-600x450.jpg 600w, https:\/\/vanfittery.de\/wp-content\/uploads\/2025\/01\/BQA_Chillen-auf-Couch-800x600.jpg 800w, https:\/\/vanfittery.de\/wp-content\/uploads\/2025\/01\/BQA_Chillen-auf-Couch-300x225.jpg 300w, https:\/\/vanfittery.de\/wp-content\/uploads\/2025\/01\/BQA_Chillen-auf-Couch-1024x768.jpg 1024w, https:\/\/vanfittery.de\/wp-content\/uploads\/2025\/01\/BQA_Chillen-auf-Couch-768x576.jpg 768w, https:\/\/vanfittery.de\/wp-content\/uploads\/2025\/01\/BQA_Chillen-auf-Couch-1536x1152.jpg 1536w, https:\/\/vanfittery.de\/wp-content\/uploads\/2025\/01\/BQA_Chillen-auf-Couch-2048x1536.jpg 2048w\" sizes=\"(max-width: 2560px) 100vw, 2560px\" \/><\/a><\/figure><div class=\"elementor-image-box-content\"><h3 class=\"elementor-image-box-title\"><a href=\"#\">Gem\u00fctliche Couch<\/a><\/h3><p class=\"elementor-image-box-description\">Tags\u00fcber hat man bequem auf der ma\u00dfgefertigten Couch Platz.\n<\/p><\/div><\/div>\t\t\t\t<\/div>\n\t\t\t\t<\/div>\n\t\t\t\t\t<\/div>\n\t\t\t\t<\/div>\n\t\t\t\t\t\t\t\t<\/div>\n\t\t\t\t\t\t\t\t\t\t\t<div class=\"swiper-slide\" data-slide=\"4\" role=\"group\" aria-roledescription=\"slide\" aria-label=\"4 of 15\">\n\t\t\t\t\t\t\t<div class=\"elementor-element elementor-element-1b950bc e-flex e-con-boxed e-con e-child\" data-id=\"1b950bc\" data-element_type=\"container\" data-e-type=\"container\">\n\t\t\t\t\t<div class=\"e-con-inner\">\n\t\t\t\t<div class=\"elementor-element elementor-element-90f6a30 elementor-position-top elementor-widget elementor-widget-image-box\" data-id=\"90f6a30\" data-element_type=\"widget\" data-e-type=\"widget\" data-widget_type=\"image-box.default\">\n\t\t\t\t<div class=\"elementor-widget-container\">\n\t\t\t\t\t<div class=\"elementor-image-box-wrapper\"><figure class=\"elementor-image-box-img\"><a href=\"#\" tabindex=\"-1\"><img loading=\"lazy\" decoding=\"async\" width=\"2560\" height=\"1920\" src=\"https:\/\/vanfittery.de\/wp-content\/uploads\/2025\/01\/BQA_Bett-wird-ausgezogen.jpg\" class=\"attachment-full size-full wp-image-2064\" alt=\"Eine Person klappt das Schlafsystem aus.\" srcset=\"https:\/\/vanfittery.de\/wp-content\/uploads\/2025\/01\/BQA_Bett-wird-ausgezogen.jpg 2560w, https:\/\/vanfittery.de\/wp-content\/uploads\/2025\/01\/BQA_Bett-wird-ausgezogen-600x450.jpg 600w, https:\/\/vanfittery.de\/wp-content\/uploads\/2025\/01\/BQA_Bett-wird-ausgezogen-800x600.jpg 800w, https:\/\/vanfittery.de\/wp-content\/uploads\/2025\/01\/BQA_Bett-wird-ausgezogen-300x225.jpg 300w, https:\/\/vanfittery.de\/wp-content\/uploads\/2025\/01\/BQA_Bett-wird-ausgezogen-1024x768.jpg 1024w, https:\/\/vanfittery.de\/wp-content\/uploads\/2025\/01\/BQA_Bett-wird-ausgezogen-768x576.jpg 768w, https:\/\/vanfittery.de\/wp-content\/uploads\/2025\/01\/BQA_Bett-wird-ausgezogen-1536x1152.jpg 1536w, https:\/\/vanfittery.de\/wp-content\/uploads\/2025\/01\/BQA_Bett-wird-ausgezogen-2048x1536.jpg 2048w\" sizes=\"(max-width: 2560px) 100vw, 2560px\" \/><\/a><\/figure><div class=\"elementor-image-box-content\"><h3 class=\"elementor-image-box-title\"><a href=\"#\">Einfacher Umbau<\/a><\/h3><p class=\"elementor-image-box-description\">Einfach kurz anheben und die Couch wird mit zwei Handgriffen zum Bett. So wird der Platz im Innenraum optimal genutzt.<\/p><\/div><\/div>\t\t\t\t<\/div>\n\t\t\t\t<\/div>\n\t\t\t\t\t<\/div>\n\t\t\t\t<\/div>\n\t\t\t\t\t\t\t\t<\/div>\n\t\t\t\t\t\t\t\t\t\t\t<div class=\"swiper-slide\" data-slide=\"5\" role=\"group\" aria-roledescription=\"slide\" aria-label=\"5 of 15\">\n\t\t\t\t\t\t\t<div class=\"elementor-element elementor-element-f334748 e-flex e-con-boxed e-con e-child\" data-id=\"f334748\" data-element_type=\"container\" data-e-type=\"container\">\n\t\t\t\t\t<div class=\"e-con-inner\">\n\t\t\t\t<div class=\"elementor-element elementor-element-62dab4f elementor-position-top elementor-widget elementor-widget-image-box\" data-id=\"62dab4f\" data-element_type=\"widget\" data-e-type=\"widget\" data-widget_type=\"image-box.default\">\n\t\t\t\t<div class=\"elementor-widget-container\">\n\t\t\t\t\t<div class=\"elementor-image-box-wrapper\"><figure class=\"elementor-image-box-img\"><a href=\"#\" tabindex=\"-1\"><img loading=\"lazy\" decoding=\"async\" width=\"2560\" height=\"1920\" src=\"https:\/\/vanfittery.de\/wp-content\/uploads\/2025\/01\/BQA_Bett-ausgeklappt.jpg\" class=\"attachment-full size-full wp-image-2063\" alt=\"Der Innenraum mit dem ausgeklappten Schlafsystem.\" srcset=\"https:\/\/vanfittery.de\/wp-content\/uploads\/2025\/01\/BQA_Bett-ausgeklappt.jpg 2560w, https:\/\/vanfittery.de\/wp-content\/uploads\/2025\/01\/BQA_Bett-ausgeklappt-600x450.jpg 600w, https:\/\/vanfittery.de\/wp-content\/uploads\/2025\/01\/BQA_Bett-ausgeklappt-800x600.jpg 800w, https:\/\/vanfittery.de\/wp-content\/uploads\/2025\/01\/BQA_Bett-ausgeklappt-300x225.jpg 300w, https:\/\/vanfittery.de\/wp-content\/uploads\/2025\/01\/BQA_Bett-ausgeklappt-1024x768.jpg 1024w, https:\/\/vanfittery.de\/wp-content\/uploads\/2025\/01\/BQA_Bett-ausgeklappt-768x576.jpg 768w, https:\/\/vanfittery.de\/wp-content\/uploads\/2025\/01\/BQA_Bett-ausgeklappt-1536x1152.jpg 1536w, https:\/\/vanfittery.de\/wp-content\/uploads\/2025\/01\/BQA_Bett-ausgeklappt-2048x1536.jpg 2048w\" sizes=\"(max-width: 2560px) 100vw, 2560px\" \/><\/a><\/figure><div class=\"elementor-image-box-content\"><h3 class=\"elementor-image-box-title\"><a href=\"#\">Gro\u00dfe Liegefl\u00e4che<\/a><\/h3><p class=\"elementor-image-box-description\">Die Liegefl\u00e4che der 12 cm dicken Komfortmatratze betr\u00e4gt \u2013 je nach gew\u00e4hlter Gr\u00f6\u00dfe des Bettsystems \u2013 ca. 194 \/ 184\u00a0cm x 120\u00a0cm. <\/p><\/div><\/div>\t\t\t\t<\/div>\n\t\t\t\t<\/div>\n\t\t\t\t\t<\/div>\n\t\t\t\t<\/div>\n\t\t\t\t\t\t\t\t<\/div>\n\t\t\t\t\t\t\t\t\t\t\t<div class=\"swiper-slide\" data-slide=\"6\" role=\"group\" aria-roledescription=\"slide\" aria-label=\"6 of 15\">\n\t\t\t\t\t\t\t<div class=\"elementor-element elementor-element-ab3de73 e-flex e-con-boxed e-con e-child\" data-id=\"ab3de73\" data-element_type=\"container\" data-e-type=\"container\">\n\t\t\t\t\t<div class=\"e-con-inner\">\n\t\t\t\t<div class=\"elementor-element elementor-element-23aa6bd elementor-position-top elementor-widget elementor-widget-image-box\" data-id=\"23aa6bd\" data-element_type=\"widget\" data-e-type=\"widget\" data-widget_type=\"image-box.default\">\n\t\t\t\t<div class=\"elementor-widget-container\">\n\t\t\t\t\t<div class=\"elementor-image-box-wrapper\"><figure class=\"elementor-image-box-img\"><a href=\"#\" tabindex=\"-1\"><img loading=\"lazy\" decoding=\"async\" width=\"2560\" height=\"1920\" src=\"https:\/\/vanfittery.de\/wp-content\/uploads\/2025\/01\/BQA_Chillen-auf-Couch-von-hinten.jpg\" class=\"attachment-full size-full wp-image-2065\" alt=\"Eine Person sitzt entspannt in einem Camper und nutzt ein Notizbuch, w\u00e4hrend sie auf einem komfortablen Schlafsystem sitzt.\" srcset=\"https:\/\/vanfittery.de\/wp-content\/uploads\/2025\/01\/BQA_Chillen-auf-Couch-von-hinten.jpg 2560w, https:\/\/vanfittery.de\/wp-content\/uploads\/2025\/01\/BQA_Chillen-auf-Couch-von-hinten-600x450.jpg 600w, https:\/\/vanfittery.de\/wp-content\/uploads\/2025\/01\/BQA_Chillen-auf-Couch-von-hinten-800x600.jpg 800w, https:\/\/vanfittery.de\/wp-content\/uploads\/2025\/01\/BQA_Chillen-auf-Couch-von-hinten-300x225.jpg 300w, https:\/\/vanfittery.de\/wp-content\/uploads\/2025\/01\/BQA_Chillen-auf-Couch-von-hinten-1024x768.jpg 1024w, https:\/\/vanfittery.de\/wp-content\/uploads\/2025\/01\/BQA_Chillen-auf-Couch-von-hinten-768x576.jpg 768w, https:\/\/vanfittery.de\/wp-content\/uploads\/2025\/01\/BQA_Chillen-auf-Couch-von-hinten-1536x1152.jpg 1536w, https:\/\/vanfittery.de\/wp-content\/uploads\/2025\/01\/BQA_Chillen-auf-Couch-von-hinten-2048x1536.jpg 2048w\" sizes=\"(max-width: 2560px) 100vw, 2560px\" \/><\/a><\/figure><div class=\"elementor-image-box-content\"><h3 class=\"elementor-image-box-title\"><a href=\"#\">Modulare Matratze<\/a><\/h3><p class=\"elementor-image-box-description\">Die Matratze ist modular, der vordere und hintere Teil des Bettes k\u00f6nnen separat voneinander ausgezogen werden.<\/p><\/div><\/div>\t\t\t\t<\/div>\n\t\t\t\t<\/div>\n\t\t\t\t\t<\/div>\n\t\t\t\t<\/div>\n\t\t\t\t\t\t\t\t<\/div>\n\t\t\t\t\t\t\t\t\t\t\t<div class=\"swiper-slide\" data-slide=\"7\" role=\"group\" aria-roledescription=\"slide\" aria-label=\"7 of 15\">\n\t\t\t\t\t\t\t<div class=\"elementor-element elementor-element-a8c3782 e-flex e-con-boxed e-con e-child\" data-id=\"a8c3782\" data-element_type=\"container\" data-e-type=\"container\">\n\t\t\t\t\t<div class=\"e-con-inner\">\n\t\t\t\t<div class=\"elementor-element elementor-element-c52134b elementor-position-top elementor-widget elementor-widget-image-box\" data-id=\"c52134b\" data-element_type=\"widget\" data-e-type=\"widget\" data-widget_type=\"image-box.default\">\n\t\t\t\t<div class=\"elementor-widget-container\">\n\t\t\t\t\t<div class=\"elementor-image-box-wrapper\"><figure class=\"elementor-image-box-img\"><a href=\"#\" tabindex=\"-1\"><img loading=\"lazy\" decoding=\"async\" width=\"2560\" height=\"1920\" src=\"https:\/\/vanfittery.de\/wp-content\/uploads\/2025\/01\/BQA_Heckauszug-von-innen-von-hinten-2.jpg\" class=\"attachment-full size-full wp-image-2071\" alt=\"Eine Person \u00f6ffnet einen modularen Camping-Schrank, um darin ein Schlafsystem oder Zubeh\u00f6r zu verstauen.\" srcset=\"https:\/\/vanfittery.de\/wp-content\/uploads\/2025\/01\/BQA_Heckauszug-von-innen-von-hinten-2.jpg 2560w, https:\/\/vanfittery.de\/wp-content\/uploads\/2025\/01\/BQA_Heckauszug-von-innen-von-hinten-2-600x450.jpg 600w, https:\/\/vanfittery.de\/wp-content\/uploads\/2025\/01\/BQA_Heckauszug-von-innen-von-hinten-2-800x600.jpg 800w, https:\/\/vanfittery.de\/wp-content\/uploads\/2025\/01\/BQA_Heckauszug-von-innen-von-hinten-2-300x225.jpg 300w, https:\/\/vanfittery.de\/wp-content\/uploads\/2025\/01\/BQA_Heckauszug-von-innen-von-hinten-2-1024x768.jpg 1024w, https:\/\/vanfittery.de\/wp-content\/uploads\/2025\/01\/BQA_Heckauszug-von-innen-von-hinten-2-768x576.jpg 768w, https:\/\/vanfittery.de\/wp-content\/uploads\/2025\/01\/BQA_Heckauszug-von-innen-von-hinten-2-1536x1152.jpg 1536w, https:\/\/vanfittery.de\/wp-content\/uploads\/2025\/01\/BQA_Heckauszug-von-innen-von-hinten-2-2048x1536.jpg 2048w\" sizes=\"(max-width: 2560px) 100vw, 2560px\" \/><\/a><\/figure><div class=\"elementor-image-box-content\"><h3 class=\"elementor-image-box-title\"><a href=\"#\">Aufklappbarer Lattenrost<\/a><\/h3><p class=\"elementor-image-box-description\">Durch den aufklappbaren Lattenrost kommst du auch vom Innenraum heraus einfach an den Inhalt der Schublade heran.\n<\/p><\/div><\/div>\t\t\t\t<\/div>\n\t\t\t\t<\/div>\n\t\t\t\t\t<\/div>\n\t\t\t\t<\/div>\n\t\t\t\t\t\t\t\t<\/div>\n\t\t\t\t\t\t\t\t\t\t\t<div class=\"swiper-slide\" data-slide=\"8\" role=\"group\" aria-roledescription=\"slide\" aria-label=\"8 of 15\">\n\t\t\t\t\t\t\t<div class=\"elementor-element elementor-element-ddea234 e-flex e-con-boxed e-con e-child\" data-id=\"ddea234\" data-element_type=\"container\" data-e-type=\"container\">\n\t\t\t\t\t<div class=\"e-con-inner\">\n\t\t\t\t<div class=\"elementor-element elementor-element-6bb0f39 elementor-position-top elementor-widget elementor-widget-image-box\" data-id=\"6bb0f39\" data-element_type=\"widget\" data-e-type=\"widget\" data-widget_type=\"image-box.default\">\n\t\t\t\t<div class=\"elementor-widget-container\">\n\t\t\t\t\t<div class=\"elementor-image-box-wrapper\"><figure class=\"elementor-image-box-img\"><a href=\"#\" tabindex=\"-1\"><img loading=\"lazy\" decoding=\"async\" width=\"2560\" height=\"1920\" src=\"https:\/\/vanfittery.de\/wp-content\/uploads\/2025\/01\/BQA_Schublade-vorn-mit-Box.jpg\" class=\"attachment-full size-full wp-image-2052\" alt=\"Ein ge\u00f6ffnetes Schrankmodul mit einem Holzdeckel, das in einem Campingfahrzeug installiert ist und zus\u00e4tzlichen Stauraum f\u00fcr Campingzubeh\u00f6r bietet.\" srcset=\"https:\/\/vanfittery.de\/wp-content\/uploads\/2025\/01\/BQA_Schublade-vorn-mit-Box.jpg 2560w, https:\/\/vanfittery.de\/wp-content\/uploads\/2025\/01\/BQA_Schublade-vorn-mit-Box-600x450.jpg 600w, https:\/\/vanfittery.de\/wp-content\/uploads\/2025\/01\/BQA_Schublade-vorn-mit-Box-800x600.jpg 800w, https:\/\/vanfittery.de\/wp-content\/uploads\/2025\/01\/BQA_Schublade-vorn-mit-Box-300x225.jpg 300w, https:\/\/vanfittery.de\/wp-content\/uploads\/2025\/01\/BQA_Schublade-vorn-mit-Box-1024x768.jpg 1024w, https:\/\/vanfittery.de\/wp-content\/uploads\/2025\/01\/BQA_Schublade-vorn-mit-Box-768x576.jpg 768w, https:\/\/vanfittery.de\/wp-content\/uploads\/2025\/01\/BQA_Schublade-vorn-mit-Box-1536x1152.jpg 1536w, https:\/\/vanfittery.de\/wp-content\/uploads\/2025\/01\/BQA_Schublade-vorn-mit-Box-2048x1536.jpg 2048w\" sizes=\"(max-width: 2560px) 100vw, 2560px\" \/><\/a><\/figure><div class=\"elementor-image-box-content\"><h3 class=\"elementor-image-box-title\"><a href=\"#\">Innenraum-Schublade<\/a><\/h3><p class=\"elementor-image-box-description\">Die vordere Schublade \u00f6ffnet zum Innenraum hin und kann auch bei verschlossener T\u00fcr ge\u00f6ffnet werden. Die Schublade ist bis zu 50 kg belastbar.\n<\/p><\/div><\/div>\t\t\t\t<\/div>\n\t\t\t\t<\/div>\n\t\t\t\t\t<\/div>\n\t\t\t\t<\/div>\n\t\t\t\t\t\t\t\t<\/div>\n\t\t\t\t\t\t\t\t\t\t\t<div class=\"swiper-slide\" data-slide=\"9\" role=\"group\" aria-roledescription=\"slide\" aria-label=\"9 of 15\">\n\t\t\t\t\t\t\t<div class=\"elementor-element elementor-element-7bb1df3 e-flex e-con-boxed e-con e-child\" data-id=\"7bb1df3\" data-element_type=\"container\" data-e-type=\"container\">\n\t\t\t\t\t<div class=\"e-con-inner\">\n\t\t\t\t<div class=\"elementor-element elementor-element-81b7285 elementor-position-top elementor-widget elementor-widget-image-box\" data-id=\"81b7285\" data-element_type=\"widget\" data-e-type=\"widget\" data-widget_type=\"image-box.default\">\n\t\t\t\t<div class=\"elementor-widget-container\">\n\t\t\t\t\t<div class=\"elementor-image-box-wrapper\"><figure class=\"elementor-image-box-img\"><a href=\"#\" tabindex=\"-1\"><img loading=\"lazy\" decoding=\"async\" width=\"2560\" height=\"1920\" src=\"https:\/\/vanfittery.de\/wp-content\/uploads\/2025\/01\/BQA_Schublade-von-entnehmen-Box-mit-Model.jpg\" class=\"attachment-full size-full wp-image-2051\" alt=\"Eine Person arrangiert Campingm\u00f6bel und Zubeh\u00f6r.\" srcset=\"https:\/\/vanfittery.de\/wp-content\/uploads\/2025\/01\/BQA_Schublade-von-entnehmen-Box-mit-Model.jpg 2560w, https:\/\/vanfittery.de\/wp-content\/uploads\/2025\/01\/BQA_Schublade-von-entnehmen-Box-mit-Model-600x450.jpg 600w, https:\/\/vanfittery.de\/wp-content\/uploads\/2025\/01\/BQA_Schublade-von-entnehmen-Box-mit-Model-800x600.jpg 800w, https:\/\/vanfittery.de\/wp-content\/uploads\/2025\/01\/BQA_Schublade-von-entnehmen-Box-mit-Model-300x225.jpg 300w, https:\/\/vanfittery.de\/wp-content\/uploads\/2025\/01\/BQA_Schublade-von-entnehmen-Box-mit-Model-1024x768.jpg 1024w, https:\/\/vanfittery.de\/wp-content\/uploads\/2025\/01\/BQA_Schublade-von-entnehmen-Box-mit-Model-768x576.jpg 768w, https:\/\/vanfittery.de\/wp-content\/uploads\/2025\/01\/BQA_Schublade-von-entnehmen-Box-mit-Model-1536x1152.jpg 1536w, https:\/\/vanfittery.de\/wp-content\/uploads\/2025\/01\/BQA_Schublade-von-entnehmen-Box-mit-Model-2048x1536.jpg 2048w\" sizes=\"(max-width: 2560px) 100vw, 2560px\" \/><\/a><\/figure><div class=\"elementor-image-box-content\"><h3 class=\"elementor-image-box-title\"><a href=\"#\">Platz f\u00fcr eine Trockentrenntoilette<\/a><\/h3><p class=\"elementor-image-box-description\">Alternativ kann in der Schublade z.\u00a0B. auch eine Trockentrenntoilette sicher verstaut werden.<\/p><\/div><\/div>\t\t\t\t<\/div>\n\t\t\t\t<\/div>\n\t\t\t\t\t<\/div>\n\t\t\t\t<\/div>\n\t\t\t\t\t\t\t\t<\/div>\n\t\t\t\t\t\t\t\t\t\t\t<div class=\"swiper-slide\" data-slide=\"10\" role=\"group\" aria-roledescription=\"slide\" aria-label=\"10 of 15\">\n\t\t\t\t\t\t\t<div class=\"elementor-element elementor-element-bf05043 e-flex e-con-boxed e-con e-child\" data-id=\"bf05043\" data-element_type=\"container\" data-e-type=\"container\">\n\t\t\t\t\t<div class=\"e-con-inner\">\n\t\t\t\t<div class=\"elementor-element elementor-element-4e742e6 elementor-position-top elementor-widget elementor-widget-image-box\" data-id=\"4e742e6\" data-element_type=\"widget\" data-e-type=\"widget\" data-widget_type=\"image-box.default\">\n\t\t\t\t<div class=\"elementor-widget-container\">\n\t\t\t\t\t<div class=\"elementor-image-box-wrapper\"><figure class=\"elementor-image-box-img\"><a href=\"#\" tabindex=\"-1\"><img loading=\"lazy\" decoding=\"async\" width=\"2560\" height=\"1920\" src=\"https:\/\/vanfittery.de\/wp-content\/uploads\/2025\/01\/BQA_in-Aktion.jpg\" class=\"attachment-full size-full wp-image-2056\" alt=\"Eine Person sitzt in einem Campingfahrzeug und zeigt eine Trockentrenntoilette.\" srcset=\"https:\/\/vanfittery.de\/wp-content\/uploads\/2025\/01\/BQA_in-Aktion.jpg 2560w, https:\/\/vanfittery.de\/wp-content\/uploads\/2025\/01\/BQA_in-Aktion-600x450.jpg 600w, https:\/\/vanfittery.de\/wp-content\/uploads\/2025\/01\/BQA_in-Aktion-800x600.jpg 800w, https:\/\/vanfittery.de\/wp-content\/uploads\/2025\/01\/BQA_in-Aktion-300x225.jpg 300w, https:\/\/vanfittery.de\/wp-content\/uploads\/2025\/01\/BQA_in-Aktion-1024x768.jpg 1024w, https:\/\/vanfittery.de\/wp-content\/uploads\/2025\/01\/BQA_in-Aktion-768x576.jpg 768w, https:\/\/vanfittery.de\/wp-content\/uploads\/2025\/01\/BQA_in-Aktion-1536x1152.jpg 1536w, https:\/\/vanfittery.de\/wp-content\/uploads\/2025\/01\/BQA_in-Aktion-2048x1536.jpg 2048w\" sizes=\"(max-width: 2560px) 100vw, 2560px\" \/><\/a><\/figure><div class=\"elementor-image-box-content\"><h3 class=\"elementor-image-box-title\"><a href=\"#\">Platz im Innenraum<\/a><\/h3><p class=\"elementor-image-box-description\">Das Raumkonzept l\u00e4sst genug Platz, um in einem Transporter mit kurzem Radstand auch bei ausgezogenem Bett noch bspw. eine Toilette nutzen zu k\u00f6nnen.\n<\/p><\/div><\/div>\t\t\t\t<\/div>\n\t\t\t\t<\/div>\n\t\t\t\t\t<\/div>\n\t\t\t\t<\/div>\n\t\t\t\t\t\t\t\t<\/div>\n\t\t\t\t\t\t\t\t\t\t\t<div class=\"swiper-slide\" data-slide=\"11\" role=\"group\" aria-roledescription=\"slide\" aria-label=\"11 of 15\">\n\t\t\t\t\t\t\t<div class=\"elementor-element elementor-element-57d3eb5 e-flex e-con-boxed e-con e-child\" data-id=\"57d3eb5\" data-element_type=\"container\" data-e-type=\"container\">\n\t\t\t\t\t<div class=\"e-con-inner\">\n\t\t\t\t<div class=\"elementor-element elementor-element-1ac6c8a elementor-position-top elementor-widget elementor-widget-image-box\" data-id=\"1ac6c8a\" data-element_type=\"widget\" data-e-type=\"widget\" data-widget_type=\"image-box.default\">\n\t\t\t\t<div class=\"elementor-widget-container\">\n\t\t\t\t\t<div class=\"elementor-image-box-wrapper\"><figure class=\"elementor-image-box-img\"><a href=\"#\" tabindex=\"-1\"><img loading=\"lazy\" decoding=\"async\" width=\"2560\" height=\"1920\" src=\"https:\/\/vanfittery.de\/wp-content\/uploads\/2025\/01\/BQA_Schmugglerfach-hinten.jpg\" class=\"attachment-full size-full wp-image-2049\" alt=\"Eine Person verstaut einen Rucksack im &quot;Schmugglerfach&quot; hinter dem Bettsystem.\" srcset=\"https:\/\/vanfittery.de\/wp-content\/uploads\/2025\/01\/BQA_Schmugglerfach-hinten.jpg 2560w, https:\/\/vanfittery.de\/wp-content\/uploads\/2025\/01\/BQA_Schmugglerfach-hinten-600x450.jpg 600w, https:\/\/vanfittery.de\/wp-content\/uploads\/2025\/01\/BQA_Schmugglerfach-hinten-800x600.jpg 800w, https:\/\/vanfittery.de\/wp-content\/uploads\/2025\/01\/BQA_Schmugglerfach-hinten-300x225.jpg 300w, https:\/\/vanfittery.de\/wp-content\/uploads\/2025\/01\/BQA_Schmugglerfach-hinten-1024x768.jpg 1024w, https:\/\/vanfittery.de\/wp-content\/uploads\/2025\/01\/BQA_Schmugglerfach-hinten-768x576.jpg 768w, https:\/\/vanfittery.de\/wp-content\/uploads\/2025\/01\/BQA_Schmugglerfach-hinten-1536x1152.jpg 1536w, https:\/\/vanfittery.de\/wp-content\/uploads\/2025\/01\/BQA_Schmugglerfach-hinten-2048x1536.jpg 2048w\" sizes=\"(max-width: 2560px) 100vw, 2560px\" \/><\/a><\/figure><div class=\"elementor-image-box-content\"><h3 class=\"elementor-image-box-title\"><a href=\"#\">Die \u201eSchmuggelf\u00e4cher\u201c<\/a><\/h3><p class=\"elementor-image-box-description\">Die aufklappbaren Blenden zur Seitenwand machen auch noch die letzten Kubikzentimeter Stauraum nutzbar: die Schmuggelf\u00e4cher.\n<\/p><\/div><\/div>\t\t\t\t<\/div>\n\t\t\t\t<\/div>\n\t\t\t\t\t<\/div>\n\t\t\t\t<\/div>\n\t\t\t\t\t\t\t\t<\/div>\n\t\t\t\t\t\t\t\t\t\t\t<div class=\"swiper-slide\" data-slide=\"12\" role=\"group\" aria-roledescription=\"slide\" aria-label=\"12 of 15\">\n\t\t\t\t\t\t\t<div class=\"elementor-element elementor-element-71d9a48 e-flex e-con-boxed e-con e-child\" data-id=\"71d9a48\" data-element_type=\"container\" data-e-type=\"container\">\n\t\t\t\t\t<div class=\"e-con-inner\">\n\t\t\t\t<div class=\"elementor-element elementor-element-f2632e9 elementor-position-top elementor-widget elementor-widget-image-box\" data-id=\"f2632e9\" data-element_type=\"widget\" data-e-type=\"widget\" data-widget_type=\"image-box.default\">\n\t\t\t\t<div class=\"elementor-widget-container\">\n\t\t\t\t\t<div class=\"elementor-image-box-wrapper\"><figure class=\"elementor-image-box-img\"><a href=\"#\" tabindex=\"-1\"><img loading=\"lazy\" decoding=\"async\" width=\"2560\" height=\"1920\" src=\"https:\/\/vanfittery.de\/wp-content\/uploads\/2025\/01\/BQA_Schuhe-in-Gummibaendern.jpg\" class=\"attachment-full size-full wp-image-2054\" alt=\"Ein Paar rosa Sneakers steht in einem Aufbewahrungsgitter des Bettsystems.\" srcset=\"https:\/\/vanfittery.de\/wp-content\/uploads\/2025\/01\/BQA_Schuhe-in-Gummibaendern.jpg 2560w, https:\/\/vanfittery.de\/wp-content\/uploads\/2025\/01\/BQA_Schuhe-in-Gummibaendern-600x450.jpg 600w, https:\/\/vanfittery.de\/wp-content\/uploads\/2025\/01\/BQA_Schuhe-in-Gummibaendern-800x600.jpg 800w, https:\/\/vanfittery.de\/wp-content\/uploads\/2025\/01\/BQA_Schuhe-in-Gummibaendern-300x225.jpg 300w, https:\/\/vanfittery.de\/wp-content\/uploads\/2025\/01\/BQA_Schuhe-in-Gummibaendern-1024x768.jpg 1024w, https:\/\/vanfittery.de\/wp-content\/uploads\/2025\/01\/BQA_Schuhe-in-Gummibaendern-768x576.jpg 768w, https:\/\/vanfittery.de\/wp-content\/uploads\/2025\/01\/BQA_Schuhe-in-Gummibaendern-1536x1152.jpg 1536w, https:\/\/vanfittery.de\/wp-content\/uploads\/2025\/01\/BQA_Schuhe-in-Gummibaendern-2048x1536.jpg 2048w\" sizes=\"(max-width: 2560px) 100vw, 2560px\" \/><\/a><\/figure><div class=\"elementor-image-box-content\"><h3 class=\"elementor-image-box-title\"><a href=\"#\">Maximaler Stauraum<\/a><\/h3><p class=\"elementor-image-box-description\">Jeder verf\u00fcgbare Raum ist clever nutzbar gestaltet.<\/p><\/div><\/div>\t\t\t\t<\/div>\n\t\t\t\t<\/div>\n\t\t\t\t\t<\/div>\n\t\t\t\t<\/div>\n\t\t\t\t\t\t\t\t<\/div>\n\t\t\t\t\t\t\t\t\t\t\t<div class=\"swiper-slide\" data-slide=\"13\" role=\"group\" aria-roledescription=\"slide\" aria-label=\"13 of 15\">\n\t\t\t\t\t\t\t<div class=\"elementor-element elementor-element-f0122c9 e-flex e-con-boxed e-con e-child\" data-id=\"f0122c9\" data-element_type=\"container\" data-e-type=\"container\">\n\t\t\t\t\t<div class=\"e-con-inner\">\n\t\t\t\t<div class=\"elementor-element elementor-element-55719c2 elementor-position-top elementor-widget elementor-widget-image-box\" data-id=\"55719c2\" data-element_type=\"widget\" data-e-type=\"widget\" data-widget_type=\"image-box.default\">\n\t\t\t\t<div class=\"elementor-widget-container\">\n\t\t\t\t\t<div class=\"elementor-image-box-wrapper\"><figure class=\"elementor-image-box-img\"><a href=\"#\" tabindex=\"-1\"><img loading=\"lazy\" decoding=\"async\" width=\"2560\" height=\"1920\" src=\"https:\/\/vanfittery.de\/wp-content\/uploads\/2025\/01\/BQA_Heckauszug-solo-mit-Kocherhalterung-in-Schub.jpg\" class=\"attachment-full size-full wp-image-2069\" alt=\"Ein Camping-Modul mit einem herausziehbaren Kocher und einer Holzoberfl\u00e4che, das in einem Fahrzeug montiert ist.\" srcset=\"https:\/\/vanfittery.de\/wp-content\/uploads\/2025\/01\/BQA_Heckauszug-solo-mit-Kocherhalterung-in-Schub.jpg 2560w, https:\/\/vanfittery.de\/wp-content\/uploads\/2025\/01\/BQA_Heckauszug-solo-mit-Kocherhalterung-in-Schub-600x450.jpg 600w, https:\/\/vanfittery.de\/wp-content\/uploads\/2025\/01\/BQA_Heckauszug-solo-mit-Kocherhalterung-in-Schub-800x600.jpg 800w, https:\/\/vanfittery.de\/wp-content\/uploads\/2025\/01\/BQA_Heckauszug-solo-mit-Kocherhalterung-in-Schub-300x225.jpg 300w, https:\/\/vanfittery.de\/wp-content\/uploads\/2025\/01\/BQA_Heckauszug-solo-mit-Kocherhalterung-in-Schub-1024x768.jpg 1024w, https:\/\/vanfittery.de\/wp-content\/uploads\/2025\/01\/BQA_Heckauszug-solo-mit-Kocherhalterung-in-Schub-768x576.jpg 768w, https:\/\/vanfittery.de\/wp-content\/uploads\/2025\/01\/BQA_Heckauszug-solo-mit-Kocherhalterung-in-Schub-1536x1152.jpg 1536w, https:\/\/vanfittery.de\/wp-content\/uploads\/2025\/01\/BQA_Heckauszug-solo-mit-Kocherhalterung-in-Schub-2048x1536.jpg 2048w\" sizes=\"(max-width: 2560px) 100vw, 2560px\" \/><\/a><\/figure><div class=\"elementor-image-box-content\"><h3 class=\"elementor-image-box-title\"><a href=\"#\">Der Heckauszug<\/a><\/h3><p class=\"elementor-image-box-description\">Der Heckauszug ist so ausgelegt, dass 2 Euroboxen mit 60 \u00d7 40 cm Platz finden. Alternativ k\u00f6nnen auch wie hier mehrere kleine Euroboxen verstaut werden.\n<\/p><\/div><\/div>\t\t\t\t<\/div>\n\t\t\t\t<\/div>\n\t\t\t\t\t<\/div>\n\t\t\t\t<\/div>\n\t\t\t\t\t\t\t\t<\/div>\n\t\t\t\t\t\t\t\t\t\t\t<div class=\"swiper-slide\" data-slide=\"14\" role=\"group\" aria-roledescription=\"slide\" aria-label=\"14 of 15\">\n\t\t\t\t\t\t\t<div class=\"elementor-element elementor-element-92e3d4a e-flex e-con-boxed e-con e-child\" data-id=\"92e3d4a\" data-element_type=\"container\" data-e-type=\"container\">\n\t\t\t\t\t<div class=\"e-con-inner\">\n\t\t\t\t<div class=\"elementor-element elementor-element-f9a486f elementor-position-top elementor-widget elementor-widget-image-box\" data-id=\"f9a486f\" data-element_type=\"widget\" data-e-type=\"widget\" data-widget_type=\"image-box.default\">\n\t\t\t\t<div class=\"elementor-widget-container\">\n\t\t\t\t\t<div class=\"elementor-image-box-wrapper\"><figure class=\"elementor-image-box-img\"><a href=\"#\" tabindex=\"-1\"><img loading=\"lazy\" decoding=\"async\" width=\"2560\" height=\"1920\" src=\"https:\/\/vanfittery.de\/wp-content\/uploads\/2025\/01\/BQA_Heckauszug-solo-mit-Kuehlbox-geschlossen.jpg\" class=\"attachment-full size-full wp-image-2070\" alt=\"Ein ausgezogener Schubladenschrank mit einer Holzoberfl\u00e4che, der in einem Fahrzeug montiert ist und als Teil eines Camping-M\u00f6belsystems dient.\" srcset=\"https:\/\/vanfittery.de\/wp-content\/uploads\/2025\/01\/BQA_Heckauszug-solo-mit-Kuehlbox-geschlossen.jpg 2560w, https:\/\/vanfittery.de\/wp-content\/uploads\/2025\/01\/BQA_Heckauszug-solo-mit-Kuehlbox-geschlossen-600x450.jpg 600w, https:\/\/vanfittery.de\/wp-content\/uploads\/2025\/01\/BQA_Heckauszug-solo-mit-Kuehlbox-geschlossen-800x600.jpg 800w, https:\/\/vanfittery.de\/wp-content\/uploads\/2025\/01\/BQA_Heckauszug-solo-mit-Kuehlbox-geschlossen-300x225.jpg 300w, https:\/\/vanfittery.de\/wp-content\/uploads\/2025\/01\/BQA_Heckauszug-solo-mit-Kuehlbox-geschlossen-1024x768.jpg 1024w, https:\/\/vanfittery.de\/wp-content\/uploads\/2025\/01\/BQA_Heckauszug-solo-mit-Kuehlbox-geschlossen-768x576.jpg 768w, https:\/\/vanfittery.de\/wp-content\/uploads\/2025\/01\/BQA_Heckauszug-solo-mit-Kuehlbox-geschlossen-1536x1152.jpg 1536w, https:\/\/vanfittery.de\/wp-content\/uploads\/2025\/01\/BQA_Heckauszug-solo-mit-Kuehlbox-geschlossen-2048x1536.jpg 2048w\" sizes=\"(max-width: 2560px) 100vw, 2560px\" \/><\/a><\/figure><div class=\"elementor-image-box-content\"><h3 class=\"elementor-image-box-title\"><a href=\"#\">Einh\u00e4ngetisch<\/a><\/h3><p class=\"elementor-image-box-description\">Der Einh\u00e4ngetisch ist genau an den Heckauszug angepasst. In eingeh\u00e4ngter Position sitzt er stabil \u00fcber einem Fach des Heckauszuges und kann zum Arbeiten einfach an beliebiger Stelle des Heckauszuges eingeh\u00e4ngt werden.<\/p><\/div><\/div>\t\t\t\t<\/div>\n\t\t\t\t<\/div>\n\t\t\t\t\t<\/div>\n\t\t\t\t<\/div>\n\t\t\t\t\t\t\t\t<\/div>\n\t\t\t\t\t\t\t\t\t\t\t<div class=\"swiper-slide\" data-slide=\"15\" role=\"group\" aria-roledescription=\"slide\" aria-label=\"15 of 15\">\n\t\t\t\t\t\t\t<div class=\"elementor-element elementor-element-f79de4b e-flex e-con-boxed e-con e-child\" data-id=\"f79de4b\" data-element_type=\"container\" data-e-type=\"container\">\n\t\t\t\t\t<div class=\"e-con-inner\">\n\t\t\t\t<div class=\"elementor-element elementor-element-af53aa0 elementor-position-top elementor-widget elementor-widget-image-box\" data-id=\"af53aa0\" data-element_type=\"widget\" data-e-type=\"widget\" data-widget_type=\"image-box.default\">\n\t\t\t\t<div class=\"elementor-widget-container\">\n\t\t\t\t\t<div class=\"elementor-image-box-wrapper\"><figure class=\"elementor-image-box-img\"><a href=\"#\" tabindex=\"-1\"><img loading=\"lazy\" decoding=\"async\" width=\"2560\" height=\"1920\" src=\"https:\/\/vanfittery.de\/wp-content\/uploads\/2025\/01\/BQA_Heckauszug-mit-model.jpg\" class=\"attachment-full size-full wp-image-2068\" alt=\"Eine Person bereitet in der offenen Heckklappe eines Campers eine Mahlzeit vor, w\u00e4hrend sie an einem ausziehbaren K\u00fcchenmodul arbeitet.\" srcset=\"https:\/\/vanfittery.de\/wp-content\/uploads\/2025\/01\/BQA_Heckauszug-mit-model.jpg 2560w, https:\/\/vanfittery.de\/wp-content\/uploads\/2025\/01\/BQA_Heckauszug-mit-model-600x450.jpg 600w, https:\/\/vanfittery.de\/wp-content\/uploads\/2025\/01\/BQA_Heckauszug-mit-model-800x600.jpg 800w, https:\/\/vanfittery.de\/wp-content\/uploads\/2025\/01\/BQA_Heckauszug-mit-model-300x225.jpg 300w, https:\/\/vanfittery.de\/wp-content\/uploads\/2025\/01\/BQA_Heckauszug-mit-model-1024x768.jpg 1024w, https:\/\/vanfittery.de\/wp-content\/uploads\/2025\/01\/BQA_Heckauszug-mit-model-768x576.jpg 768w, https:\/\/vanfittery.de\/wp-content\/uploads\/2025\/01\/BQA_Heckauszug-mit-model-1536x1152.jpg 1536w, https:\/\/vanfittery.de\/wp-content\/uploads\/2025\/01\/BQA_Heckauszug-mit-model-2048x1536.jpg 2048w\" sizes=\"(max-width: 2560px) 100vw, 2560px\" \/><\/a><\/figure><div class=\"elementor-image-box-content\"><h3 class=\"elementor-image-box-title\"><a href=\"#\">Erweiterung zur Heckk\u00fcche<\/a><\/h3><p class=\"elementor-image-box-description\">Der Heckauszug l\u00e4sst sich z.\u00a0B. durch den Kocherhalter, eine Kompressork\u00fchlbox und den Einh\u00e4ngetisch zu einer vollwertigen Heckk\u00fcche aufr\u00fcsten.\n<\/p><\/div><\/div>\t\t\t\t<\/div>\n\t\t\t\t<\/div>\n\t\t\t\t\t<\/div>\n\t\t\t\t<\/div>\n\t\t\t\t\t\t\t\t<\/div>\n\t\t\t\t\t\t\t\t<\/div>\n\t\t<\/div>\n\t\t\t\t\t<div class=\"elementor-swiper-button elementor-swiper-button-prev\" role=\"button\" tabindex=\"0\" aria-label=\"Tidligere\">\n\t\t\t\t<svg aria-hidden=\"true\" class=\"e-font-icon-svg e-eicon-chevron-left\" viewBox=\"0 0 1000 1000\" xmlns=\"http:\/\/www.w3.org\/2000\/svg\"><path d=\"M646 125C629 125 613 133 604 142L308 442C296 454 292 471 292 487 292 504 296 521 308 533L604 854C617 867 629 875 646 875 663 875 679 871 692 858 704 846 713 829 713 812 713 796 708 779 692 767L438 487 692 225C700 217 708 204 708 187 708 171 704 154 692 142 675 129 663 125 646 125Z\"><\/path><\/svg>\t\t\t<\/div>\n\t\t\t<div class=\"elementor-swiper-button elementor-swiper-button-next\" role=\"button\" tabindex=\"0\" aria-label=\"N\u00e6ste\">\n\t\t\t\t<svg aria-hidden=\"true\" class=\"e-font-icon-svg e-eicon-chevron-right\" viewBox=\"0 0 1000 1000\" xmlns=\"http:\/\/www.w3.org\/2000\/svg\"><path d=\"M696 533C708 521 713 504 713 487 713 471 708 454 696 446L400 146C388 133 375 125 354 125 338 125 325 129 313 142 300 154 292 171 292 187 292 204 296 221 308 233L563 492 304 771C292 783 288 800 288 817 288 833 296 850 308 863 321 871 338 875 354 875 371 875 388 867 400 854L696 533Z\"><\/path><\/svg>\t\t\t<\/div>\n\t\t\t\t\t<div class=\"swiper-pagination\"><\/div>\n\t\t\t\t\t\t<\/div>\n\t\t\t\t<\/div>\n\t\t\t\t<\/div>\n\t\t\t\t\t<\/div>\n\t\t\t\t<\/div>\n\t\t<div class=\"elementor-element elementor-element-baf8575 gpt e-flex e-con-boxed e-con e-parent\" data-id=\"baf8575\" data-element_type=\"container\" data-e-type=\"container\" id=\"video\">\n\t\t\t\t\t<div class=\"e-con-inner\">\n\t\t<div class=\"elementor-element elementor-element-3f71768 e-flex e-con-boxed e-con e-child\" data-id=\"3f71768\" data-element_type=\"container\" data-e-type=\"container\">\n\t\t\t\t\t<div class=\"e-con-inner\">\n\t\t\t\t<div class=\"elementor-element elementor-element-cd7c729 elementor-widget elementor-widget-heading\" data-id=\"cd7c729\" data-element_type=\"widget\" data-e-type=\"widget\" data-widget_type=\"heading.default\">\n\t\t\t\t<div class=\"elementor-widget-container\">\n\t\t\t\t\t<h2 class=\"elementor-heading-title elementor-size-default\">Video Vorstellung<\/h2>\t\t\t\t<\/div>\n\t\t\t\t<\/div>\n\t\t\t\t<div class=\"elementor-element elementor-element-885022f elementor-widget elementor-widget-text-editor\" data-id=\"885022f\" data-element_type=\"widget\" data-e-type=\"widget\" data-widget_type=\"text-editor.default\">\n\t\t\t\t<div class=\"elementor-widget-container\">\n\t\t\t\t\t\t\t\t\t<p>Eine kurze Vorstellung des Bettsystems findet ihr hier.<\/p>\t\t\t\t\t\t\t\t<\/div>\n\t\t\t\t<\/div>\n\t\t\t\t<div class=\"elementor-element elementor-element-01048c8 sw elementor-widget elementor-widget-video\" data-id=\"01048c8\" data-element_type=\"widget\" data-e-type=\"widget\" data-settings=\"{&quot;youtube_url&quot;:&quot;https:\\\/\\\/www.youtube.com\\\/watch?v=ne7yXjDG9BA&quot;,&quot;yt_privacy&quot;:&quot;yes&quot;,&quot;lazy_load&quot;:&quot;yes&quot;,&quot;video_type&quot;:&quot;youtube&quot;,&quot;controls&quot;:&quot;yes&quot;}\" data-widget_type=\"video.default\">\n\t\t\t\t<div class=\"elementor-widget-container\">\n\t\t\t\t\t\t\t<div class=\"elementor-wrapper elementor-open-inline\">\n\t\t\t<div class=\"elementor-video\"><\/div>\t\t<\/div>\n\t\t\t\t\t\t<\/div>\n\t\t\t\t<\/div>\n\t\t\t\t\t<\/div>\n\t\t\t\t<\/div>\n\t\t\t\t\t<\/div>\n\t\t\t\t<\/div>\n\t\t<div class=\"elementor-element elementor-element-147cfbe6 gpt e-flex e-con-boxed e-con e-parent\" data-id=\"147cfbe6\" data-element_type=\"container\" data-e-type=\"container\" id=\"faq\" data-settings=\"{&quot;background_background&quot;:&quot;classic&quot;}\">\n\t\t\t\t\t<div class=\"e-con-inner\">\n\t\t\t\t<div class=\"elementor-element elementor-element-6477a82d elementor-widget elementor-widget-heading\" data-id=\"6477a82d\" data-element_type=\"widget\" data-e-type=\"widget\" data-widget_type=\"heading.default\">\n\t\t\t\t<div class=\"elementor-widget-container\">\n\t\t\t\t\t<h2 class=\"elementor-heading-title elementor-size-default\">Sind noch Fragen offen?<\/h2>\t\t\t\t<\/div>\n\t\t\t\t<\/div>\n\t\t\t\t<div class=\"elementor-element elementor-element-6cba6eae sw smt elementor-widget elementor-widget-n-accordion\" data-id=\"6cba6eae\" data-element_type=\"widget\" data-e-type=\"widget\" data-settings=\"{&quot;max_items_expended&quot;:&quot;multiple&quot;,&quot;default_state&quot;:&quot;expanded&quot;,&quot;n_accordion_animation_duration&quot;:{&quot;unit&quot;:&quot;ms&quot;,&quot;size&quot;:400,&quot;sizes&quot;:[]}}\" data-widget_type=\"nested-accordion.default\">\n\t\t\t\t<div class=\"elementor-widget-container\">\n\t\t\t\t\t\t\t<div class=\"e-n-accordion\" aria-label=\"Accordion. Open links with Enter or Space, close with Escape, and navigate with Arrow Keys\">\n\t\t\t\t\t\t<details id=\"e-n-accordion-item-1820\" class=\"e-n-accordion-item\" open>\n\t\t\t\t<summary class=\"e-n-accordion-item-title\" data-accordion-index=\"1\" tabindex=\"0\" aria-expanded=\"true\" aria-controls=\"e-n-accordion-item-1820\" >\n\t\t\t\t\t<span class='e-n-accordion-item-title-header'><div class=\"e-n-accordion-item-title-text\"> Passt das Bettsystem Querauszug in mein Fahrzeug? <\/div><\/span>\n\t\t\t\t\t\t\t<span class='e-n-accordion-item-title-icon'>\n\t\t\t<span class='e-opened' ><svg aria-hidden=\"true\" class=\"e-font-icon-svg e-fas-chevron-up\" viewBox=\"0 0 448 512\" xmlns=\"http:\/\/www.w3.org\/2000\/svg\"><path d=\"M240.971 130.524l194.343 194.343c9.373 9.373 9.373 24.569 0 33.941l-22.667 22.667c-9.357 9.357-24.522 9.375-33.901.04L224 227.495 69.255 381.516c-9.379 9.335-24.544 9.317-33.901-.04l-22.667-22.667c-9.373-9.373-9.373-24.569 0-33.941L207.03 130.525c9.372-9.373 24.568-9.373 33.941-.001z\"><\/path><\/svg><\/span>\n\t\t\t<span class='e-closed'><svg aria-hidden=\"true\" class=\"e-font-icon-svg e-fas-chevron-down\" viewBox=\"0 0 448 512\" xmlns=\"http:\/\/www.w3.org\/2000\/svg\"><path d=\"M207.029 381.476L12.686 187.132c-9.373-9.373-9.373-24.569 0-33.941l22.667-22.667c9.357-9.357 24.522-9.375 33.901-.04L224 284.505l154.745-154.021c9.379-9.335 24.544-9.317 33.901.04l22.667 22.667c9.373 9.373 9.373 24.569 0 33.941L240.971 381.476c-9.373 9.372-24.569 9.372-33.942 0z\"><\/path><\/svg><\/span>\n\t\t<\/span>\n\n\t\t\t\t\t\t<\/summary>\n\t\t\t\t<div role=\"region\" aria-labelledby=\"e-n-accordion-item-1820\" class=\"elementor-element elementor-element-403bbcf2 e-con-full e-flex e-con e-child\" data-id=\"403bbcf2\" data-element_type=\"container\" data-e-type=\"container\">\n\t\t\t\t<div class=\"elementor-element elementor-element-21c2c009 elementor-widget elementor-widget-text-editor\" data-id=\"21c2c009\" data-element_type=\"widget\" data-e-type=\"widget\" data-widget_type=\"text-editor.default\">\n\t\t\t\t<div class=\"elementor-widget-container\">\n\t\t\t\t\t\t\t\t\t<p>Grundlegend ist das Bettsystem universell und passt damit in jeden g\u00e4ngigen Transporter. Bitte pr\u00fcfe die Ma\u00dfe des Bettsystems unter \u201eTechnische Informationen\u201c.<\/p>\t\t\t\t\t\t\t\t<\/div>\n\t\t\t\t<\/div>\n\t\t\t\t<\/div>\n\t\t\t\t\t<\/details>\n\t\t\t\t\t\t<details id=\"e-n-accordion-item-1821\" class=\"e-n-accordion-item\" >\n\t\t\t\t<summary class=\"e-n-accordion-item-title\" data-accordion-index=\"2\" tabindex=\"-1\" aria-expanded=\"false\" aria-controls=\"e-n-accordion-item-1821\" >\n\t\t\t\t\t<span class='e-n-accordion-item-title-header'><div class=\"e-n-accordion-item-title-text\"> Kann das Bettsystem auch gespiegelt (auf der Beifahrerseite) eingebaut werden? <\/div><\/span>\n\t\t\t\t\t\t\t<span class='e-n-accordion-item-title-icon'>\n\t\t\t<span class='e-opened' ><svg aria-hidden=\"true\" class=\"e-font-icon-svg e-fas-chevron-up\" viewBox=\"0 0 448 512\" xmlns=\"http:\/\/www.w3.org\/2000\/svg\"><path d=\"M240.971 130.524l194.343 194.343c9.373 9.373 9.373 24.569 0 33.941l-22.667 22.667c-9.357 9.357-24.522 9.375-33.901.04L224 227.495 69.255 381.516c-9.379 9.335-24.544 9.317-33.901-.04l-22.667-22.667c-9.373-9.373-9.373-24.569 0-33.941L207.03 130.525c9.372-9.373 24.568-9.373 33.941-.001z\"><\/path><\/svg><\/span>\n\t\t\t<span class='e-closed'><svg aria-hidden=\"true\" class=\"e-font-icon-svg e-fas-chevron-down\" viewBox=\"0 0 448 512\" xmlns=\"http:\/\/www.w3.org\/2000\/svg\"><path d=\"M207.029 381.476L12.686 187.132c-9.373-9.373-9.373-24.569 0-33.941l22.667-22.667c9.357-9.357 24.522-9.375 33.901-.04L224 284.505l154.745-154.021c9.379-9.335 24.544-9.317 33.901.04l22.667 22.667c9.373 9.373 9.373 24.569 0 33.941L240.971 381.476c-9.373 9.372-24.569 9.372-33.942 0z\"><\/path><\/svg><\/span>\n\t\t<\/span>\n\n\t\t\t\t\t\t<\/summary>\n\t\t\t\t<div role=\"region\" aria-labelledby=\"e-n-accordion-item-1821\" class=\"elementor-element elementor-element-4f7a660 e-con-full e-flex e-con e-child\" data-id=\"4f7a660\" data-element_type=\"container\" data-e-type=\"container\">\n\t\t\t\t<div class=\"elementor-element elementor-element-6911643 elementor-widget elementor-widget-text-editor\" data-id=\"6911643\" data-element_type=\"widget\" data-e-type=\"widget\" data-widget_type=\"text-editor.default\">\n\t\t\t\t<div class=\"elementor-widget-container\">\n\t\t\t\t\t\t\t\t\t<p>Ja, das ist m\u00f6glich. Auf Wunsch k\u00f6nnen wir das Bett auch gespiegelt, also f\u00fcr die Beifahrerseite anfertigen (ohne Aufpreis). Bei Bestellung bitte dies einfach im Kommentarfeld so vermerken. Bei weiteren Fragen kannst du uns <a href=\"\/kontakt\/\" target=\"_blank\" rel=\"noopener\">kontaktieren<\/a>.<\/p>\t\t\t\t\t\t\t\t<\/div>\n\t\t\t\t<\/div>\n\t\t\t\t<\/div>\n\t\t\t\t\t<\/details>\n\t\t\t\t\t\t<details id=\"e-n-accordion-item-1822\" class=\"e-n-accordion-item\" >\n\t\t\t\t<summary class=\"e-n-accordion-item-title\" data-accordion-index=\"3\" tabindex=\"-1\" aria-expanded=\"false\" aria-controls=\"e-n-accordion-item-1822\" >\n\t\t\t\t\t<span class='e-n-accordion-item-title-header'><div class=\"e-n-accordion-item-title-text\"> Wie wird das Bettsystem befestigt? <\/div><\/span>\n\t\t\t\t\t\t\t<span class='e-n-accordion-item-title-icon'>\n\t\t\t<span class='e-opened' ><svg aria-hidden=\"true\" class=\"e-font-icon-svg e-fas-chevron-up\" viewBox=\"0 0 448 512\" xmlns=\"http:\/\/www.w3.org\/2000\/svg\"><path d=\"M240.971 130.524l194.343 194.343c9.373 9.373 9.373 24.569 0 33.941l-22.667 22.667c-9.357 9.357-24.522 9.375-33.901.04L224 227.495 69.255 381.516c-9.379 9.335-24.544 9.317-33.901-.04l-22.667-22.667c-9.373-9.373-9.373-24.569 0-33.941L207.03 130.525c9.372-9.373 24.568-9.373 33.941-.001z\"><\/path><\/svg><\/span>\n\t\t\t<span class='e-closed'><svg aria-hidden=\"true\" class=\"e-font-icon-svg e-fas-chevron-down\" viewBox=\"0 0 448 512\" xmlns=\"http:\/\/www.w3.org\/2000\/svg\"><path d=\"M207.029 381.476L12.686 187.132c-9.373-9.373-9.373-24.569 0-33.941l22.667-22.667c9.357-9.357 24.522-9.375 33.901-.04L224 284.505l154.745-154.021c9.379-9.335 24.544-9.317 33.901.04l22.667 22.667c9.373 9.373 9.373 24.569 0 33.941L240.971 381.476c-9.373 9.372-24.569 9.372-33.942 0z\"><\/path><\/svg><\/span>\n\t\t<\/span>\n\n\t\t\t\t\t\t<\/summary>\n\t\t\t\t<div role=\"region\" aria-labelledby=\"e-n-accordion-item-1822\" class=\"elementor-element elementor-element-c00e080 e-con-full e-flex e-con e-child\" data-id=\"c00e080\" data-element_type=\"container\" data-e-type=\"container\">\n\t\t\t\t<div class=\"elementor-element elementor-element-a8b144e elementor-widget elementor-widget-text-editor\" data-id=\"a8b144e\" data-element_type=\"widget\" data-e-type=\"widget\" data-widget_type=\"text-editor.default\">\n\t\t\t\t<div class=\"elementor-widget-container\">\n\t\t\t\t\t\t\t\t\t<p>Das Bett hat ab Werk einige Befestigungsm\u00f6glichkeiten vorgesehen. Es kann z.\u00a0B. mit der Bodenplatte des Fahrzeugs verschraubt werden. Auch ein Adaptieren mittels Winkeln an bereits am Fahrzeug bestehenden Gewinden (wie z.\u00a0B. an Zurrpunkten, Sitzbefestigungen oder an einem Schienensystem) ist m\u00f6glich.<\/p><p>Ein Verzurren ist bei dem Bett prinzipiell auch m\u00f6glich, jedoch muss das System an allen Ecken abgespannt werden, um es ordnungsgem\u00e4\u00df zu sichern. Damit w\u00e4re der Mitteltunnel durch die Zurrgurte versperrt, hei\u00dft, diese m\u00fcssen bei Benutzung des Bettes gel\u00f6st werden.<\/p><p>Bitte beachte, dass du als Fahrzeugf\u00fchrer f\u00fcr die ordnungsgem\u00e4\u00dfe Sicherung der Ladung verantwortlich bist!<\/p>\t\t\t\t\t\t\t\t<\/div>\n\t\t\t\t<\/div>\n\t\t\t\t<\/div>\n\t\t\t\t\t<\/details>\n\t\t\t\t\t\t<details id=\"e-n-accordion-item-1823\" class=\"e-n-accordion-item\" >\n\t\t\t\t<summary class=\"e-n-accordion-item-title\" data-accordion-index=\"4\" tabindex=\"-1\" aria-expanded=\"false\" aria-controls=\"e-n-accordion-item-1823\" >\n\t\t\t\t\t<span class='e-n-accordion-item-title-header'><div class=\"e-n-accordion-item-title-text\"> Ben\u00f6tige ich eine spezielle Bodenplatte, um das Bettsystem zu befestigen? <\/div><\/span>\n\t\t\t\t\t\t\t<span class='e-n-accordion-item-title-icon'>\n\t\t\t<span class='e-opened' ><svg aria-hidden=\"true\" class=\"e-font-icon-svg e-fas-chevron-up\" viewBox=\"0 0 448 512\" xmlns=\"http:\/\/www.w3.org\/2000\/svg\"><path d=\"M240.971 130.524l194.343 194.343c9.373 9.373 9.373 24.569 0 33.941l-22.667 22.667c-9.357 9.357-24.522 9.375-33.901.04L224 227.495 69.255 381.516c-9.379 9.335-24.544 9.317-33.901-.04l-22.667-22.667c-9.373-9.373-9.373-24.569 0-33.941L207.03 130.525c9.372-9.373 24.568-9.373 33.941-.001z\"><\/path><\/svg><\/span>\n\t\t\t<span class='e-closed'><svg aria-hidden=\"true\" class=\"e-font-icon-svg e-fas-chevron-down\" viewBox=\"0 0 448 512\" xmlns=\"http:\/\/www.w3.org\/2000\/svg\"><path d=\"M207.029 381.476L12.686 187.132c-9.373-9.373-9.373-24.569 0-33.941l22.667-22.667c9.357-9.357 24.522-9.375 33.901-.04L224 284.505l154.745-154.021c9.379-9.335 24.544-9.317 33.901.04l22.667 22.667c9.373 9.373 9.373 24.569 0 33.941L240.971 381.476c-9.373 9.372-24.569 9.372-33.942 0z\"><\/path><\/svg><\/span>\n\t\t<\/span>\n\n\t\t\t\t\t\t<\/summary>\n\t\t\t\t<div role=\"region\" aria-labelledby=\"e-n-accordion-item-1823\" class=\"elementor-element elementor-element-1cb3405 e-con-full e-flex e-con e-child\" data-id=\"1cb3405\" data-element_type=\"container\" data-e-type=\"container\">\n\t\t\t\t<div class=\"elementor-element elementor-element-7bd06e7 elementor-widget elementor-widget-text-editor\" data-id=\"7bd06e7\" data-element_type=\"widget\" data-e-type=\"widget\" data-widget_type=\"text-editor.default\">\n\t\t\t\t<div class=\"elementor-widget-container\">\n\t\t\t\t\t\t\t\t\t<p>Es wird keine spezielle Bodenplatte ben\u00f6tigt. Ideal ist die originale Holzbodenplatte wie sie die meisten Transporter ab Werk besitzen. Wichtig ist nur dass die Aufstellfl\u00e4che eben ist, diese also keine Stufe in der Aufstell-\/Auzugsfl\u00e4che des Bettsystems hat.<\/p>\t\t\t\t\t\t\t\t<\/div>\n\t\t\t\t<\/div>\n\t\t\t\t<\/div>\n\t\t\t\t\t<\/details>\n\t\t\t\t\t\t<details id=\"e-n-accordion-item-1824\" class=\"e-n-accordion-item\" >\n\t\t\t\t<summary class=\"e-n-accordion-item-title\" data-accordion-index=\"5\" tabindex=\"-1\" aria-expanded=\"false\" aria-controls=\"e-n-accordion-item-1824\" >\n\t\t\t\t\t<span class='e-n-accordion-item-title-header'><div class=\"e-n-accordion-item-title-text\"> Aus welchem Material ist das Modul gefertigt? <\/div><\/span>\n\t\t\t\t\t\t\t<span class='e-n-accordion-item-title-icon'>\n\t\t\t<span class='e-opened' ><svg aria-hidden=\"true\" class=\"e-font-icon-svg e-fas-chevron-up\" viewBox=\"0 0 448 512\" xmlns=\"http:\/\/www.w3.org\/2000\/svg\"><path d=\"M240.971 130.524l194.343 194.343c9.373 9.373 9.373 24.569 0 33.941l-22.667 22.667c-9.357 9.357-24.522 9.375-33.901.04L224 227.495 69.255 381.516c-9.379 9.335-24.544 9.317-33.901-.04l-22.667-22.667c-9.373-9.373-9.373-24.569 0-33.941L207.03 130.525c9.372-9.373 24.568-9.373 33.941-.001z\"><\/path><\/svg><\/span>\n\t\t\t<span class='e-closed'><svg aria-hidden=\"true\" class=\"e-font-icon-svg e-fas-chevron-down\" viewBox=\"0 0 448 512\" xmlns=\"http:\/\/www.w3.org\/2000\/svg\"><path d=\"M207.029 381.476L12.686 187.132c-9.373-9.373-9.373-24.569 0-33.941l22.667-22.667c9.357-9.357 24.522-9.375 33.901-.04L224 284.505l154.745-154.021c9.379-9.335 24.544-9.317 33.901.04l22.667 22.667c9.373 9.373 9.373 24.569 0 33.941L240.971 381.476c-9.373 9.372-24.569 9.372-33.942 0z\"><\/path><\/svg><\/span>\n\t\t<\/span>\n\n\t\t\t\t\t\t<\/summary>\n\t\t\t\t<div role=\"region\" aria-labelledby=\"e-n-accordion-item-1824\" class=\"elementor-element elementor-element-5b1a694c e-con-full e-flex e-con e-child\" data-id=\"5b1a694c\" data-element_type=\"container\" data-e-type=\"container\">\n\t\t\t\t<div class=\"elementor-element elementor-element-03741ef elementor-widget elementor-widget-global elementor-global-6160 elementor-widget-text-editor\" data-id=\"03741ef\" data-element_type=\"widget\" data-e-type=\"widget\" data-widget_type=\"text-editor.default\">\n\t\t\t\t<div class=\"elementor-widget-container\">\n\t\t\t\t\t\t\t\t\t<p>Das Modul wird aus 9 bzw. 12 mm d\u00fcnnem FSC-zertifiziertem Birken-Multiplex-Sperrholz gefertigt. Durch unsere patentierte Verbindungstechnik ist das Modul dadurch nicht nur ein Leichtgewicht, sondern auch allen Herausforderungen des Outdoor-Lebens gewachsen.<\/p>\t\t\t\t\t\t\t\t<\/div>\n\t\t\t\t<\/div>\n\t\t\t\t<\/div>\n\t\t\t\t\t<\/details>\n\t\t\t\t\t\t<details id=\"e-n-accordion-item-1825\" class=\"e-n-accordion-item\" >\n\t\t\t\t<summary class=\"e-n-accordion-item-title\" data-accordion-index=\"6\" tabindex=\"-1\" aria-expanded=\"false\" aria-controls=\"e-n-accordion-item-1825\" >\n\t\t\t\t\t<span class='e-n-accordion-item-title-header'><div class=\"e-n-accordion-item-title-text\"> Wie nachhaltig ist das Modul? <\/div><\/span>\n\t\t\t\t\t\t\t<span class='e-n-accordion-item-title-icon'>\n\t\t\t<span class='e-opened' ><svg aria-hidden=\"true\" class=\"e-font-icon-svg e-fas-chevron-up\" viewBox=\"0 0 448 512\" xmlns=\"http:\/\/www.w3.org\/2000\/svg\"><path d=\"M240.971 130.524l194.343 194.343c9.373 9.373 9.373 24.569 0 33.941l-22.667 22.667c-9.357 9.357-24.522 9.375-33.901.04L224 227.495 69.255 381.516c-9.379 9.335-24.544 9.317-33.901-.04l-22.667-22.667c-9.373-9.373-9.373-24.569 0-33.941L207.03 130.525c9.372-9.373 24.568-9.373 33.941-.001z\"><\/path><\/svg><\/span>\n\t\t\t<span class='e-closed'><svg aria-hidden=\"true\" class=\"e-font-icon-svg e-fas-chevron-down\" viewBox=\"0 0 448 512\" xmlns=\"http:\/\/www.w3.org\/2000\/svg\"><path d=\"M207.029 381.476L12.686 187.132c-9.373-9.373-9.373-24.569 0-33.941l22.667-22.667c9.357-9.357 24.522-9.375 33.901-.04L224 284.505l154.745-154.021c9.379-9.335 24.544-9.317 33.901.04l22.667 22.667c9.373 9.373 9.373 24.569 0 33.941L240.971 381.476c-9.373 9.372-24.569 9.372-33.942 0z\"><\/path><\/svg><\/span>\n\t\t<\/span>\n\n\t\t\t\t\t\t<\/summary>\n\t\t\t\t<div role=\"region\" aria-labelledby=\"e-n-accordion-item-1825\" class=\"elementor-element elementor-element-b32c877 e-flex e-con-boxed e-con e-child\" data-id=\"b32c877\" data-element_type=\"container\" data-e-type=\"container\">\n\t\t\t\t\t<div class=\"e-con-inner\">\n\t\t\t\t<div class=\"elementor-element elementor-element-40a8a75 elementor-widget elementor-widget-global elementor-global-6199 elementor-widget-text-editor\" data-id=\"40a8a75\" data-element_type=\"widget\" data-e-type=\"widget\" data-widget_type=\"text-editor.default\">\n\t\t\t\t<div class=\"elementor-widget-container\">\n\t\t\t\t\t\t\t\t\t<p>Wir beziehen unser Holz ausschlie\u00dflich von\u00a0Lieferanten, die zertifizierte, nachhaltige Forstwirtschaft betreiben (FSC\u00ae &amp; PEFC\u2122-zertifiziert). Wir verwenden f\u00fcr alle Produkte hochwertiges Laubsperrholz (Multiplex), das f\u00fcr seine Langlebigkeit, Stabilit\u00e4t und hohe Tragf\u00e4higkeit bekannt ist. Es ist besonders formstabil und widerstandsf\u00e4hig, wodurch all unsere Produkte eine sehr lange Lebensdauer haben.<\/p><p>Das Produkt besteht zu 99 % aus Holz und Metall und ist damit <strong>voll recycelbar<\/strong>. Wir vermeiden Plastik, wo immer es m\u00f6glich ist, und setzen stattdessen auf nachhaltige, umweltfreundliche Materialien.<\/p>\t\t\t\t\t\t\t\t<\/div>\n\t\t\t\t<\/div>\n\t\t\t\t\t<\/div>\n\t\t\t\t<\/div>\n\t\t\t\t\t<\/details>\n\t\t\t\t\t\t<details id=\"e-n-accordion-item-1826\" class=\"e-n-accordion-item\" >\n\t\t\t\t<summary class=\"e-n-accordion-item-title\" data-accordion-index=\"7\" tabindex=\"-1\" aria-expanded=\"false\" aria-controls=\"e-n-accordion-item-1826\" >\n\t\t\t\t\t<span class='e-n-accordion-item-title-header'><div class=\"e-n-accordion-item-title-text\"> Was ist in der Farbe \"Natur\" zu beachten? <\/div><\/span>\n\t\t\t\t\t\t\t<span class='e-n-accordion-item-title-icon'>\n\t\t\t<span class='e-opened' ><svg aria-hidden=\"true\" class=\"e-font-icon-svg e-fas-chevron-up\" viewBox=\"0 0 448 512\" xmlns=\"http:\/\/www.w3.org\/2000\/svg\"><path d=\"M240.971 130.524l194.343 194.343c9.373 9.373 9.373 24.569 0 33.941l-22.667 22.667c-9.357 9.357-24.522 9.375-33.901.04L224 227.495 69.255 381.516c-9.379 9.335-24.544 9.317-33.901-.04l-22.667-22.667c-9.373-9.373-9.373-24.569 0-33.941L207.03 130.525c9.372-9.373 24.568-9.373 33.941-.001z\"><\/path><\/svg><\/span>\n\t\t\t<span class='e-closed'><svg aria-hidden=\"true\" class=\"e-font-icon-svg e-fas-chevron-down\" viewBox=\"0 0 448 512\" xmlns=\"http:\/\/www.w3.org\/2000\/svg\"><path d=\"M207.029 381.476L12.686 187.132c-9.373-9.373-9.373-24.569 0-33.941l22.667-22.667c9.357-9.357 24.522-9.375 33.901-.04L224 284.505l154.745-154.021c9.379-9.335 24.544-9.317 33.901.04l22.667 22.667c9.373 9.373 9.373 24.569 0 33.941L240.971 381.476c-9.373 9.372-24.569 9.372-33.942 0z\"><\/path><\/svg><\/span>\n\t\t<\/span>\n\n\t\t\t\t\t\t<\/summary>\n\t\t\t\t<div role=\"region\" aria-labelledby=\"e-n-accordion-item-1826\" class=\"elementor-element elementor-element-d64e272 e-con-full e-flex e-con e-child\" data-id=\"d64e272\" data-element_type=\"container\" data-e-type=\"container\">\n\t\t\t\t<div class=\"elementor-element elementor-element-8abe0a1 elementor-widget elementor-widget-global elementor-global-6163 elementor-widget-text-editor\" data-id=\"8abe0a1\" data-element_type=\"widget\" data-e-type=\"widget\" data-widget_type=\"text-editor.default\">\n\t\t\t\t<div class=\"elementor-widget-container\">\n\t\t\t\t\t\t\t\t\t<p>In der Ausf\u00fchrung \u201eNatur\u201c sind die Module aus unbehandeltem Birken-Multiplex in Qualit\u00e4t B\/BB (I\/II) gefertigt. Im Anlieferungszustand ist das Holz also noch nicht gegen Feuchtigkeit bzw. Schmutz gesch\u00fctzt.<\/p><p><strong>Der Benefit ist, dass du Module in Natur nach deinen Vorlieben gestalten kannst: in deiner Lieblingsfarbe beizen, streichen oder lackieren, bekleben, mit einer Bleistiftzeichnung verzieren oder einfach nur klar \u00f6len. Deiner Kreativit\u00e4t sind hier keine Grenzen gesetzt.<\/strong><\/p><p>Wenn wir freie Kapazit\u00e4ten haben, k\u00f6nnen wir das Holz vor Montage nach deinen W\u00fcnschen behandeln. Bitte kontaktiere uns in dem Fall f\u00fcr ein individuelles Angebot.<\/p>\t\t\t\t\t\t\t\t<\/div>\n\t\t\t\t<\/div>\n\t\t\t\t<\/div>\n\t\t\t\t\t<\/details>\n\t\t\t\t\t<\/div>\n\t\t\t\t\t\t<\/div>\n\t\t\t\t<\/div>\n\t\t\t\t\t<\/div>\n\t\t\t\t<\/div>\n\t\t<div class=\"elementor-element elementor-element-e9c0f12 gpt e-flex e-con-boxed e-con e-parent\" data-id=\"e9c0f12\" data-element_type=\"container\" data-e-type=\"container\" id=\"technik\">\n\t\t\t\t\t<div class=\"e-con-inner\">\n\t\t<div class=\"elementor-element elementor-element-87a6773 e-con-full e-flex e-con e-child\" data-id=\"87a6773\" data-element_type=\"container\" data-e-type=\"container\">\n\t\t\t\t<div class=\"elementor-element elementor-element-e05d431 elementor-widget elementor-widget-heading\" data-id=\"e05d431\" data-element_type=\"widget\" data-e-type=\"widget\" data-widget_type=\"heading.default\">\n\t\t\t\t<div class=\"elementor-widget-container\">\n\t\t\t\t\t<h2 class=\"elementor-heading-title elementor-size-default\">Technische Informationen<\/h2>\t\t\t\t<\/div>\n\t\t\t\t<\/div>\n\t\t\t\t<div class=\"elementor-element elementor-element-605c760 sw smt elementor-widget elementor-widget-n-accordion\" data-id=\"605c760\" data-element_type=\"widget\" data-e-type=\"widget\" data-settings=\"{&quot;max_items_expended&quot;:&quot;multiple&quot;,&quot;default_state&quot;:&quot;expanded&quot;,&quot;n_accordion_animation_duration&quot;:{&quot;unit&quot;:&quot;ms&quot;,&quot;size&quot;:400,&quot;sizes&quot;:[]}}\" data-widget_type=\"nested-accordion.default\">\n\t\t\t\t<div class=\"elementor-widget-container\">\n\t\t\t\t\t\t\t<div class=\"e-n-accordion\" aria-label=\"Accordion. Open links with Enter or Space, close with Escape, and navigate with Arrow Keys\">\n\t\t\t\t\t\t<details id=\"e-n-accordion-item-1010\" class=\"e-n-accordion-item\" open>\n\t\t\t\t<summary class=\"e-n-accordion-item-title\" data-accordion-index=\"1\" tabindex=\"0\" aria-expanded=\"true\" aria-controls=\"e-n-accordion-item-1010\" >\n\t\t\t\t\t<span class='e-n-accordion-item-title-header'><div class=\"e-n-accordion-item-title-text\"> Gewicht &amp; Ma\u00dfe des Bettsystems <\/div><\/span>\n\t\t\t\t\t\t\t<span class='e-n-accordion-item-title-icon'>\n\t\t\t<span class='e-opened' ><svg aria-hidden=\"true\" class=\"e-font-icon-svg e-fas-chevron-up\" viewBox=\"0 0 448 512\" xmlns=\"http:\/\/www.w3.org\/2000\/svg\"><path d=\"M240.971 130.524l194.343 194.343c9.373 9.373 9.373 24.569 0 33.941l-22.667 22.667c-9.357 9.357-24.522 9.375-33.901.04L224 227.495 69.255 381.516c-9.379 9.335-24.544 9.317-33.901-.04l-22.667-22.667c-9.373-9.373-9.373-24.569 0-33.941L207.03 130.525c9.372-9.373 24.568-9.373 33.941-.001z\"><\/path><\/svg><\/span>\n\t\t\t<span class='e-closed'><svg aria-hidden=\"true\" class=\"e-font-icon-svg e-fas-chevron-down\" viewBox=\"0 0 448 512\" xmlns=\"http:\/\/www.w3.org\/2000\/svg\"><path d=\"M207.029 381.476L12.686 187.132c-9.373-9.373-9.373-24.569 0-33.941l22.667-22.667c9.357-9.357 24.522-9.375 33.901-.04L224 284.505l154.745-154.021c9.379-9.335 24.544-9.317 33.901.04l22.667 22.667c9.373 9.373 9.373 24.569 0 33.941L240.971 381.476c-9.373 9.372-24.569 9.372-33.942 0z\"><\/path><\/svg><\/span>\n\t\t<\/span>\n\n\t\t\t\t\t\t<\/summary>\n\t\t\t\t<div role=\"region\" aria-labelledby=\"e-n-accordion-item-1010\" class=\"elementor-element elementor-element-e883bad e-con-full e-flex e-con e-child\" data-id=\"e883bad\" data-element_type=\"container\" data-e-type=\"container\">\n\t\t\t\t<div class=\"elementor-element elementor-element-0b22630 elementor-widget elementor-widget-text-editor\" data-id=\"0b22630\" data-element_type=\"widget\" data-e-type=\"widget\" data-widget_type=\"text-editor.default\">\n\t\t\t\t<div class=\"elementor-widget-container\">\n\t\t\t\t\t\t\t\t\t<p><strong>Gewicht<\/strong><br \/>In der kleinsten Variante (Gr\u00f6\u00dfe S) wiegt das Bettsystem Querauszug ca. 60 kg (ohne Zubeh\u00f6r). Bei den gr\u00f6\u00dferen Modellen und je nach Zubeh\u00f6r wird das Bettsystem entsprechend schwerer.<\/p><p><strong>Ma\u00dfe und Gr\u00f6\u00dfen<\/strong><br \/>Das Bettsystem Querauszug ist in vier Gr\u00f6\u00dfen erh\u00e4ltlich. Je h\u00f6her der Lattenrost, desto mehr Stauraum bietet das Bettsystem. Die nutzbare H\u00f6he der Schubladen ist 1,5 cm h\u00f6her als der Schub.<\/p>\t\t\t\t\t\t\t\t<\/div>\n\t\t\t\t<\/div>\n\t\t<div role=\"region\" aria-labelledby=\"e-n-accordion-item-1010\" class=\"elementor-element elementor-element-091ed7e e-con-full e-grid e-con e-child\" data-id=\"091ed7e\" data-element_type=\"container\" data-e-type=\"container\">\n\t\t\t\t<div class=\"elementor-element elementor-element-b94ba54 no-shadow elementor-position-top elementor-widget elementor-widget-image-box\" data-id=\"b94ba54\" data-element_type=\"widget\" data-e-type=\"widget\" data-widget_type=\"image-box.default\">\n\t\t\t\t<div class=\"elementor-widget-container\">\n\t\t\t\t\t<div class=\"elementor-image-box-wrapper\"><figure class=\"elementor-image-box-img\"><a href=\"#\" tabindex=\"-1\"><img loading=\"lazy\" decoding=\"async\" width=\"2000\" height=\"1500\" src=\"https:\/\/vanfittery.de\/wp-content\/uploads\/2026\/03\/Bettsystem-Quer-Masse-eingeklappt.jpg\" class=\"attachment-full size-full wp-image-13511\" alt=\"\" srcset=\"https:\/\/vanfittery.de\/wp-content\/uploads\/2026\/03\/Bettsystem-Quer-Masse-eingeklappt.jpg 2000w, https:\/\/vanfittery.de\/wp-content\/uploads\/2026\/03\/Bettsystem-Quer-Masse-eingeklappt-300x225.jpg 300w, https:\/\/vanfittery.de\/wp-content\/uploads\/2026\/03\/Bettsystem-Quer-Masse-eingeklappt-1024x768.jpg 1024w, https:\/\/vanfittery.de\/wp-content\/uploads\/2026\/03\/Bettsystem-Quer-Masse-eingeklappt-768x576.jpg 768w, https:\/\/vanfittery.de\/wp-content\/uploads\/2026\/03\/Bettsystem-Quer-Masse-eingeklappt-1536x1152.jpg 1536w, https:\/\/vanfittery.de\/wp-content\/uploads\/2026\/03\/Bettsystem-Quer-Masse-eingeklappt-16x12.jpg 16w, https:\/\/vanfittery.de\/wp-content\/uploads\/2026\/03\/Bettsystem-Quer-Masse-eingeklappt-600x450.jpg 600w, https:\/\/vanfittery.de\/wp-content\/uploads\/2026\/03\/Bettsystem-Quer-Masse-eingeklappt-800x600.jpg 800w\" sizes=\"(max-width: 2000px) 100vw, 2000px\" \/><\/a><\/figure><div class=\"elementor-image-box-content\"><p class=\"elementor-image-box-title\"><a href=\"#\">Ma\u00dfe eingeklappt<\/a><\/p><\/div><\/div>\t\t\t\t<\/div>\n\t\t\t\t<\/div>\n\t\t\t\t<div class=\"elementor-element elementor-element-f330968 no-shadow elementor-position-top elementor-widget elementor-widget-image-box\" data-id=\"f330968\" data-element_type=\"widget\" data-e-type=\"widget\" data-widget_type=\"image-box.default\">\n\t\t\t\t<div class=\"elementor-widget-container\">\n\t\t\t\t\t<div class=\"elementor-image-box-wrapper\"><figure class=\"elementor-image-box-img\"><a href=\"#\" tabindex=\"-1\"><img loading=\"lazy\" decoding=\"async\" width=\"2000\" height=\"1500\" src=\"https:\/\/vanfittery.de\/wp-content\/uploads\/2026\/03\/Bettsystem-Quer-Masse-ausgeklappt.jpg\" class=\"attachment-full size-full wp-image-13510\" alt=\"\" srcset=\"https:\/\/vanfittery.de\/wp-content\/uploads\/2026\/03\/Bettsystem-Quer-Masse-ausgeklappt.jpg 2000w, https:\/\/vanfittery.de\/wp-content\/uploads\/2026\/03\/Bettsystem-Quer-Masse-ausgeklappt-300x225.jpg 300w, https:\/\/vanfittery.de\/wp-content\/uploads\/2026\/03\/Bettsystem-Quer-Masse-ausgeklappt-1024x768.jpg 1024w, https:\/\/vanfittery.de\/wp-content\/uploads\/2026\/03\/Bettsystem-Quer-Masse-ausgeklappt-768x576.jpg 768w, https:\/\/vanfittery.de\/wp-content\/uploads\/2026\/03\/Bettsystem-Quer-Masse-ausgeklappt-1536x1152.jpg 1536w, https:\/\/vanfittery.de\/wp-content\/uploads\/2026\/03\/Bettsystem-Quer-Masse-ausgeklappt-16x12.jpg 16w, https:\/\/vanfittery.de\/wp-content\/uploads\/2026\/03\/Bettsystem-Quer-Masse-ausgeklappt-600x450.jpg 600w, https:\/\/vanfittery.de\/wp-content\/uploads\/2026\/03\/Bettsystem-Quer-Masse-ausgeklappt-800x600.jpg 800w\" sizes=\"(max-width: 2000px) 100vw, 2000px\" \/><\/a><\/figure><div class=\"elementor-image-box-content\"><p class=\"elementor-image-box-title\"><a href=\"#\">Ma\u00dfe ausgeklappt<\/a><\/p><\/div><\/div>\t\t\t\t<\/div>\n\t\t\t\t<\/div>\n\t\t\t\t<div class=\"elementor-element elementor-element-37dbb96 no-shadow elementor-position-top elementor-widget elementor-widget-image-box\" data-id=\"37dbb96\" data-element_type=\"widget\" data-e-type=\"widget\" data-widget_type=\"image-box.default\">\n\t\t\t\t<div class=\"elementor-widget-container\">\n\t\t\t\t\t<div class=\"elementor-image-box-wrapper\"><figure class=\"elementor-image-box-img\"><a href=\"#\" tabindex=\"-1\"><img loading=\"lazy\" decoding=\"async\" width=\"2000\" height=\"1500\" src=\"https:\/\/vanfittery.de\/wp-content\/uploads\/2026\/03\/Bettsystem-Querauszug-Masse-Heckauszug-Schublade.jpg\" class=\"attachment-full size-full wp-image-13531\" alt=\"\" srcset=\"https:\/\/vanfittery.de\/wp-content\/uploads\/2026\/03\/Bettsystem-Querauszug-Masse-Heckauszug-Schublade.jpg 2000w, https:\/\/vanfittery.de\/wp-content\/uploads\/2026\/03\/Bettsystem-Querauszug-Masse-Heckauszug-Schublade-300x225.jpg 300w, https:\/\/vanfittery.de\/wp-content\/uploads\/2026\/03\/Bettsystem-Querauszug-Masse-Heckauszug-Schublade-1024x768.jpg 1024w, https:\/\/vanfittery.de\/wp-content\/uploads\/2026\/03\/Bettsystem-Querauszug-Masse-Heckauszug-Schublade-768x576.jpg 768w, https:\/\/vanfittery.de\/wp-content\/uploads\/2026\/03\/Bettsystem-Querauszug-Masse-Heckauszug-Schublade-1536x1152.jpg 1536w, https:\/\/vanfittery.de\/wp-content\/uploads\/2026\/03\/Bettsystem-Querauszug-Masse-Heckauszug-Schublade-16x12.jpg 16w, https:\/\/vanfittery.de\/wp-content\/uploads\/2026\/03\/Bettsystem-Querauszug-Masse-Heckauszug-Schublade-600x450.jpg 600w, https:\/\/vanfittery.de\/wp-content\/uploads\/2026\/03\/Bettsystem-Querauszug-Masse-Heckauszug-Schublade-800x600.jpg 800w\" sizes=\"(max-width: 2000px) 100vw, 2000px\" \/><\/a><\/figure><div class=\"elementor-image-box-content\"><p class=\"elementor-image-box-title\"><a href=\"#\">Ma\u00dfe der Schubladen<\/a><\/p><p class=\"elementor-image-box-description\">* die nutzbare H\u00f6he ist 1,5 cm h\u00f6her als der Schub<\/p><\/div><\/div>\t\t\t\t<\/div>\n\t\t\t\t<\/div>\n\t\t\t\t<\/div>\n\t\t\t\t<div class=\"elementor-element elementor-element-a158a03 elementor-widget elementor-widget-shortcode\" data-id=\"a158a03\" data-element_type=\"widget\" data-e-type=\"widget\" data-widget_type=\"shortcode.default\">\n\t\t\t\t<div class=\"elementor-widget-container\">\n\t\t\t\t\t\t\t<div class=\"elementor-shortcode\">\n<table id=\"tablepress-1\" class=\"tablepress tablepress-id-1\">\n<thead>\n<tr class=\"row-1\">\n\t<th class=\"column-1\">Gr\u00f6\u00dfe<\/th><th class=\"column-2\">Gesamtl\u00e4nge<\/th><th class=\"column-3\">Breite ca.<br \/>\n(ausgezogen)<\/th><th class=\"column-4\">H\u00f6he<br \/>\n(Lattenrost)<\/th><th class=\"column-5\">Innenl\u00e4nge<br \/>\n(Heckauszug)<\/th><th class=\"column-6\">Innenl\u00e4nge<br \/>\n(Schublade vorn)<\/th><th class=\"column-7\">Nutzbare Innenh\u00f6he<br \/>\n(Schublade + Heckauszug)<\/th>\n<\/tr>\n<\/thead>\n<tbody class=\"row-striping row-hover\">\n<tr class=\"row-2\">\n\t<td class=\"column-1\">S<\/td><td class=\"column-2\">182 cm<\/td><td class=\"column-3\">120 cm<\/td><td class=\"column-4\">35 cm<\/td><td class=\"column-5\">120 cm<\/td><td class=\"column-6\">41 cm<\/td><td class=\"column-7\">21,5 cm<\/td>\n<\/tr>\n<tr class=\"row-3\">\n\t<td class=\"column-1\">M<\/td><td class=\"column-2\">182 cm<\/td><td class=\"column-3\">120 cm<\/td><td class=\"column-4\">40 cm<\/td><td class=\"column-5\">120 cm<\/td><td class=\"column-6\">41 cm<\/td><td class=\"column-7\">26,5 cm<\/td>\n<\/tr>\n<tr class=\"row-4\">\n\t<td class=\"column-1\">L<\/td><td class=\"column-2\">194 cm<\/td><td class=\"column-3\">120 cm<\/td><td class=\"column-4\">40 cm<\/td><td class=\"column-5\">120 cm<\/td><td class=\"column-6\">53 cm<\/td><td class=\"column-7\">26,5 cm<\/td>\n<\/tr>\n<tr class=\"row-5\">\n\t<td class=\"column-1\">XL<\/td><td class=\"column-2\">194 cm<\/td><td class=\"column-3\">120 cm<\/td><td class=\"column-4\">45 cm<\/td><td class=\"column-5\">120 cm<\/td><td class=\"column-6\">53 cm<\/td><td class=\"column-7\">31,5 cm<\/td>\n<\/tr>\n<\/tbody>\n<\/table>\n<!-- #tablepress-1 from cache --><\/div>\n\t\t\t\t\t\t<\/div>\n\t\t\t\t<\/div>\n\t\t\t\t<\/div>\n\t\t\t\t\t<\/details>\n\t\t\t\t\t\t<details id=\"e-n-accordion-item-1011\" class=\"e-n-accordion-item\" >\n\t\t\t\t<summary class=\"e-n-accordion-item-title\" data-accordion-index=\"2\" tabindex=\"-1\" aria-expanded=\"false\" aria-controls=\"e-n-accordion-item-1011\" >\n\t\t\t\t\t<span class='e-n-accordion-item-title-header'><div class=\"e-n-accordion-item-title-text\"> Bietet ihr auch Ma\u00dfanpassungen an? <\/div><\/span>\n\t\t\t\t\t\t\t<span class='e-n-accordion-item-title-icon'>\n\t\t\t<span class='e-opened' ><svg aria-hidden=\"true\" class=\"e-font-icon-svg e-fas-chevron-up\" viewBox=\"0 0 448 512\" xmlns=\"http:\/\/www.w3.org\/2000\/svg\"><path d=\"M240.971 130.524l194.343 194.343c9.373 9.373 9.373 24.569 0 33.941l-22.667 22.667c-9.357 9.357-24.522 9.375-33.901.04L224 227.495 69.255 381.516c-9.379 9.335-24.544 9.317-33.901-.04l-22.667-22.667c-9.373-9.373-9.373-24.569 0-33.941L207.03 130.525c9.372-9.373 24.568-9.373 33.941-.001z\"><\/path><\/svg><\/span>\n\t\t\t<span class='e-closed'><svg aria-hidden=\"true\" class=\"e-font-icon-svg e-fas-chevron-down\" viewBox=\"0 0 448 512\" xmlns=\"http:\/\/www.w3.org\/2000\/svg\"><path d=\"M207.029 381.476L12.686 187.132c-9.373-9.373-9.373-24.569 0-33.941l22.667-22.667c9.357-9.357 24.522-9.375 33.901-.04L224 284.505l154.745-154.021c9.379-9.335 24.544-9.317 33.901.04l22.667 22.667c9.373 9.373 9.373 24.569 0 33.941L240.971 381.476c-9.373 9.372-24.569 9.372-33.942 0z\"><\/path><\/svg><\/span>\n\t\t<\/span>\n\n\t\t\t\t\t\t<\/summary>\n\t\t\t\t<div role=\"region\" aria-labelledby=\"e-n-accordion-item-1011\" class=\"elementor-element elementor-element-b7cff1a e-con-full e-flex e-con e-child\" data-id=\"b7cff1a\" data-element_type=\"container\" data-e-type=\"container\">\n\t\t\t\t<div class=\"elementor-element elementor-element-dbf8444 elementor-widget elementor-widget-global elementor-global-13634 elementor-widget-text-editor\" data-id=\"dbf8444\" data-element_type=\"widget\" data-e-type=\"widget\" data-widget_type=\"text-editor.default\">\n\t\t\t\t<div class=\"elementor-widget-container\">\n\t\t\t\t\t\t\t\t\t<p>Nein, Ma\u00dfanpassungen bieten wir leider nicht an. Aufgrund der weitestgehend automatisierten Produktion w\u00fcrden Anpassungen an Modulen sehr hohen Aufwand und hohe Kosten bedeuten, da CAD-Daten, Nestings und Fr\u00e4sprogramme neu angelegt werden m\u00fcssten.<\/p>\t\t\t\t\t\t\t\t<\/div>\n\t\t\t\t<\/div>\n\t\t\t\t<\/div>\n\t\t\t\t\t<\/details>\n\t\t\t\t\t\t<details id=\"e-n-accordion-item-1012\" class=\"e-n-accordion-item\" >\n\t\t\t\t<summary class=\"e-n-accordion-item-title\" data-accordion-index=\"3\" tabindex=\"-1\" aria-expanded=\"false\" aria-controls=\"e-n-accordion-item-1012\" >\n\t\t\t\t\t<span class='e-n-accordion-item-title-header'><div class=\"e-n-accordion-item-title-text\"> Verf\u00fcgbare Farben\u200b <\/div><\/span>\n\t\t\t\t\t\t\t<span class='e-n-accordion-item-title-icon'>\n\t\t\t<span class='e-opened' ><svg aria-hidden=\"true\" class=\"e-font-icon-svg e-fas-chevron-up\" viewBox=\"0 0 448 512\" xmlns=\"http:\/\/www.w3.org\/2000\/svg\"><path d=\"M240.971 130.524l194.343 194.343c9.373 9.373 9.373 24.569 0 33.941l-22.667 22.667c-9.357 9.357-24.522 9.375-33.901.04L224 227.495 69.255 381.516c-9.379 9.335-24.544 9.317-33.901-.04l-22.667-22.667c-9.373-9.373-9.373-24.569 0-33.941L207.03 130.525c9.372-9.373 24.568-9.373 33.941-.001z\"><\/path><\/svg><\/span>\n\t\t\t<span class='e-closed'><svg aria-hidden=\"true\" class=\"e-font-icon-svg e-fas-chevron-down\" viewBox=\"0 0 448 512\" xmlns=\"http:\/\/www.w3.org\/2000\/svg\"><path d=\"M207.029 381.476L12.686 187.132c-9.373-9.373-9.373-24.569 0-33.941l22.667-22.667c9.357-9.357 24.522-9.375 33.901-.04L224 284.505l154.745-154.021c9.379-9.335 24.544-9.317 33.901.04l22.667 22.667c9.373 9.373 9.373 24.569 0 33.941L240.971 381.476c-9.373 9.372-24.569 9.372-33.942 0z\"><\/path><\/svg><\/span>\n\t\t<\/span>\n\n\t\t\t\t\t\t<\/summary>\n\t\t\t\t<div role=\"region\" aria-labelledby=\"e-n-accordion-item-1012\" class=\"elementor-element elementor-element-89f7411 e-con-full e-flex e-con e-child\" data-id=\"89f7411\" data-element_type=\"container\" data-e-type=\"container\">\n\t\t\t\t<div class=\"elementor-element elementor-element-e6d382f elementor-widget elementor-widget-template\" data-id=\"e6d382f\" data-element_type=\"widget\" data-e-type=\"widget\" data-widget_type=\"template.default\">\n\t\t\t\t<div class=\"elementor-widget-container\">\n\t\t\t\t\t\t\t<div class=\"elementor-template\">\n\t\t\t\t\t<div data-elementor-type=\"container\" data-elementor-id=\"7649\" class=\"elementor elementor-7649\" data-elementor-post-type=\"elementor_library\">\n\t\t\t\t<div role=\"region\" aria-labelledby=\"e-n-accordion-item-1012\" class=\"elementor-element elementor-element-baef924 e-con-full e-flex e-con e-child\" data-id=\"baef924\" data-element_type=\"container\" data-e-type=\"container\">\n\t\t\t\t<div class=\"elementor-element elementor-element-d898a82 elementor-widget elementor-widget-text-editor\" data-id=\"d898a82\" data-element_type=\"widget\" data-e-type=\"widget\" data-widget_type=\"text-editor.default\">\n\t\t\t\t<div class=\"elementor-widget-container\">\n\t\t\t\t\t\t\t\t\t<p>Alle unsere Module sind in vier Farben erh\u00e4ltlich. Die Farben werden durch eine robuste und wasserfeste Harzbeschichtung realisiert. Die Farbangaben in RAL sind Anhaltspunkte und k\u00f6nnen von einer RAL Vergleichskarte abweichen.\u00a0<\/p>\t\t\t\t\t\t\t\t<\/div>\n\t\t\t\t<\/div>\n\t\t<div role=\"region\" aria-labelledby=\"e-n-accordion-item-1012\" class=\"elementor-element elementor-element-fdd15d3 e-con-full e-grid e-con e-child\" data-id=\"fdd15d3\" data-element_type=\"container\" data-e-type=\"container\">\n\t\t\t\t<div class=\"elementor-element elementor-element-45d340c elementor-position-top elementor-widget elementor-widget-image-box\" data-id=\"45d340c\" data-element_type=\"widget\" data-e-type=\"widget\" data-widget_type=\"image-box.default\">\n\t\t\t\t<div class=\"elementor-widget-container\">\n\t\t\t\t\t<div class=\"elementor-image-box-wrapper\"><figure class=\"elementor-image-box-img\"><img decoding=\"async\" src=\"https:\/\/vanfittery.de\/wp-content\/uploads\/elementor\/thumbs\/Farbe-schwarz-qzsp7z907ghk2wawefq7fn8twjli8p48d4u6wgfmig.png\" title=\"Farbe schwarz\" alt=\"schwarz\" loading=\"lazy\" \/><\/figure><div class=\"elementor-image-box-content\"><h3 class=\"elementor-image-box-title\">Schwarz<\/h3><p class=\"elementor-image-box-description\">Schwarz ist \u00e4hnlich RAL9004 und seidenmatt. In Kombination mit Elementen aus Holz wirkt es besonders modern. Verschmutzungen und eventuelle Gebrauchsspuren sind bei schwarz eher zu erkennen als bei den anderen Farben.\n\n\n<\/p><\/div><\/div>\t\t\t\t<\/div>\n\t\t\t\t<\/div>\n\t\t\t\t<div class=\"elementor-element elementor-element-08dba36 elementor-position-top elementor-widget elementor-widget-image-box\" data-id=\"08dba36\" data-element_type=\"widget\" data-e-type=\"widget\" data-widget_type=\"image-box.default\">\n\t\t\t\t<div class=\"elementor-widget-container\">\n\t\t\t\t\t<div class=\"elementor-image-box-wrapper\"><figure class=\"elementor-image-box-img\"><img decoding=\"async\" src=\"https:\/\/vanfittery.de\/wp-content\/uploads\/elementor\/thumbs\/Farbe-grau-r0v9yn2ccjerto9mowk2zo0fzm9vhwghzqfk5cumyg.png\" title=\"Farbe-grau\" alt=\"grau\" loading=\"lazy\" \/><\/figure><div class=\"elementor-image-box-content\"><h3 class=\"elementor-image-box-title\">Grau<\/h3><p class=\"elementor-image-box-description\">Grau ist eine schicke Mischung f\u00fcr alle, die sich nicht zwischen schwarz und wei\u00df entscheiden k\u00f6nnen. Es geht Ton in Ton mit den meisten Innenraumverkleidungen.\n<\/p><\/div><\/div>\t\t\t\t<\/div>\n\t\t\t\t<\/div>\n\t\t\t\t<div class=\"elementor-element elementor-element-d2cabd3 elementor-position-top elementor-widget elementor-widget-image-box\" data-id=\"d2cabd3\" data-element_type=\"widget\" data-e-type=\"widget\" data-widget_type=\"image-box.default\">\n\t\t\t\t<div class=\"elementor-widget-container\">\n\t\t\t\t\t<div class=\"elementor-image-box-wrapper\"><figure class=\"elementor-image-box-img\"><img decoding=\"async\" src=\"https:\/\/vanfittery.de\/wp-content\/uploads\/elementor\/thumbs\/Farbe-weiss-r0v9yn2ccjerto9mowk2zo0fzm9vhwghzqfk5cumyg.png\" title=\"Farbe-weiss\" alt=\"weiss\" loading=\"lazy\" \/><\/figure><div class=\"elementor-image-box-content\"><h3 class=\"elementor-image-box-title\">Wei\u00df<\/h3><p class=\"elementor-image-box-description\">Wei\u00df ist \u00e4hnlich RAL9001 und ebenso seidenmatt. Wei\u00df sorgt f\u00fcr ein helles, freundliches Raumgef\u00fchl und l\u00e4sst den Innenraum gr\u00f6\u00dfer und luftiger wirken. Verschmutzungen und Gebrauchsspuren sind kaum zu erkennen.\n\n<\/p><\/div><\/div>\t\t\t\t<\/div>\n\t\t\t\t<\/div>\n\t\t\t\t<div class=\"elementor-element elementor-element-b41666d elementor-position-top elementor-widget elementor-widget-image-box\" data-id=\"b41666d\" data-element_type=\"widget\" data-e-type=\"widget\" data-widget_type=\"image-box.default\">\n\t\t\t\t<div class=\"elementor-widget-container\">\n\t\t\t\t\t<div class=\"elementor-image-box-wrapper\"><figure class=\"elementor-image-box-img\"><img decoding=\"async\" src=\"https:\/\/vanfittery.de\/wp-content\/uploads\/elementor\/thumbs\/Farbe-Natur-qzsp8x371hrvouxqwucrxepfaeypxsukhsbo6f1gag.jpg\" title=\"Farbe Natur\" alt=\"Natur\" loading=\"lazy\" \/><\/figure><div class=\"elementor-image-box-content\"><h3 class=\"elementor-image-box-title\">Natur<\/h3><p class=\"elementor-image-box-description\">Natur ist g\u00e4nzlich unbehandeltes Birken-Sperrholz. Es wirkt sehr nat\u00fcrlich, ist aber bei Auslieferung noch nicht vor Feuchtigkeit und Schmutz gesch\u00fctzt. Durch die Behandlung mit \u00d6l, Lack oder Beize erh\u00e4lt es eure ganz pers\u00f6nliche Note.<\/p><\/div><\/div>\t\t\t\t<\/div>\n\t\t\t\t<\/div>\n\t\t\t\t<\/div>\n\t\t\t\t<\/div>\n\t\t\t\t<\/div>\n\t\t\t\t<\/div>\n\t\t\t\t\t\t<\/div>\n\t\t\t\t<\/div>\n\t\t\t\t<\/div>\n\t\t\t\t\t<\/details>\n\t\t\t\t\t\t<details id=\"e-n-accordion-item-1013\" class=\"e-n-accordion-item\" >\n\t\t\t\t<summary class=\"e-n-accordion-item-title\" data-accordion-index=\"4\" tabindex=\"-1\" aria-expanded=\"false\" aria-controls=\"e-n-accordion-item-1013\" >\n\t\t\t\t\t<span class='e-n-accordion-item-title-header'><div class=\"e-n-accordion-item-title-text\"> Lieferumfang <\/div><\/span>\n\t\t\t\t\t\t\t<span class='e-n-accordion-item-title-icon'>\n\t\t\t<span class='e-opened' ><svg aria-hidden=\"true\" class=\"e-font-icon-svg e-fas-chevron-up\" viewBox=\"0 0 448 512\" xmlns=\"http:\/\/www.w3.org\/2000\/svg\"><path d=\"M240.971 130.524l194.343 194.343c9.373 9.373 9.373 24.569 0 33.941l-22.667 22.667c-9.357 9.357-24.522 9.375-33.901.04L224 227.495 69.255 381.516c-9.379 9.335-24.544 9.317-33.901-.04l-22.667-22.667c-9.373-9.373-9.373-24.569 0-33.941L207.03 130.525c9.372-9.373 24.568-9.373 33.941-.001z\"><\/path><\/svg><\/span>\n\t\t\t<span class='e-closed'><svg aria-hidden=\"true\" class=\"e-font-icon-svg e-fas-chevron-down\" viewBox=\"0 0 448 512\" xmlns=\"http:\/\/www.w3.org\/2000\/svg\"><path d=\"M207.029 381.476L12.686 187.132c-9.373-9.373-9.373-24.569 0-33.941l22.667-22.667c9.357-9.357 24.522-9.375 33.901-.04L224 284.505l154.745-154.021c9.379-9.335 24.544-9.317 33.901.04l22.667 22.667c9.373 9.373 9.373 24.569 0 33.941L240.971 381.476c-9.373 9.372-24.569 9.372-33.942 0z\"><\/path><\/svg><\/span>\n\t\t<\/span>\n\n\t\t\t\t\t\t<\/summary>\n\t\t\t\t<div role=\"region\" aria-labelledby=\"e-n-accordion-item-1013\" class=\"elementor-element elementor-element-4fc1fa4 e-con-full e-flex e-con e-child\" data-id=\"4fc1fa4\" data-element_type=\"container\" data-e-type=\"container\">\n\t\t\t\t<div class=\"elementor-element elementor-element-af3ada0 elementor-widget elementor-widget-text-editor\" data-id=\"af3ada0\" data-element_type=\"widget\" data-e-type=\"widget\" data-widget_type=\"text-editor.default\">\n\t\t\t\t<div class=\"elementor-widget-container\">\n\t\t\t\t\t\t\t\t\t<p>Lieferumfang Basismodul: Fertig montiertes Bett inkl. Schublade und Heckauszug, exkl. Matratze. Das optionale Zubeh\u00f6r kannst du im Konfigurator hinzuf\u00fcgen.<\/p>\t\t\t\t\t\t\t\t<\/div>\n\t\t\t\t<\/div>\n\t\t\t\t<\/div>\n\t\t\t\t\t<\/details>\n\t\t\t\t\t\t<details id=\"e-n-accordion-item-1014\" class=\"e-n-accordion-item\" >\n\t\t\t\t<summary class=\"e-n-accordion-item-title\" data-accordion-index=\"5\" tabindex=\"-1\" aria-expanded=\"false\" aria-controls=\"e-n-accordion-item-1014\" >\n\t\t\t\t\t<span class='e-n-accordion-item-title-header'><div class=\"e-n-accordion-item-title-text\"> Warnhinweise und Sicherheitsinformationen\u200b <\/div><\/span>\n\t\t\t\t\t\t\t<span class='e-n-accordion-item-title-icon'>\n\t\t\t<span class='e-opened' ><svg aria-hidden=\"true\" class=\"e-font-icon-svg e-fas-chevron-up\" viewBox=\"0 0 448 512\" xmlns=\"http:\/\/www.w3.org\/2000\/svg\"><path d=\"M240.971 130.524l194.343 194.343c9.373 9.373 9.373 24.569 0 33.941l-22.667 22.667c-9.357 9.357-24.522 9.375-33.901.04L224 227.495 69.255 381.516c-9.379 9.335-24.544 9.317-33.901-.04l-22.667-22.667c-9.373-9.373-9.373-24.569 0-33.941L207.03 130.525c9.372-9.373 24.568-9.373 33.941-.001z\"><\/path><\/svg><\/span>\n\t\t\t<span class='e-closed'><svg aria-hidden=\"true\" class=\"e-font-icon-svg e-fas-chevron-down\" viewBox=\"0 0 448 512\" xmlns=\"http:\/\/www.w3.org\/2000\/svg\"><path d=\"M207.029 381.476L12.686 187.132c-9.373-9.373-9.373-24.569 0-33.941l22.667-22.667c9.357-9.357 24.522-9.375 33.901-.04L224 284.505l154.745-154.021c9.379-9.335 24.544-9.317 33.901.04l22.667 22.667c9.373 9.373 9.373 24.569 0 33.941L240.971 381.476c-9.373 9.372-24.569 9.372-33.942 0z\"><\/path><\/svg><\/span>\n\t\t<\/span>\n\n\t\t\t\t\t\t<\/summary>\n\t\t\t\t<div role=\"region\" aria-labelledby=\"e-n-accordion-item-1014\" class=\"elementor-element elementor-element-26a6b58 e-con-full e-flex e-con e-child\" data-id=\"26a6b58\" data-element_type=\"container\" data-e-type=\"container\">\n\t\t\t\t<div class=\"elementor-element elementor-element-936f0e2 elementor-widget elementor-widget-text-editor\" data-id=\"936f0e2\" data-element_type=\"widget\" data-e-type=\"widget\" data-widget_type=\"text-editor.default\">\n\t\t\t\t<div class=\"elementor-widget-container\">\n\t\t\t\t\t\t\t\t\t<p><span class=\"german-market-gpsr german-market-gpsr-manufacturer\"><span class=\"german-market-gpsr-label german-market-gpsr-label-manufacturer\">Hersteller: <\/span><span class=\"german-market-gpsr-content german-market-gpsr-content-manufacturer\">VANFITTERY<br \/>\r\nist eine Marke der Firma<br \/>\r\nCzoppikEngineering GmBH<br \/>\r\nHauptsstra\u00dfe 40<br \/>\r\n84103 Postau<br \/>\r\nE-Mail: info@vanfittery.de<\/span><\/span><\/p><p><span class=\"german-market-gpsr german-market-gpsr-responsible_person\"><span class=\"german-market-gpsr-label german-market-gpsr-label-responsible_person\">Verantwortliche Person: <\/span><span class=\"german-market-gpsr-content german-market-gpsr-content-responsible_person\">Tobias Czoppik<\/span><\/span><\/p><p><span class=\"german-market-gpsr german-market-gpsr-warnings_and_safety_information\"><span class=\"german-market-gpsr-label german-market-gpsr-label-warnings_and_safety_information\">Warnhinweise und Sicherheitsinformationen: <\/span><span class=\"german-market-gpsr-content german-market-gpsr-content-warnings_and_safety_information\"><p><strong>M\u00f6belmodule &amp; Ladungssicherung<\/strong><\/p>\n<p>\n  <strong>Ladungssicherung:<\/strong> Unsere Module gelten als Ladegut, die ordnungsgem\u00e4\u00dfe Sicherung obliegt dem Fahrzeugf\u00fchrer (z. B. mit gepr\u00fcften Spanngurten).<br \/>\n  <strong>Maximale Traglast:<\/strong> Die zul\u00e4ssige Belastung nicht \u00fcberschreiten, um Materialsch\u00e4den oder Instabilit\u00e4t zu vermeiden.<br \/>\n  <strong>Quetschgefahr:<\/strong> Klappen oder Schubladen vorsichtig bedienen \u2013 Gefahr f\u00fcr Finger und H\u00e4nde.<br \/>\n  <strong>Feuchtigkeit:<\/strong> Holzmodule sind nur begrenzt feuchtigkeitsbest\u00e4ndig \u2013 l\u00e4ngere Wassereinwirkung vermeiden.<br \/>\n  <strong>Entflammbarkeit:<\/strong> Keine offenen Flammen oder sehr hei\u00dfen Gegenst\u00e4nde direkt auf Holzfl\u00e4chen abstellen.\n<\/p>\n<p><strong>Gaskocher<\/strong><\/p>\n<p>\n  <strong>Brand- und Explosionsgefahr:<\/strong> Gaskocher nur auf stabiler, hitzebest\u00e4ndiger Unterlage verwenden.<br \/>\n  <strong>Bel\u00fcftung sicherstellen:<\/strong> Nutzung nur im Freien oder bei ausreichender Frischluftzufuhr.<br \/>\n  <strong>Kohlenmonoxid-Gefahr:<\/strong> In geschlossenen R\u00e4umen kann sich giftiges CO ansammeln \u2013 CO-Warnmelder empfohlen.<br \/>\n  <strong>Dichtigkeit pr\u00fcfen:<\/strong> Vor jeder Nutzung auf Gasgeruch oder Lecks achten.<br \/>\n  <strong>Gaskartuschen:<\/strong> Nur kompatible Kartuschen verwenden und sicher sowie fern von Hitze lagern.\n<\/p>\n<p><strong>K\u00fchlbox &amp; elektrische Komponenten<\/strong><\/p>\n<p>\n  <strong>Passenden Stromanschluss verwenden:<\/strong> Beachten, ob das Ger\u00e4t f\u00fcr 12V oder 230V ausgelegt ist.<br \/>\n  <strong>Kabel und Anschl\u00fcsse pr\u00fcfen:<\/strong> Besch\u00e4digte Kabel oder Stecker nicht benutzen.<br \/>\n  <strong>Keine Feuchtigkeit:<\/strong> K\u00fchlbox und elektrische Komponenten nicht direktem Wasser aussetzen.<br \/>\n  <strong>\u00dcberlastung vermeiden:<\/strong> Nicht mehrere leistungsstarke Ger\u00e4te an eine einzige 12V-Steckdose anschlie\u00dfen.<br \/>\n  <strong>Fahrzeug-Sicherung beachten:<\/strong> Sicherstellen, dass die Stromversorgung f\u00fcr die angeschlossenen Ger\u00e4te geeignet ist.\n<\/p>\n<p>\n  <strong>Haftungsausschluss:<\/strong> Die Nutzung unserer Produkte erfolgt auf eigene Verantwortung.<br \/>\n  Bitte alle Sicherheitshinweise beachten und die Produkte entsprechend der Herstellerangaben verwenden.<\/p>\n<\/span><\/span><\/p>\t\t\t\t\t\t\t\t<\/div>\n\t\t\t\t<\/div>\n\t\t\t\t<\/div>\n\t\t\t\t\t<\/details>\n\t\t\t\t\t<\/div>\n\t\t\t\t\t\t<\/div>\n\t\t\t\t<\/div>\n\t\t\t\t<\/div>\n\t\t\t\t\t<\/div>\n\t\t\t\t<\/div>\n\t\t<div class=\"elementor-element elementor-element-53bb26b gp e-flex e-con-boxed e-con e-parent\" data-id=\"53bb26b\" data-element_type=\"container\" data-e-type=\"container\" id=\"bewertungen\">\n\t\t\t\t\t<div class=\"e-con-inner\">\n\t\t\t\t<div class=\"elementor-element elementor-element-e708ce1 elementor-widget elementor-widget-template\" data-id=\"e708ce1\" data-element_type=\"widget\" data-e-type=\"widget\" data-widget_type=\"template.default\">\n\t\t\t\t<div class=\"elementor-widget-container\">\n\t\t\t\t\t\t\t<div class=\"elementor-template\">\n\t\t\t\t\t<div data-elementor-type=\"container\" data-elementor-id=\"9170\" class=\"elementor elementor-9170\" data-elementor-post-type=\"elementor_library\">\n\t\t\t\t<div class=\"elementor-element elementor-element-1271541 e-con-full e-flex e-con e-parent\" data-id=\"1271541\" data-element_type=\"container\" data-e-type=\"container\">\n\t\t<div class=\"elementor-element elementor-element-384efcb e-con-full e-flex e-con e-child\" data-id=\"384efcb\" data-element_type=\"container\" data-e-type=\"container\">\n\t\t\t\t<div class=\"elementor-element elementor-element-f1c734a elementor-widget elementor-widget-heading\" data-id=\"f1c734a\" data-element_type=\"widget\" data-e-type=\"widget\" data-widget_type=\"heading.default\">\n\t\t\t\t<div class=\"elementor-widget-container\">\n\t\t\t\t\t<h2 class=\"elementor-heading-title elementor-size-default\">Kundenbewertungen<\/h2>\t\t\t\t<\/div>\n\t\t\t\t<\/div>\n\t\t\t\t<div class=\"elementor-element elementor-element-5fe3012 sw elementor-widget elementor-widget-text-editor\" data-id=\"5fe3012\" data-element_type=\"widget\" data-e-type=\"widget\" data-widget_type=\"text-editor.default\">\n\t\t\t\t<div class=\"elementor-widget-container\">\n\t\t\t\t\t\t\t\t\t<p>Aktuelle Kundenbewertungen auf Google (f\u00fcr alle Produkte).<br \/><a href=\"https:\/\/www.google.com\/search?sca_esv=01250f61e108407c&amp;hl=de-DE&amp;gl=de&amp;q=VANFITTERY,+Hauptstra%C3%9Fe+40,+84103+Postau&amp;si=AMgyJEtREmoPL4P1I5IDCfuA8gybfVI2d5Uj7QMwYCZHKDZ-E2jeJlGYP3oBxIKbVB84dla0_WTZ6MYix0ufLpKR_qRiFo2nx42tMUMmmdDah4qQ6oTHwr0%3D&amp;uds=AOm0WdEA4Ng_aJGlhmiZDdChZ3P0uui5qgHVTmdzzhFTpMFOt05-jrpb8PbI3IC26EyDgXrHq0TbBYCGS60p9lq6Shycf55D4dWOwY4DIYhgPZTwTuj2telNe6tbf5mNKvCfV7fQeCa4qveVvdSpUILzjYDxTVYCog&amp;sa=X&amp;ved=2ahUKEwinppu8tPWNAxW-cfEDHZDAIewQ3PALegQIHRAE&amp;cshid=1750058711828677&amp;biw=1920&amp;bih=945&amp;dpr=1\" target=\"_blank\" rel=\"noopener\">Hier kannst du dir alle Bewertungen von uns durchlesen<\/a>.\u00a0<\/p>\t\t\t\t\t\t\t\t<\/div>\n\t\t\t\t<\/div>\n\t\t\t\t<div class=\"elementor-element elementor-element-5b0601e elementor-widget elementor-widget-shortcode\" data-id=\"5b0601e\" data-element_type=\"widget\" data-e-type=\"widget\" data-widget_type=\"shortcode.default\">\n\t\t\t\t<div class=\"elementor-widget-container\">\n\t\t\t\t\t\t\t<div class=\"elementor-shortcode\"><div class=\"rpi\" style=\"--font-family: inherit; --head-card-br: none; --head-card-radius: 12px; --head-flex-direction: column; --btn-flex-size: 100%; --btn-justify-content: center; --head-flex-text-align: center; --head-card-shadow: none; --head-btn-color: #dca54a; --head-scale-color: #000000; --name-color: #000000; --name-weight: 500; --card-shadow: none; --card-padding: 1em; --body-gap: 8px; --text-lines: 8; --media-lines: 3; --name-fs: 14px;\" data-id=\"13101\" data-opts='{&quot;layout&quot;:&quot;grid&quot;,&quot;style_style&quot;:&quot;1&quot;,&quot;style_stars&quot;:&quot;4&quot;,&quot;style_ava&quot;:&quot;1&quot;,&quot;head_logo&quot;:&quot;5&quot;,&quot;style_logo&quot;:&quot;1&quot;,&quot;pagination&quot;:&quot;25&quot;,&quot;text_size&quot;:&quot;&quot;,&quot;hide_avatar&quot;:false,&quot;hide_name&quot;:false,&quot;disable_review_time&quot;:false,&quot;disable_user_link&quot;:false,&quot;disable_google_link&quot;:false,&quot;open_link&quot;:true,&quot;nofollow_link&quot;:true,&quot;lazy_load_img&quot;:true,&quot;time_format&quot;:&quot;&quot;,&quot;breakpoints&quot;:&quot;3000:3,1200:3,1024:2,768:2,480:1&quot;,&quot;reviewer_avatar_size&quot;:&quot;56&quot;,&quot;ajax_load&quot;:false,&quot;v2&quot;:true,&quot;trans&quot;:{&quot;read more&quot;:&quot;l\\u00e6s mere&quot;,&quot;review us on&quot;:&quot;anmeld os p\\u00e5&quot;,&quot;See all reviews&quot;:&quot;Se alle anmeldelser&quot;,&quot;More reviews&quot;:&quot;N\\u00e6ste anmeldelse&quot;,&quot;Response from the owner&quot;:&quot;Svar fra ejeren&quot;}}' data-exec=\"\"><div class=\"rpi-cnt rpi-col-m rpi-grid rpi-sh\" data-opts='' style=\"visibility:var(--visible, hidden)\" ><div class=\"rpi-header rpi-header_top\"><div class=\"rpi-cards\"><div class=\"rpi-card rpi-card_block\" data-provider=\"google\"><div class=\"rpi-card-inner rpi-flexwrap\"><span class=\"rpi-logos\"><span class=\"rpi-logo rpi-logo-google\"><\/span><\/span><div class=\"rpi-flex\"><div class=\"rpi-info\"><a href=\"http:\/\/vanfittery.de\/\" class=\"rpi-name\" target=\"_blank\" rel=\"noopener nofollow\" aria-label=\"VANFITTERY - summary business\">VANFITTERY<\/a><span class=\"rpi-stars\" style=\"--rating:4.9\">4.9<\/span><div class=\"rpi-based\">Baseret p\u00e5 56 anmeldelser<\/div><\/div><\/div><div class=\"rpi-slider-btn\"><div class=\"rpi-review_us rpi-clickable\"><a href=\"https:\/\/search.google.com\/local\/reviews?placeid=ChIJMzkwVs-BdUcR_mPQ7SwYBJ4\" target=\"_blank\" rel=\"noopener\">Se alle anmeldelser<\/a><\/div><div class=\"rpi-review_us rpi-clickable\"><a href=\"https:\/\/search.google.com\/local\/writereview?placeid=ChIJMzkwVs-BdUcR_mPQ7SwYBJ4\" class=\"rpi-logo_after rpi-logo-google\" target=\"_blank\" rel=\"noopener\" onclick=\"rpi.Utils.popup(&#039;https:\/\/search.google.com\/local\/writereview?placeid=ChIJMzkwVs-BdUcR_mPQ7SwYBJ4&#039;, 800, 600)\">anmeld os p\u00e5<\/a><\/div><\/div><\/div><\/div><\/div><\/div><div class=\"rpi-content rpi-content_top\"><div class=\"rpi-cards\" data-offset=\"25\" data-count=\"56\"><div class=\"rpi-card\" data-provider=\"google\" data-rat=\"5\"><div class=\"rpi-card-inner\"><div class=\"rpi-flex\"><div class=\"rpi-img-wrap\"><img loading=\"lazy\" decoding=\"async\" src=\"https:\/\/lh3.googleusercontent.com\/a\/ACg8ocI8_PeDhewPis-iRju3WMJ5DPsyaaH_Zs1vu_myUxI2Xm1o0Q=s56-c-rp-mo-br100\" class=\"rpi-img\" loading=\"lazy\" width=\"56\" height=\"56\" alt=\"\" onerror=\"if(this.src!='https:\/\/vanfittery.de\/wp-content\/plugins\/business-reviews-bundle\/assets\/img\/google_avatar.png')this.src='https:\/\/vanfittery.de\/wp-content\/plugins\/business-reviews-bundle\/assets\/img\/google_avatar.png';\"><\/div><div class=\"rpi-info\"><a href=\"https:\/\/search.google.com\/local\/reviews?placeid=ChIJMzkwVs-BdUcR_mPQ7SwYBJ4\" class=\"rpi-name\" target=\"_blank\" rel=\"noopener nofollow\" aria-label=\"Susanne B. - google user profile\">Susanne B.<\/a><div class=\"rpi-time\" data-time=\"1768635843527\"><\/div><\/div><\/div><div class=\"rpi-body rpi-normal-up__body\"><span class=\"rpi-stars\" style=\"--rating:5\"><\/span><div class=\"rpi-text rpi-scroll\" tabindex=\"0\">Hab mir die Bodenplatte f\u00fcr den Vanster gekauft. Passt perfekt. Tolle Arbeit und super sympathisch \ud83d\ude42<\/div><div class=\"rpi-reply rpi-scroll\"><b>Svar fra ejeren:<\/b>Dankesch\u00f6n Susanne! \ud83d\ude42<\/div><\/div><\/div><\/div><div class=\"rpi-card\" data-provider=\"google\" data-rat=\"5\"><div class=\"rpi-card-inner\"><div class=\"rpi-flex\"><div class=\"rpi-img-wrap\"><img loading=\"lazy\" decoding=\"async\" src=\"https:\/\/lh3.googleusercontent.com\/a\/ACg8ocJmjkFFRANIXbqQdsQxHaiFdBBGMR9hdOZ9H4VNT1OnAx0d2w=s56-c-rp-mo-br100\" class=\"rpi-img\" loading=\"lazy\" width=\"56\" height=\"56\" alt=\"\" onerror=\"if(this.src!='https:\/\/vanfittery.de\/wp-content\/plugins\/business-reviews-bundle\/assets\/img\/google_avatar.png')this.src='https:\/\/vanfittery.de\/wp-content\/plugins\/business-reviews-bundle\/assets\/img\/google_avatar.png';\"><\/div><div class=\"rpi-info\"><a href=\"https:\/\/search.google.com\/local\/reviews?placeid=ChIJMzkwVs-BdUcR_mPQ7SwYBJ4\" class=\"rpi-name\" target=\"_blank\" rel=\"noopener nofollow\" aria-label=\"Julia G. - google user profile\">Julia G.<\/a><div class=\"rpi-time\" data-time=\"1765725601395\"><\/div><\/div><\/div><div class=\"rpi-body rpi-normal-up__body\"><span class=\"rpi-stars\" style=\"--rating:5\"><\/span><div class=\"rpi-text rpi-scroll\" tabindex=\"0\">Ich habe mich f\u00fcr das ausziehbare K\u00fcchenmodul f\u00fcr meinen Nissan NV300 entschieden.<br \/>Alle meine Fragen wurden super schnell und immer sehr freundlich beantwortet. Ich war f\u00fcr die Abholung vor Ort und wurde sehr nett empfangen.<br \/>Die K\u00fcche hat dann perfekt gepasst und ich konnte sie direkt mitnehmen.<br \/><br \/>Rundum zufrieden. \ud83d\udc4d<\/div><\/div><\/div><\/div><div class=\"rpi-card\" data-provider=\"google\" data-rat=\"5\"><div class=\"rpi-card-inner\"><div class=\"rpi-flex\"><div class=\"rpi-img-wrap\"><img loading=\"lazy\" decoding=\"async\" src=\"https:\/\/lh3.googleusercontent.com\/a\/ACg8ocKh9mh2hBP9liF3oxdPBsywNat4v17KzUtVCm8uxJS3L63Bdw=s56-c-rp-mo-br100\" class=\"rpi-img\" loading=\"lazy\" width=\"56\" height=\"56\" alt=\"\" onerror=\"if(this.src!='https:\/\/vanfittery.de\/wp-content\/plugins\/business-reviews-bundle\/assets\/img\/google_avatar.png')this.src='https:\/\/vanfittery.de\/wp-content\/plugins\/business-reviews-bundle\/assets\/img\/google_avatar.png';\"><\/div><div class=\"rpi-info\"><a href=\"https:\/\/maps.google.com\/maps\/contrib\/110275312461364632893\" class=\"rpi-name\" target=\"_blank\" rel=\"noopener nofollow\" aria-label=\"Rudolf - google user profile\">Rudolf<\/a><div class=\"rpi-time\" data-time=\"1762165494089\"><\/div><\/div><\/div><div class=\"rpi-body rpi-normal-up__body\"><span class=\"rpi-stars\" style=\"--rating:5\"><\/span><div class=\"rpi-text rpi-scroll\" tabindex=\"0\">Ich habe Dina und Tobi in Wels am Caravan Salon kennengelernt - ich war auf der Suche nach Innovationen, meinen schon begonnenen &quot;Selbstausbau&quot; meines T5 Multivan fortzusetzen.<br \/>Dann kam ich zum Stand von VANFITTERY - was soll ich sagen, das Bettsystem Van hat mich \u00fcberzeugt, es gefiel mir sofort - ich beschloss, auf dieses System umzusteigen und nicht selber &quot;weiterzuwerkeln&quot;, denn man sieht, dass die Beiden viele Dinge schon umgesetzt haben und das System super durchdacht ist. Klar, es gibt auch andere Anbieter, aber die \u00fcberaus nette und freundliche Art von Dina und Tobi und die dort ausgestellte Ware habe mich zum Kauf bewogen.<br \/>Zuhause angekommen \u00fcberlegte ich doch nochmal den Selbstausbau, kam aber bald zu dem Ergebnis, dass das Preis-Leistungsverh\u00e4ltnis f\u00fcr mich ok ist und habe bestellt. Zun\u00e4chst hie\u00df es, die Lieferung w\u00fcrde einige Wochen dauern,(was auch ok gewesen w\u00e4re), daraus wurden nur 10 Tage und das Ding stand bei mir daheim. Ausgepackt, reingehoben, abgespannt - fertig! So geht &quot;Selbstbau&quot; f\u00fcr mich, lol.<br \/>Ich kann VANFITTERY nur empfehlen, superschnell geliefert(zumindest bei mir), sehr sch\u00f6n verarbeitet, tolle Umsetzung - wir sind super zufrieden und werden sicher dort noch etwas finden \ud83d\ude09 .<\/div><div class=\"rpi-media\"><img decoding=\"async\" class=\"rpi-thumb rpi-clickable\" src=\"https:\/\/lh3.googleusercontent.com\/gpms-cs-s\/ABJJf50Sz6zbiuJBzshFmvDi_W5aP_vuK7ZW2yyGjR24xasvwKmNUYNtg5ESDrkIXdt3qbQ-mxq_A6uMg1AMpixucn0kESu3RSd7tRxouMRBYFWUAuitbPh87l9TVxnk1wYabfLEMXGS5YsIGeWo=s66\" onclick=\"rpi.Utils.popup('https:\/\/lh3.googleusercontent.com\/gpms-cs-s\/ABJJf50Sz6zbiuJBzshFmvDi_W5aP_vuK7ZW2yyGjR24xasvwKmNUYNtg5ESDrkIXdt3qbQ-mxq_A6uMg1AMpixucn0kESu3RSd7tRxouMRBYFWUAuitbPh87l9TVxnk1wYabfLEMXGS5YsIGeWo=s0', 800, 600)\" alt=\"Photo from customer review\" loading=\"lazy\"><img decoding=\"async\" class=\"rpi-thumb rpi-clickable\" src=\"https:\/\/lh3.googleusercontent.com\/gpms-cs-s\/ABJJf50D4tqUke7O7a68uxEouvU6a-7SVdKNchk3QYktP7AqMuPkIMRl9yidmWya2oq7SziJ8fho7zUGn5iL2QCy64bu5RzOSIk23uVNhcryDQX6iI-joF_Cy1gg4xAhByaz3idLBxiZbbndx_p6=s66\" onclick=\"rpi.Utils.popup('https:\/\/lh3.googleusercontent.com\/gpms-cs-s\/ABJJf50D4tqUke7O7a68uxEouvU6a-7SVdKNchk3QYktP7AqMuPkIMRl9yidmWya2oq7SziJ8fho7zUGn5iL2QCy64bu5RzOSIk23uVNhcryDQX6iI-joF_Cy1gg4xAhByaz3idLBxiZbbndx_p6=s0', 800, 600)\" alt=\"Photo from customer review\" loading=\"lazy\"><\/div><\/div><\/div><\/div><div class=\"rpi-card\" data-provider=\"google\" data-rat=\"5\"><div class=\"rpi-card-inner\"><div class=\"rpi-flex\"><div class=\"rpi-img-wrap\"><img loading=\"lazy\" decoding=\"async\" src=\"https:\/\/lh3.googleusercontent.com\/a\/ACg8ocI2U_Xml-XwG5IwYauZwNjX-54KZ7Z5Z6IuY-K8GW-31bsM7A=s56-c-rp-mo-br100\" class=\"rpi-img\" loading=\"lazy\" width=\"56\" height=\"56\" alt=\"\" onerror=\"if(this.src!='https:\/\/vanfittery.de\/wp-content\/plugins\/business-reviews-bundle\/assets\/img\/google_avatar.png')this.src='https:\/\/vanfittery.de\/wp-content\/plugins\/business-reviews-bundle\/assets\/img\/google_avatar.png';\"><\/div><div class=\"rpi-info\"><a href=\"https:\/\/search.google.com\/local\/reviews?placeid=ChIJMzkwVs-BdUcR_mPQ7SwYBJ4\" class=\"rpi-name\" target=\"_blank\" rel=\"noopener nofollow\" aria-label=\"A - google user profile\">A<\/a><div class=\"rpi-time\" data-time=\"1759844796657\"><\/div><\/div><\/div><div class=\"rpi-body rpi-normal-up__body\"><span class=\"rpi-stars\" style=\"--rating:5\"><\/span><div class=\"rpi-text rpi-scroll\" tabindex=\"0\">Jetzt nach zweieinhalb Jahren kann ich immer noch sagen, das Bettmodul von Vanfittery ist sowohl flexibel, bequem und passt genau zu meinen Anforderungen. Es ist schnell (1 Minute) von einer Sitzbank zum 2m x 1,45m gro\u00dfen Bett ausgezogen und genauso einfach wieder zur\u00fcckverwandelt. Ausreichend gro\u00dfe Ausz\u00fcge bieten f\u00fcr alles Platz was man f\u00fcr mehrere Wochen ben\u00f6tigt, lange Gegenst\u00e4nde, Kabel und Wurfzelt passen in die Zwischenr\u00e4ume von Bett und Fahrzeugau\u00dfenwand. Zusammen mit der Boxio (im vorderen Auszug) und dem Halter f\u00fcr den Gaskocher (im hinteren Auszug) bleibt kein Wunsch offen, sogar mein Hund in der gro\u00dfen Hundebox reist bequem mit und auch mein Fahrrad passt noch w\u00e4hrend der Fahrt in den Raum zwischen Modul und Cockpit. Ich fahre einen Fiat Scudo mit langem Radstand, rechter Schiebet\u00fcr und Heckklappe. Eine aufklappbare, freitragende Markise die b\u00fcndig mit der Heckklappe abschlie\u00dft vervollkommnen das gro\u00dfe Raumgef\u00fchl. Der Preis und der Service sind auch, gegen\u00fcber anderen Modulanbietern, sehr g\u00fcnstig. Der Ein und Ausbau erfordert zwei kr\u00e4ftige Menschen und ist in ein paar Minuten erledigt.<\/div><\/div><\/div><\/div><div class=\"rpi-card\" data-provider=\"google\" data-rat=\"5\"><div class=\"rpi-card-inner\"><div class=\"rpi-flex\"><div class=\"rpi-img-wrap\"><img loading=\"lazy\" decoding=\"async\" src=\"https:\/\/lh3.googleusercontent.com\/a\/ACg8ocLU6TWGP0q4srJ95GCTEz-mE08NBCx81lr4CotrD2CuymG8yA=s56-c-rp-mo-br100\" class=\"rpi-img\" loading=\"lazy\" width=\"56\" height=\"56\" alt=\"\" onerror=\"if(this.src!='https:\/\/vanfittery.de\/wp-content\/plugins\/business-reviews-bundle\/assets\/img\/google_avatar.png')this.src='https:\/\/vanfittery.de\/wp-content\/plugins\/business-reviews-bundle\/assets\/img\/google_avatar.png';\"><\/div><div class=\"rpi-info\"><a href=\"https:\/\/maps.google.com\/maps\/contrib\/109871550272876033188\" class=\"rpi-name\" target=\"_blank\" rel=\"noopener nofollow\" aria-label=\"Nils H. - google user profile\">Nils H.<\/a><div class=\"rpi-time\" data-time=\"1759410875407\"><\/div><\/div><\/div><div class=\"rpi-body rpi-normal-up__body\"><span class=\"rpi-stars\" style=\"--rating:5\"><\/span><div class=\"rpi-text rpi-scroll\" tabindex=\"0\">Wir hatten uns bei der Planung unseres Ausbaus eines Ford Transit Custom BJ 2024 mit kurzem Radstand, nach einiger Recherche f\u00fcr die M\u00f6bel von Vanfittery entschieden und es bisher keine Sekunde bereut. Nach einer ausf\u00fchrlichen telefonischen Beratung hatten wir uns dann auch f\u00fcr die f\u00fcr uns passenden M\u00f6bel in der richtigen Gr\u00f6\u00dfe entschieden und bekamen gleichzeitig noch einen guten Tipp f\u00fcr unseren geplanten Fu\u00dfboden.<br \/>Anfang Juni war es soweit und wir sind mit gepackten Taschen, bereit f\u00fcr den ersten Urlaub nach Postau gefahren, um auf den Weg in den S\u00fcden unsere neuen M\u00f6bel abzuholen. Die Kommunikation und die Koordination im Vorfeld verliefen sehr angenehm und v\u00f6llig reibungslos. Wir wurden herzlich begr\u00fc\u00dft und dann tatkr\u00e4ftig bei der Montage der M\u00f6bel unterst\u00fctzt. Durch ein Missverst\u00e4ndnis hatten wir leider vergessen, einen Gaskocher mitzubringen, sodass uns kurzer Hand einer f\u00fcr den geplanten Urlaub geliehen wurde. So konnte es endlich losgehen. Die M\u00f6bel sind von hoher Qualit\u00e4t sowie mit viel Liebe zum Detail entworfen und gebaut. Wir w\u00fcrden das n\u00e4chste Mal nichts anders machen. Herzlichen Dank, Vanfittery. Elena+Nils<\/div><div class=\"rpi-media\"><img decoding=\"async\" class=\"rpi-thumb rpi-clickable\" src=\"https:\/\/lh3.googleusercontent.com\/gpms-cs-s\/ABJJf51L0L-2Ga6T05u9hLqy_aM2zhAf5WTVaQwnOyJwQ4hKNWTo1BGw_3EA6yv8_LwiiBWQInTwnn-NAvMRzzgpCUedZdAUTFa_L6tGnUU1haeN2rgBX7cxlwq2uHdKQ6pyBApMqj3q7yhuy-jX=s66\" onclick=\"rpi.Utils.popup('https:\/\/lh3.googleusercontent.com\/gpms-cs-s\/ABJJf51L0L-2Ga6T05u9hLqy_aM2zhAf5WTVaQwnOyJwQ4hKNWTo1BGw_3EA6yv8_LwiiBWQInTwnn-NAvMRzzgpCUedZdAUTFa_L6tGnUU1haeN2rgBX7cxlwq2uHdKQ6pyBApMqj3q7yhuy-jX=s0', 800, 600)\" alt=\"Photo from customer review\" loading=\"lazy\"><img decoding=\"async\" class=\"rpi-thumb rpi-clickable\" src=\"https:\/\/lh3.googleusercontent.com\/gpms-cs-s\/ABJJf50ct8wSJf7P-4_kfbexeQ9-1thoFod8FLh9UHYgQPwV8c4ZVX_-CVX5Jk-lKOBL2ltWfi-qoDcEnCdDTi__qBhoni6nbyrqzm6CeFgqom9iWf2KeLoK2Jw4SG6k-htNhZDkhb8sD4TDgw9d=s66\" onclick=\"rpi.Utils.popup('https:\/\/lh3.googleusercontent.com\/gpms-cs-s\/ABJJf50ct8wSJf7P-4_kfbexeQ9-1thoFod8FLh9UHYgQPwV8c4ZVX_-CVX5Jk-lKOBL2ltWfi-qoDcEnCdDTi__qBhoni6nbyrqzm6CeFgqom9iWf2KeLoK2Jw4SG6k-htNhZDkhb8sD4TDgw9d=s0', 800, 600)\" alt=\"Photo from customer review\" loading=\"lazy\"><\/div><\/div><\/div><\/div><div class=\"rpi-card\" data-provider=\"google\" data-rat=\"5\"><div class=\"rpi-card-inner\"><div class=\"rpi-flex\"><div class=\"rpi-img-wrap\"><img loading=\"lazy\" decoding=\"async\" src=\"https:\/\/lh3.googleusercontent.com\/a\/ACg8ocJPTbwSgX4fNDkKZ1xL4oZvxdMxIqbS1Fkh_f3RB63BMduUpg=s56-c-rp-mo-br100\" class=\"rpi-img\" loading=\"lazy\" width=\"56\" height=\"56\" alt=\"\" onerror=\"if(this.src!='https:\/\/vanfittery.de\/wp-content\/plugins\/business-reviews-bundle\/assets\/img\/google_avatar.png')this.src='https:\/\/vanfittery.de\/wp-content\/plugins\/business-reviews-bundle\/assets\/img\/google_avatar.png';\"><\/div><div class=\"rpi-info\"><a href=\"https:\/\/search.google.com\/local\/reviews?placeid=ChIJMzkwVs-BdUcR_mPQ7SwYBJ4\" class=\"rpi-name\" target=\"_blank\" rel=\"noopener nofollow\" aria-label=\"J\u00fcrgen M. - google user profile\">J\u00fcrgen M.<\/a><div class=\"rpi-time\" data-time=\"1756911598769\"><\/div><\/div><\/div><div class=\"rpi-body rpi-normal-up__body\"><span class=\"rpi-stars\" style=\"--rating:5\"><\/span><div class=\"rpi-text rpi-scroll\" tabindex=\"0\">Ende letzten Jahres habe ich mich damit besch\u00e4ftigt in meinen EQV300 eine flexible Campingausstattung einzubauen, die ich auch bei Bedarf wieder leicht ausbauen kann wenn ich etwas gr\u00f6\u00dferes tranportieren m\u00f6chte. Nach vielen Vergleichen viel meine Entscheidung auf Vanfittery. Eine Entscheidung die ich bis heute nicht bereue. Super Verarbeitung, \u00f6kologisch durchdachtes System und leicht ein- und auszubauen und gut anpassbar an die Gegebenheiten. Tolle Kommunikation und jederzeit hilfsbereit Sonderl\u00f6sungen zu realisieren.<\/div><\/div><\/div><\/div><div class=\"rpi-card\" data-provider=\"google\" data-rat=\"5\"><div class=\"rpi-card-inner\"><div class=\"rpi-flex\"><div class=\"rpi-img-wrap\"><img loading=\"lazy\" decoding=\"async\" src=\"https:\/\/lh3.googleusercontent.com\/a\/ACg8ocL3SjXrYcaXA7Dv0b70hftfAbKCTMxRtgvtM9S4TUJCIIYpng=s56-c-rp-mo-ba2-br100\" class=\"rpi-img\" loading=\"lazy\" width=\"56\" height=\"56\" alt=\"\" onerror=\"if(this.src!='https:\/\/vanfittery.de\/wp-content\/plugins\/business-reviews-bundle\/assets\/img\/google_avatar.png')this.src='https:\/\/vanfittery.de\/wp-content\/plugins\/business-reviews-bundle\/assets\/img\/google_avatar.png';\"><\/div><div class=\"rpi-info\"><a href=\"https:\/\/maps.google.com\/maps\/contrib\/114167808302306329876\" class=\"rpi-name\" target=\"_blank\" rel=\"noopener nofollow\" aria-label=\"Nico L. - google user profile\">Nico L.<\/a><div class=\"rpi-time\" data-time=\"1755201593662\"><\/div><\/div><\/div><div class=\"rpi-body rpi-normal-up__body\"><span class=\"rpi-stars\" style=\"--rating:5\"><\/span><div class=\"rpi-text rpi-scroll\" tabindex=\"0\">Wir sind seit ca. 1,5 Jahren im Besitz des Bettsystems Van f\u00fcr unseren VW T6 und \u00e4u\u00dferst zufrieden. Die Box hat eine super Qualit\u00e4t und man hat die M\u00f6glichkeit jede Menge zu verstauen, auch l\u00e4ngere Gegenst\u00e4nde wie z. B. Sonnenschirme. Selbst mit einer K\u00f6rpergr\u00f6\u00dfe von 1,97 m schlafe ich mit meiner Freundin sehr gem\u00fctlich. Uns \u00fcberzeugt au\u00dferdem, dass das System durch relativ g\u00fcnstige und gut verf\u00fcgbare Ikea-Artikel (Matratze, Boxen usw.) erg\u00e4nzt werden kann.<br \/><br \/>Wir hatten nun erstmalig ein kleineres \u201eProblem\u201c, da eine Schublade nicht mehr schloss. Tobi von Vanfittery hatte noch am gleichen Tag eine L\u00f6sung parat und das Problem war mit dem Festziehen von ein paar Schrauben erledigt.<br \/><br \/>Kurzum: Wir k\u00f6nnen unser Schlafsystem w\u00e4rmstens weiterempfehlen!<\/div><div class=\"rpi-media\"><img decoding=\"async\" class=\"rpi-thumb rpi-clickable\" src=\"https:\/\/lh3.googleusercontent.com\/gpms-cs-s\/ABJJf52Xzj8IzINO1DvMI1sRbsGc0q3zHDNaMCI1ItQcPSIWjgaNilYf83fx3y2PfmHosPluIDfb7zEkBmA5kYmztC3Mr5JW6HVUgipvOd9nMvuurPbibg0-T09YR9iSrEHJ75Uih5bzrINHpP9B=s66\" onclick=\"rpi.Utils.popup('https:\/\/lh3.googleusercontent.com\/gpms-cs-s\/ABJJf52Xzj8IzINO1DvMI1sRbsGc0q3zHDNaMCI1ItQcPSIWjgaNilYf83fx3y2PfmHosPluIDfb7zEkBmA5kYmztC3Mr5JW6HVUgipvOd9nMvuurPbibg0-T09YR9iSrEHJ75Uih5bzrINHpP9B=s0', 800, 600)\" alt=\"Photo from customer review\" loading=\"lazy\"><img decoding=\"async\" class=\"rpi-thumb rpi-clickable\" src=\"https:\/\/lh3.googleusercontent.com\/gpms-cs-s\/ABJJf51LA7Jc4rciGwBkoZAejPsP6thxvKV4DwTkkNTua7xe4unLt8DtJOs_PDTYftMEBxKGXpY2nVIoHT5xAypxqhXiW6ASmZwNtRQidPCOnLb29lHs1Rly4mtt2oDXCjHgiSjfS0cG8XFidhna=s66\" onclick=\"rpi.Utils.popup('https:\/\/lh3.googleusercontent.com\/gpms-cs-s\/ABJJf51LA7Jc4rciGwBkoZAejPsP6thxvKV4DwTkkNTua7xe4unLt8DtJOs_PDTYftMEBxKGXpY2nVIoHT5xAypxqhXiW6ASmZwNtRQidPCOnLb29lHs1Rly4mtt2oDXCjHgiSjfS0cG8XFidhna=s0', 800, 600)\" alt=\"Photo from customer review\" loading=\"lazy\"><img decoding=\"async\" class=\"rpi-thumb rpi-clickable\" src=\"https:\/\/lh3.googleusercontent.com\/gpms-cs-s\/ABJJf53MCGq81zSy88AIklMWAR101PBgj5X9NwCDMeOK3z6BSdXPc9UuNnLyAJo1qo1LWHBY3laPXh_MvYjGr9WM7DXMl754QLxrHCZP90JLDe_MKZeiJaog2m4oUJaJzC3EAovs5R7ZgNjolZQ=s66\" onclick=\"rpi.Utils.popup('https:\/\/lh3.googleusercontent.com\/gpms-cs-s\/ABJJf53MCGq81zSy88AIklMWAR101PBgj5X9NwCDMeOK3z6BSdXPc9UuNnLyAJo1qo1LWHBY3laPXh_MvYjGr9WM7DXMl754QLxrHCZP90JLDe_MKZeiJaog2m4oUJaJzC3EAovs5R7ZgNjolZQ=s0', 800, 600)\" alt=\"Photo from customer review\" loading=\"lazy\"><\/div><\/div><\/div><\/div><div class=\"rpi-card\" data-provider=\"google\" data-rat=\"5\"><div class=\"rpi-card-inner\"><div class=\"rpi-flex\"><div class=\"rpi-img-wrap\"><img loading=\"lazy\" decoding=\"async\" src=\"https:\/\/lh3.googleusercontent.com\/a\/ACg8ocIpVZ2iphz0HCx7HKeT9f0bAWVl2MzzUAtXjTghrN6XcXmwEg=s56-c-rp-mo-br100\" class=\"rpi-img\" loading=\"lazy\" width=\"56\" height=\"56\" alt=\"\" onerror=\"if(this.src!='https:\/\/vanfittery.de\/wp-content\/plugins\/business-reviews-bundle\/assets\/img\/google_avatar.png')this.src='https:\/\/vanfittery.de\/wp-content\/plugins\/business-reviews-bundle\/assets\/img\/google_avatar.png';\"><\/div><div class=\"rpi-info\"><a href=\"https:\/\/maps.google.com\/maps\/contrib\/115274408502667262368\" class=\"rpi-name\" target=\"_blank\" rel=\"noopener nofollow\" aria-label=\"Thomas S. - google user profile\">Thomas S.<\/a><div class=\"rpi-time\" data-time=\"1754745978283\"><\/div><\/div><\/div><div class=\"rpi-body rpi-normal-up__body\"><span class=\"rpi-stars\" style=\"--rating:5\"><\/span><div class=\"rpi-text rpi-scroll\" tabindex=\"0\">VanFittery ist ein tolles Unternehmen , sehr nette , kompetente, junge Leute, die mit Begeisterung bei der Sache sind. Wichtig: die Flexibilit\u00e4t, mit der die Besitzer ans Werk gehen, auch bei neuen Automodellen, wie unserem Ford Tourneo Custom, Bj. 24\/25. Top Beratung und tolle Gespr\u00e4che \ud83d\ude00\ud83d\udc4d. Vielen Dank an euer Team und viel Erfolg und Freude weiterhin . Carola u Thomas<\/div><div class=\"rpi-media\"><img decoding=\"async\" class=\"rpi-thumb rpi-clickable\" src=\"https:\/\/lh3.googleusercontent.com\/gpms-cs-s\/ABJJf51x5e8Q79aDh4E0nWEIHSEMge1BY6idHhXqyRfo_K7-5ItFg1iow4ZwjBL5BJXkOipsym3eBvNVQ0h1WBHUUFVcAlGWqdpimHqhfuyKmKHyLhNA7nIU0xr17nqWqM_JzsBmqqQ3PSoDH-T0=s66\" onclick=\"rpi.Utils.popup('https:\/\/lh3.googleusercontent.com\/gpms-cs-s\/ABJJf51x5e8Q79aDh4E0nWEIHSEMge1BY6idHhXqyRfo_K7-5ItFg1iow4ZwjBL5BJXkOipsym3eBvNVQ0h1WBHUUFVcAlGWqdpimHqhfuyKmKHyLhNA7nIU0xr17nqWqM_JzsBmqqQ3PSoDH-T0=s0', 800, 600)\" alt=\"Photo from customer review\" loading=\"lazy\"><img decoding=\"async\" class=\"rpi-thumb rpi-clickable\" src=\"https:\/\/lh3.googleusercontent.com\/gpms-cs-s\/ABJJf5382Q1f6DAsaxyxHnyWhS6hCnpZc5vUFWYCajlmhfYWiP-MiQzZFNHT14xFMwGMzjF4YrVNbaTTw_M3elM-zvfcUoyNPfLFHavG4clJHfNhSjHXIuhRHk8HDbyEBv4MDpHSLGUa9-4yGuw=s66\" onclick=\"rpi.Utils.popup('https:\/\/lh3.googleusercontent.com\/gpms-cs-s\/ABJJf5382Q1f6DAsaxyxHnyWhS6hCnpZc5vUFWYCajlmhfYWiP-MiQzZFNHT14xFMwGMzjF4YrVNbaTTw_M3elM-zvfcUoyNPfLFHavG4clJHfNhSjHXIuhRHk8HDbyEBv4MDpHSLGUa9-4yGuw=s0', 800, 600)\" alt=\"Photo from customer review\" loading=\"lazy\"><img decoding=\"async\" class=\"rpi-thumb rpi-clickable\" src=\"https:\/\/lh3.googleusercontent.com\/gpms-cs-s\/ABJJf53VHHUonRBWAS7dbe88N9sIpW2lnx_oxNGqwStSt9Fw3lHIzFKat9Mlh9YNr8bwsPFde-n_11WAfe2h0rkios9Y_ss1RotT1qSGodTJ08F5sYm94yIHKZBAOclM_6h-bdj-OuDftr4XV4U=s66\" onclick=\"rpi.Utils.popup('https:\/\/lh3.googleusercontent.com\/gpms-cs-s\/ABJJf53VHHUonRBWAS7dbe88N9sIpW2lnx_oxNGqwStSt9Fw3lHIzFKat9Mlh9YNr8bwsPFde-n_11WAfe2h0rkios9Y_ss1RotT1qSGodTJ08F5sYm94yIHKZBAOclM_6h-bdj-OuDftr4XV4U=s0', 800, 600)\" alt=\"Photo from customer review\" loading=\"lazy\"><\/div><\/div><\/div><\/div><div class=\"rpi-card\" data-provider=\"google\" data-rat=\"5\"><div class=\"rpi-card-inner\"><div class=\"rpi-flex\"><div class=\"rpi-img-wrap\"><img loading=\"lazy\" decoding=\"async\" src=\"https:\/\/lh3.googleusercontent.com\/a\/ACg8ocIdRhSVS_kbHoNgw2vDef0G2GzPAmnxTHtUOutnCLLOxNi8bA=s56-c-rp-mo-ba4-br100\" class=\"rpi-img\" loading=\"lazy\" width=\"56\" height=\"56\" alt=\"\" onerror=\"if(this.src!='https:\/\/vanfittery.de\/wp-content\/plugins\/business-reviews-bundle\/assets\/img\/google_avatar.png')this.src='https:\/\/vanfittery.de\/wp-content\/plugins\/business-reviews-bundle\/assets\/img\/google_avatar.png';\"><\/div><div class=\"rpi-info\"><a href=\"https:\/\/search.google.com\/local\/reviews?placeid=ChIJMzkwVs-BdUcR_mPQ7SwYBJ4\" class=\"rpi-name\" target=\"_blank\" rel=\"noopener nofollow\" aria-label=\"Mitfreundlichen - google user profile\">Mitfreundlichen<\/a><div class=\"rpi-time\" data-time=\"1751994625355\"><\/div><\/div><\/div><div class=\"rpi-body rpi-normal-up__body\"><span class=\"rpi-stars\" style=\"--rating:5\"><\/span><div class=\"rpi-text rpi-scroll\" tabindex=\"0\">Das Beste was mir in Sachen Camping Modul f\u00fcr Vans bisher begegnet ist. Sehr freundlich, kompetent und hilfsbereit.<\/div><div class=\"rpi-reply rpi-scroll\"><b>Svar fra ejeren:<\/b>Das freut uns sehr. Danke!<\/div><\/div><\/div><\/div><div class=\"rpi-card\" data-provider=\"google\" data-rat=\"5\"><div class=\"rpi-card-inner\"><div class=\"rpi-flex\"><div class=\"rpi-img-wrap\"><img loading=\"lazy\" decoding=\"async\" src=\"https:\/\/lh3.googleusercontent.com\/a\/ACg8ocK1UTg50qIwLuDHERaBZcFFKLb_MahzPs4IRypEGaw4astlDg=s56-c-rp-mo-br100\" class=\"rpi-img\" loading=\"lazy\" width=\"56\" height=\"56\" alt=\"\" onerror=\"if(this.src!='https:\/\/vanfittery.de\/wp-content\/plugins\/business-reviews-bundle\/assets\/img\/google_avatar.png')this.src='https:\/\/vanfittery.de\/wp-content\/plugins\/business-reviews-bundle\/assets\/img\/google_avatar.png';\"><\/div><div class=\"rpi-info\"><a href=\"https:\/\/search.google.com\/local\/reviews?placeid=ChIJMzkwVs-BdUcR_mPQ7SwYBJ4\" class=\"rpi-name\" target=\"_blank\" rel=\"noopener nofollow\" aria-label=\"Fienchen 1. - google user profile\">Fienchen 1.<\/a><div class=\"rpi-time\" data-time=\"1751441189229\"><\/div><\/div><\/div><div class=\"rpi-body rpi-normal-up__body\"><span class=\"rpi-stars\" style=\"--rating:5\"><\/span><div class=\"rpi-text rpi-scroll\" tabindex=\"0\">Ich hab nach einer Drehkonsole f\u00fcr die Doppelsitzbank im VW Crafter ab 2017 gesucht und bin bei Vanfittery f\u00fcndig geworden. Zun\u00e4chst war es ausverkauft, man kann sich aber vormerken lassen und ich kriegte eine Mail, als das Teil wieder verf\u00fcgbar war. Der Versand ging richtig schnell und auch der Einbau mit der Anleitung war perfekt beschrieben und ziemlich easy! Ich bin absolut begeistert!<\/div><\/div><\/div><\/div><div class=\"rpi-card\" data-provider=\"google\" data-rat=\"5\"><div class=\"rpi-card-inner\"><div class=\"rpi-flex\"><div class=\"rpi-img-wrap\"><img loading=\"lazy\" decoding=\"async\" src=\"https:\/\/lh3.googleusercontent.com\/a\/ACg8ocKDBBhD5mf8zwW20vJYIMpat84M3MYgjGtMbB5GO27UplE0Sg=s56-c-rp-mo-ba3-br100\" class=\"rpi-img\" loading=\"lazy\" width=\"56\" height=\"56\" alt=\"\" onerror=\"if(this.src!='https:\/\/vanfittery.de\/wp-content\/plugins\/business-reviews-bundle\/assets\/img\/google_avatar.png')this.src='https:\/\/vanfittery.de\/wp-content\/plugins\/business-reviews-bundle\/assets\/img\/google_avatar.png';\"><\/div><div class=\"rpi-info\"><a href=\"https:\/\/search.google.com\/local\/reviews?placeid=ChIJMzkwVs-BdUcR_mPQ7SwYBJ4\" class=\"rpi-name\" target=\"_blank\" rel=\"noopener nofollow\" aria-label=\"Vanessa B. - google user profile\">Vanessa B.<\/a><div class=\"rpi-time\" data-time=\"1749623843558\"><\/div><\/div><\/div><div class=\"rpi-body rpi-normal-up__body\"><span class=\"rpi-stars\" style=\"--rating:5\"><\/span><div class=\"rpi-text rpi-scroll\" tabindex=\"0\">Ich hab noch ein Vorg\u00e4ngermodell, Barefoot, dort ist leider ein Scharnier gebrochen. Eine Mail mit Foto und ein paar Tage sp\u00e4ter habe ich anstandslos 2 neue Scharniere bekommen - falls das 2. auch noch den Geist aufgeben sollte.<br \/><br \/>Sie haben zwischenzeitlich den Hersteller ihrer Scharniere gewechselt. Sollte also alles weiterhin gut laufen.<br \/><br \/>Vielen lieben Dank!<\/div><\/div><\/div><\/div><div class=\"rpi-card\" data-provider=\"google\" data-rat=\"5\"><div class=\"rpi-card-inner\"><div class=\"rpi-flex\"><div class=\"rpi-img-wrap\"><img loading=\"lazy\" decoding=\"async\" src=\"https:\/\/lh3.googleusercontent.com\/a\/ACg8ocLEf7Wk5Qd3MKLGDjdcq_aPNc9prPVOorGRGY4cCZaFWivp4Q=s56-c-rp-mo-br100\" class=\"rpi-img\" loading=\"lazy\" width=\"56\" height=\"56\" alt=\"\" onerror=\"if(this.src!='https:\/\/vanfittery.de\/wp-content\/plugins\/business-reviews-bundle\/assets\/img\/google_avatar.png')this.src='https:\/\/vanfittery.de\/wp-content\/plugins\/business-reviews-bundle\/assets\/img\/google_avatar.png';\"><\/div><div class=\"rpi-info\"><a href=\"https:\/\/search.google.com\/local\/reviews?placeid=ChIJMzkwVs-BdUcR_mPQ7SwYBJ4\" class=\"rpi-name\" target=\"_blank\" rel=\"noopener nofollow\" aria-label=\"Frauke W. - google user profile\">Frauke W.<\/a><div class=\"rpi-time\" data-time=\"1746552254362\"><\/div><\/div><\/div><div class=\"rpi-body rpi-normal-up__body\"><span class=\"rpi-stars\" style=\"--rating:5\"><\/span><div class=\"rpi-text rpi-scroll\" tabindex=\"0\">Super herzliches Team mit praktischen , qualitativ hochwertigen und sch\u00f6nen Modulen. Kann ich definitiv weiterempfehlen.<\/div><\/div><\/div><\/div><div class=\"rpi-card\" data-provider=\"google\" data-rat=\"5\"><div class=\"rpi-card-inner\"><div class=\"rpi-flex\"><div class=\"rpi-img-wrap\"><img loading=\"lazy\" decoding=\"async\" src=\"https:\/\/lh3.googleusercontent.com\/a-\/ALV-UjVA86YDCxlR3kLLKYaFLT0cYGyEl-j-dGRGTTLsH6jhGR1j5cc=s56-c-rp-mo-ba2-br100\" class=\"rpi-img\" loading=\"lazy\" width=\"56\" height=\"56\" alt=\"\" onerror=\"if(this.src!='https:\/\/vanfittery.de\/wp-content\/plugins\/business-reviews-bundle\/assets\/img\/google_avatar.png')this.src='https:\/\/vanfittery.de\/wp-content\/plugins\/business-reviews-bundle\/assets\/img\/google_avatar.png';\"><\/div><div class=\"rpi-info\"><a href=\"https:\/\/search.google.com\/local\/reviews?placeid=ChIJMzkwVs-BdUcR_mPQ7SwYBJ4\" class=\"rpi-name\" target=\"_blank\" rel=\"noopener nofollow\" aria-label=\"Wolfgang N. - google user profile\">Wolfgang N.<\/a><div class=\"rpi-time\" data-time=\"1746353950219\"><\/div><\/div><\/div><div class=\"rpi-body rpi-normal-up__body\"><span class=\"rpi-stars\" style=\"--rating:5\"><\/span><div class=\"rpi-text rpi-scroll\" tabindex=\"0\">Wir haben f\u00fcr unseren VW Caddy Maxi 4 eine Camping Box f\u00fcr den Kofferaum und eine Box f\u00fcr die Schiebet\u00fcre gekauft.<br \/>Tobi und Dina waren bei der Abholung vor Ort und haben die Boxen eingebaut und die Funktion erkl\u00e4rt.<br \/>Wir k\u00f6nnen Vanfittery nur empfehlen.<\/div><\/div><\/div><\/div><div class=\"rpi-card\" data-provider=\"google\" data-rat=\"5\"><div class=\"rpi-card-inner\"><div class=\"rpi-flex\"><div class=\"rpi-img-wrap\"><img loading=\"lazy\" decoding=\"async\" src=\"https:\/\/lh3.googleusercontent.com\/a\/ACg8ocI58NPfjHJIFaTJxkoylMRATsCBzwRa1v9wnWvvn8gWZixQng=s56-c-rp-mo-br100\" class=\"rpi-img\" loading=\"lazy\" width=\"56\" height=\"56\" alt=\"\" onerror=\"if(this.src!='https:\/\/vanfittery.de\/wp-content\/plugins\/business-reviews-bundle\/assets\/img\/google_avatar.png')this.src='https:\/\/vanfittery.de\/wp-content\/plugins\/business-reviews-bundle\/assets\/img\/google_avatar.png';\"><\/div><div class=\"rpi-info\"><a href=\"https:\/\/search.google.com\/local\/reviews?placeid=ChIJMzkwVs-BdUcR_mPQ7SwYBJ4\" class=\"rpi-name\" target=\"_blank\" rel=\"noopener nofollow\" aria-label=\"David K. - google user profile\">David K.<\/a><div class=\"rpi-time\" data-time=\"1745557937208\"><\/div><\/div><\/div><div class=\"rpi-body rpi-normal-up__body\"><span class=\"rpi-stars\" style=\"--rating:5\"><\/span><div class=\"rpi-text rpi-scroll\" tabindex=\"0\">Das ganze Team ist stets bem\u00fcht eine L\u00f6sung f\u00fcr den Kunden zu finden. Selbst, wenn das Problem vom Kunden herbeigef\u00fchrt wurde, wird alles m\u00f6glich gemacht, um diesen zufriedenzustellen. Auf allen Kommunikationswegen wird sich die Zeit genommen, z\u00fcgig zu antworten und abzustimmen, wie man weiter vorgeht. Eine angenehme Zusammenarbeit, wie man es sich w\u00fcnscht.<br \/>Der Kunde\/die Kundin ist hier tats\u00e4chlich noch K\u00f6nig\/K\u00f6nigin. Insofern nochmal vielen Dank an das Team!<\/div><div class=\"rpi-reply rpi-scroll\"><b>Svar fra ejeren:<\/b>Hallo David, danke f\u00fcr dein Feedback! Freut mich dass wir eine L\u00f6sung f\u00fcr dein Problem gefunden haben. Gr\u00fc\u00dfe Tobi<\/div><\/div><\/div><\/div><div class=\"rpi-card\" data-provider=\"google\" data-rat=\"5\"><div class=\"rpi-card-inner\"><div class=\"rpi-flex\"><div class=\"rpi-img-wrap\"><img loading=\"lazy\" decoding=\"async\" src=\"https:\/\/lh3.googleusercontent.com\/a-\/ALV-UjW57XhZzxlFJcXgNlvbCp5Qe2kJ6ZG2UYDo4ArcA7vfeenV_28=s56-c-rp-mo-ba4-br100\" class=\"rpi-img\" loading=\"lazy\" width=\"56\" height=\"56\" alt=\"\" onerror=\"if(this.src!='https:\/\/vanfittery.de\/wp-content\/plugins\/business-reviews-bundle\/assets\/img\/google_avatar.png')this.src='https:\/\/vanfittery.de\/wp-content\/plugins\/business-reviews-bundle\/assets\/img\/google_avatar.png';\"><\/div><div class=\"rpi-info\"><a href=\"https:\/\/search.google.com\/local\/reviews?placeid=ChIJMzkwVs-BdUcR_mPQ7SwYBJ4\" class=\"rpi-name\" target=\"_blank\" rel=\"noopener nofollow\" aria-label=\"Explore C. - google user profile\">Explore C.<\/a><div class=\"rpi-time\" data-time=\"1744306437236\"><\/div><\/div><\/div><div class=\"rpi-body rpi-normal-up__body\"><span class=\"rpi-stars\" style=\"--rating:5\"><\/span><div class=\"rpi-text rpi-scroll\" tabindex=\"0\">Vielen Dank f\u00fcr die schnelle Lieferung der neuen Konsole. Qualit\u00e4t und Preis absolut top \ud83d\udc4d\ud83d\udc4d<\/div><div class=\"rpi-reply rpi-scroll\"><b>Svar fra ejeren:<\/b>Das freut uns zu h\u00f6ren! Danke f\u00fcr das Feedback. Sch\u00f6ne Gr\u00fc\u00dfe, der Tobi von VANFITTERY<\/div><\/div><\/div><\/div><div class=\"rpi-card\" data-provider=\"google\" data-rat=\"5\"><div class=\"rpi-card-inner\"><div class=\"rpi-flex\"><div class=\"rpi-img-wrap\"><img loading=\"lazy\" decoding=\"async\" src=\"https:\/\/lh3.googleusercontent.com\/a-\/ALV-UjX1n3s3WaPwWxUR7kfoJBOdmxhy2SGTTpNJJDw8AR_Sh5SpbUA=s56-c-rp-mo-br100\" class=\"rpi-img\" loading=\"lazy\" width=\"56\" height=\"56\" alt=\"\" onerror=\"if(this.src!='https:\/\/vanfittery.de\/wp-content\/plugins\/business-reviews-bundle\/assets\/img\/google_avatar.png')this.src='https:\/\/vanfittery.de\/wp-content\/plugins\/business-reviews-bundle\/assets\/img\/google_avatar.png';\"><\/div><div class=\"rpi-info\"><a href=\"https:\/\/maps.google.com\/maps\/contrib\/107491928138207935620\" class=\"rpi-name\" target=\"_blank\" rel=\"noopener nofollow\" aria-label=\"Sven T. - google user profile\">Sven T.<\/a><div class=\"rpi-time\" data-time=\"1743324633823\"><\/div><\/div><\/div><div class=\"rpi-body rpi-normal-up__body\"><span class=\"rpi-stars\" style=\"--rating:5\"><\/span><div class=\"rpi-text rpi-scroll\" tabindex=\"0\">Bin voll begeistert! Wir haben Tobi und Dina von Vanfittery auf der F.R.E.E. Kennengelernt und sind super beraten worden. Zwei Tage sp\u00e4ter haben wir unser Bettmodul bei Vanfittery \u00fcber deren Internetseite bestellt. Die 2-4 Wochen Lieferzeit waren dann tats\u00e4chlich nur 2. (Mega Leude!) Einbautermin, hingefahren. Alles super und unkompliziert erkl\u00e4rt. Gute Qualit\u00e4t. Begeistert bin ich vor allem von dem sehr guten Material\/Gewichts-Verh\u00e4ltniss und dem super leichten Ein- und Ausbau!<br \/>Wiederholungstat kann nicht ausgeschlossen werden.<br \/><br \/>Sehr zu empfehlen, wenn die Systeme f\u00fcr euch passen.<\/div><div class=\"rpi-media\"><img decoding=\"async\" class=\"rpi-thumb rpi-clickable\" src=\"https:\/\/lh3.googleusercontent.com\/gpms-cs-s\/ABJJf50GZQZCGNIwwJlnxZnjpMSmReH0N6bU8l72qC80TXle_MYTkBGyRWXE-kuFETo0PThvaRD4_XlYl76S2ZOD6ln4JRn_snoWx7kOqGd0ew91g_m6yboIOeFp8ufILTrzI4hsBibD=s66\" onclick=\"rpi.Utils.popup('https:\/\/lh3.googleusercontent.com\/gpms-cs-s\/ABJJf50GZQZCGNIwwJlnxZnjpMSmReH0N6bU8l72qC80TXle_MYTkBGyRWXE-kuFETo0PThvaRD4_XlYl76S2ZOD6ln4JRn_snoWx7kOqGd0ew91g_m6yboIOeFp8ufILTrzI4hsBibD=s0', 800, 600)\" alt=\"Photo from customer review\" loading=\"lazy\"><img decoding=\"async\" class=\"rpi-thumb rpi-clickable\" src=\"https:\/\/lh3.googleusercontent.com\/gpms-cs-s\/ABJJf53JnrlIemMmNgIHnkmSpMvWn8DXmESkPfH_XaaLrMmJgDYqWqEQggTEUlxoeaJHsV92VG7t7bIlcR0U6NKk2qNcA7gPapvDtWSBoQQNcFV1XIpWqRiZff82RL5KVnkcyNG7-xN3=s66\" onclick=\"rpi.Utils.popup('https:\/\/lh3.googleusercontent.com\/gpms-cs-s\/ABJJf53JnrlIemMmNgIHnkmSpMvWn8DXmESkPfH_XaaLrMmJgDYqWqEQggTEUlxoeaJHsV92VG7t7bIlcR0U6NKk2qNcA7gPapvDtWSBoQQNcFV1XIpWqRiZff82RL5KVnkcyNG7-xN3=s0', 800, 600)\" alt=\"Photo from customer review\" loading=\"lazy\"><\/div><div class=\"rpi-reply rpi-scroll\"><b>Svar fra ejeren:<\/b>Hallo Sven, vielen Dank f\u00fcr dein Feedback! Freut und sehr zu h\u00f6ren. Sch\u00f6ne Gr\u00fc\u00dfe, der Tobi von VANFITTERY<\/div><\/div><\/div><\/div><div class=\"rpi-card\" data-provider=\"google\" data-rat=\"5\"><div class=\"rpi-card-inner\"><div class=\"rpi-flex\"><div class=\"rpi-img-wrap\"><img loading=\"lazy\" decoding=\"async\" src=\"https:\/\/lh3.googleusercontent.com\/a\/ACg8ocIVGaE_-eE1haDH5fKX97TWAm6B61uU4-o35Ko0rJzzCI-dqQ=s56-c-rp-mo-br100\" class=\"rpi-img\" loading=\"lazy\" width=\"56\" height=\"56\" alt=\"\" onerror=\"if(this.src!='https:\/\/vanfittery.de\/wp-content\/plugins\/business-reviews-bundle\/assets\/img\/google_avatar.png')this.src='https:\/\/vanfittery.de\/wp-content\/plugins\/business-reviews-bundle\/assets\/img\/google_avatar.png';\"><\/div><div class=\"rpi-info\"><a href=\"https:\/\/search.google.com\/local\/reviews?placeid=ChIJMzkwVs-BdUcR_mPQ7SwYBJ4\" class=\"rpi-name\" target=\"_blank\" rel=\"noopener nofollow\" aria-label=\"Anton A. - google user profile\">Anton A.<\/a><div class=\"rpi-time\" data-time=\"1741811481660\"><\/div><\/div><\/div><div class=\"rpi-body rpi-normal-up__body\"><span class=\"rpi-stars\" style=\"--rating:5\"><\/span><div class=\"rpi-text rpi-scroll\" tabindex=\"0\">Haben uns auf der free in M\u00fcnchen die Produkte von Vanfittery angesehen und waren sofort begeistert.<br \/>Auch die Beratung war top ,wir haben uns eine l\u00e4ngs Version f\u00fcr einen vw t5 gekauft und sind begeistert!<br \/>Preis Leistung ist unschlagbar<br \/>Immer wieder gerne \ud83d\udc4d\ud83d\udc4d<\/div><\/div><\/div><\/div><div class=\"rpi-card\" data-provider=\"google\" data-rat=\"5\"><div class=\"rpi-card-inner\"><div class=\"rpi-flex\"><div class=\"rpi-img-wrap\"><img loading=\"lazy\" decoding=\"async\" src=\"https:\/\/lh3.googleusercontent.com\/a-\/ALV-UjUw4LVTFt9gYbpX9CrLbcY7HNZSY-Rf78sxJeqrRyPGUWKBTYuzAg=s56-c-rp-mo-ba3-br100\" class=\"rpi-img\" loading=\"lazy\" width=\"56\" height=\"56\" alt=\"\" onerror=\"if(this.src!='https:\/\/vanfittery.de\/wp-content\/plugins\/business-reviews-bundle\/assets\/img\/google_avatar.png')this.src='https:\/\/vanfittery.de\/wp-content\/plugins\/business-reviews-bundle\/assets\/img\/google_avatar.png';\"><\/div><div class=\"rpi-info\"><a href=\"https:\/\/search.google.com\/local\/reviews?placeid=ChIJMzkwVs-BdUcR_mPQ7SwYBJ4\" class=\"rpi-name\" target=\"_blank\" rel=\"noopener nofollow\" aria-label=\"Jan I. - google user profile\">Jan I.<\/a><div class=\"rpi-time\" data-time=\"1723567431133\"><\/div><\/div><\/div><div class=\"rpi-body rpi-normal-up__body\"><span class=\"rpi-stars\" style=\"--rating:5\"><\/span><div class=\"rpi-text rpi-scroll\" tabindex=\"0\">Qualit\u00e4t und Preis stimmen hier absolut zusammen, dazu noch ein super Team und guter Service. Wir haben unseren Einbau nun einen Monat getestet und es h\u00e4lt was es verspricht.<\/div><\/div><\/div><\/div><div class=\"rpi-card\" data-provider=\"google\" data-rat=\"5\"><div class=\"rpi-card-inner\"><div class=\"rpi-flex\"><div class=\"rpi-img-wrap\"><img loading=\"lazy\" decoding=\"async\" src=\"https:\/\/lh3.googleusercontent.com\/a\/ACg8ocI1m2pntoLY9dLDmypixtkGnPrLTb4HQE-o3FWrfWqsxxLuufk=s56-c-rp-mo-br100\" class=\"rpi-img\" loading=\"lazy\" width=\"56\" height=\"56\" alt=\"\" onerror=\"if(this.src!='https:\/\/vanfittery.de\/wp-content\/plugins\/business-reviews-bundle\/assets\/img\/google_avatar.png')this.src='https:\/\/vanfittery.de\/wp-content\/plugins\/business-reviews-bundle\/assets\/img\/google_avatar.png';\"><\/div><div class=\"rpi-info\"><a href=\"https:\/\/maps.google.com\/maps\/contrib\/104720371829776771199\" class=\"rpi-name\" target=\"_blank\" rel=\"noopener nofollow\" aria-label=\"Andreas S. - google user profile\">Andreas S.<\/a><div class=\"rpi-time\" data-time=\"1722596804401\"><\/div><\/div><\/div><div class=\"rpi-body rpi-normal-up__body\"><span class=\"rpi-stars\" style=\"--rating:5\"><\/span><div class=\"rpi-text rpi-scroll\" tabindex=\"0\">Ich habe lange nach einem qualitativ hochwertigen und bezahlbaren Bettsystem gesucht und bin bei VANFITTERY f\u00fcndig geworden. Der Zusammenbau des Bausatzes war Dank der Super-Anleitung sehr einfach und hat sogar Spa\u00df gemacht. Und der Support von Tobi und seinem Team ist erstklassig. Das Ergebnis sieht super aus<br \/>\ud83d\udc4d\ud83c\udffb\ud83d\udc4d\ud83c\udffb\ud83d\udc4d\ud83c\udffb<\/div><div class=\"rpi-media\"><img decoding=\"async\" class=\"rpi-thumb rpi-clickable\" src=\"https:\/\/lh3.googleusercontent.com\/gpms-cs-s\/ABJJf51yQny81xK-pRBlfUL978P7C9hval4ieTbzrMr32d8eDL0XjrOEyw6j8Qg3S0MeekJkW9YqClB5wAqZMAuN82_CSOIju4D-hY--WeI7mqe-QOsZXQCHzxBiXO20txyRRlRyVY9r4A=s66\" onclick=\"rpi.Utils.popup('https:\/\/lh3.googleusercontent.com\/gpms-cs-s\/ABJJf51yQny81xK-pRBlfUL978P7C9hval4ieTbzrMr32d8eDL0XjrOEyw6j8Qg3S0MeekJkW9YqClB5wAqZMAuN82_CSOIju4D-hY--WeI7mqe-QOsZXQCHzxBiXO20txyRRlRyVY9r4A=s0', 800, 600)\" alt=\"Photo from customer review\" loading=\"lazy\"><\/div><\/div><\/div><\/div><div class=\"rpi-card\" data-provider=\"google\" data-rat=\"5\"><div class=\"rpi-card-inner\"><div class=\"rpi-flex\"><div class=\"rpi-img-wrap\"><img loading=\"lazy\" decoding=\"async\" src=\"https:\/\/lh3.googleusercontent.com\/a\/ACg8ocL-vex_41lVLh16GKezrV5H5dpbBxS0SD_hqpVgILlCpNGlcQ=s56-c-rp-mo-ba4-br100\" class=\"rpi-img\" loading=\"lazy\" width=\"56\" height=\"56\" alt=\"\" onerror=\"if(this.src!='https:\/\/vanfittery.de\/wp-content\/plugins\/business-reviews-bundle\/assets\/img\/google_avatar.png')this.src='https:\/\/vanfittery.de\/wp-content\/plugins\/business-reviews-bundle\/assets\/img\/google_avatar.png';\"><\/div><div class=\"rpi-info\"><a href=\"https:\/\/search.google.com\/local\/reviews?placeid=ChIJMzkwVs-BdUcR_mPQ7SwYBJ4\" class=\"rpi-name\" target=\"_blank\" rel=\"noopener nofollow\" aria-label=\"Christian D. - google user profile\">Christian D.<\/a><div class=\"rpi-time\" data-time=\"1721989115908\"><\/div><\/div><\/div><div class=\"rpi-body rpi-normal-up__body\"><span class=\"rpi-stars\" style=\"--rating:5\"><\/span><div class=\"rpi-text rpi-scroll\" tabindex=\"0\">Tolle Produkte, schnelle und komfortabel Lieferung und nette und unkomplizierte Beratung.<\/div><\/div><\/div><\/div><div class=\"rpi-card\" data-provider=\"google\" data-rat=\"5\"><div class=\"rpi-card-inner\"><div class=\"rpi-flex\"><div class=\"rpi-img-wrap\"><img loading=\"lazy\" decoding=\"async\" src=\"https:\/\/lh3.googleusercontent.com\/a\/ACg8ocJaHT2BxAm1gTIw7J7DOOL5jiMUG0qrlH-xFKS1TFzGUL2Etw=s56-c-rp-mo-br100\" class=\"rpi-img\" loading=\"lazy\" width=\"56\" height=\"56\" alt=\"\" onerror=\"if(this.src!='https:\/\/vanfittery.de\/wp-content\/plugins\/business-reviews-bundle\/assets\/img\/google_avatar.png')this.src='https:\/\/vanfittery.de\/wp-content\/plugins\/business-reviews-bundle\/assets\/img\/google_avatar.png';\"><\/div><div class=\"rpi-info\"><a href=\"https:\/\/search.google.com\/local\/reviews?placeid=ChIJMzkwVs-BdUcR_mPQ7SwYBJ4\" class=\"rpi-name\" target=\"_blank\" rel=\"noopener nofollow\" aria-label=\"Claudius H. - google user profile\">claudius H.<\/a><div class=\"rpi-time\" data-time=\"1719223669638\"><\/div><\/div><\/div><div class=\"rpi-body rpi-normal-up__body\"><span class=\"rpi-stars\" style=\"--rating:5\"><\/span><div class=\"rpi-text rpi-scroll\" tabindex=\"0\">1.Test am See hat mich nochmals best\u00e4tigt und viel Lob von anderen Campern,vanlifern erhalten.<\/div><\/div><\/div><\/div><div class=\"rpi-card\" data-provider=\"google\" data-rat=\"5\"><div class=\"rpi-card-inner\"><div class=\"rpi-flex\"><div class=\"rpi-img-wrap\"><img loading=\"lazy\" decoding=\"async\" src=\"https:\/\/lh3.googleusercontent.com\/a-\/ALV-UjUdWRy1Rm_wQ03ztz257wZVBBVY7XzK_Tp0vrBuloeihSsBCGCF=s56-c-rp-mo-br100\" class=\"rpi-img\" loading=\"lazy\" width=\"56\" height=\"56\" alt=\"\" onerror=\"if(this.src!='https:\/\/vanfittery.de\/wp-content\/plugins\/business-reviews-bundle\/assets\/img\/google_avatar.png')this.src='https:\/\/vanfittery.de\/wp-content\/plugins\/business-reviews-bundle\/assets\/img\/google_avatar.png';\"><\/div><div class=\"rpi-info\"><a href=\"https:\/\/search.google.com\/local\/reviews?placeid=ChIJMzkwVs-BdUcR_mPQ7SwYBJ4\" class=\"rpi-name\" target=\"_blank\" rel=\"noopener nofollow\" aria-label=\"Dani K. - google user profile\">Dani K.<\/a><div class=\"rpi-time\" data-time=\"1717573330903\"><\/div><\/div><\/div><div class=\"rpi-body rpi-normal-up__body\"><span class=\"rpi-stars\" style=\"--rating:5\"><\/span><div class=\"rpi-text rpi-scroll\" tabindex=\"0\">Nun muss sie sich also nur noch beweisen, doch ich zweifle eigentlich nicht daran, dass sie h\u00e4lt, was sie verspricht, denn die Konstruktion und Materialien schauen sehr stabil und wertig aus.<br \/>Gro\u00dfes Dankesch\u00f6n an das nette Team aus Niederbayern N\u00e4he LA \ud83d\ude42<\/div><\/div><\/div><\/div><div class=\"rpi-card\" data-provider=\"google\" data-rat=\"5\"><div class=\"rpi-card-inner\"><div class=\"rpi-flex\"><div class=\"rpi-img-wrap\"><img loading=\"lazy\" decoding=\"async\" src=\"https:\/\/lh3.googleusercontent.com\/a\/ACg8ocLmbVrkY9eYn45tPpR74oEcdzPliZ7WiBCfMy7GTcd88-cIzg=s56-c-rp-mo-br100\" class=\"rpi-img\" loading=\"lazy\" width=\"56\" height=\"56\" alt=\"\" onerror=\"if(this.src!='https:\/\/vanfittery.de\/wp-content\/plugins\/business-reviews-bundle\/assets\/img\/google_avatar.png')this.src='https:\/\/vanfittery.de\/wp-content\/plugins\/business-reviews-bundle\/assets\/img\/google_avatar.png';\"><\/div><div class=\"rpi-info\"><a href=\"https:\/\/search.google.com\/local\/reviews?placeid=ChIJMzkwVs-BdUcR_mPQ7SwYBJ4\" class=\"rpi-name\" target=\"_blank\" rel=\"noopener nofollow\" aria-label=\"KONSTRUKTIVE Z. - google user profile\">KONSTRUKTIVE Z.<\/a><div class=\"rpi-time\" data-time=\"1710844088098\"><\/div><\/div><\/div><div class=\"rpi-body rpi-normal-up__body\"><span class=\"rpi-stars\" style=\"--rating:5\"><\/span><div class=\"rpi-text rpi-scroll\" tabindex=\"0\">System Top , Abwicklung Top , Menschen Top, Einbau Top, ALLES sehr Top.<br \/>Wir sind wirklich happy!! \ud83d\ude42<\/div><\/div><\/div><\/div><div class=\"rpi-card\" data-provider=\"google\" data-rat=\"5\"><div class=\"rpi-card-inner\"><div class=\"rpi-flex\"><div class=\"rpi-img-wrap\"><img loading=\"lazy\" decoding=\"async\" src=\"https:\/\/lh3.googleusercontent.com\/a-\/ALV-UjUMTmvmWdRcYCDhssZNt6E7gQqZOshPYIhScFisfxBJwfz3L75c=s56-c-rp-mo-br100\" class=\"rpi-img\" loading=\"lazy\" width=\"56\" height=\"56\" alt=\"\" onerror=\"if(this.src!='https:\/\/vanfittery.de\/wp-content\/plugins\/business-reviews-bundle\/assets\/img\/google_avatar.png')this.src='https:\/\/vanfittery.de\/wp-content\/plugins\/business-reviews-bundle\/assets\/img\/google_avatar.png';\"><\/div><div class=\"rpi-info\"><a href=\"https:\/\/maps.google.com\/maps\/contrib\/105265414878622698318\" class=\"rpi-name\" target=\"_blank\" rel=\"noopener nofollow\" aria-label=\"Karsten M. - google user profile\">Karsten M.<\/a><div class=\"rpi-time\" data-time=\"1701448466923\"><\/div><\/div><\/div><div class=\"rpi-body rpi-normal-up__body\"><span class=\"rpi-stars\" style=\"--rating:5\"><\/span><div class=\"rpi-text rpi-scroll\" tabindex=\"0\">Ich bin bestens zufrieden mit der Beratung und der Abwicklung beim Kauf des Bettsystem Surf. Es steht nun in meinen ID Buzz und macht sich da n\u00fctzlich. Super Qualit\u00e4t daher empfehlenswert!!!<\/div><div class=\"rpi-media\"><img decoding=\"async\" class=\"rpi-thumb rpi-clickable\" src=\"https:\/\/lh3.googleusercontent.com\/gpms-cs-s\/ABJJf51HV4AHcOb8TXbIfIoBjofyah-PyN16I1RK2PDa8eIbgExXKv61q52vEBXRjmnTq85b_jNBudUQITZ2xbPrifsL2-SSwPRrTtspkxrtC75HugCZhfPtsr2-dxQrGZLxPANwHlkm=s66\" onclick=\"rpi.Utils.popup('https:\/\/lh3.googleusercontent.com\/gpms-cs-s\/ABJJf51HV4AHcOb8TXbIfIoBjofyah-PyN16I1RK2PDa8eIbgExXKv61q52vEBXRjmnTq85b_jNBudUQITZ2xbPrifsL2-SSwPRrTtspkxrtC75HugCZhfPtsr2-dxQrGZLxPANwHlkm=s0', 800, 600)\" alt=\"Photo from customer review\" loading=\"lazy\"><img decoding=\"async\" class=\"rpi-thumb rpi-clickable\" src=\"https:\/\/lh3.googleusercontent.com\/gpms-cs-s\/ABJJf51l21paThQOpQt57KUhg-TS11idyJkkaOXBnaCnJuSQCZqR7Gc38cPRSd60MMAk6KYxlBVzKgcattuU75n2d1gyi1zWMq4lLODcHDS3cpsGAsrHzvDlIZcnSvCkYJGwCJupW8DEXQ=s66\" onclick=\"rpi.Utils.popup('https:\/\/lh3.googleusercontent.com\/gpms-cs-s\/ABJJf51l21paThQOpQt57KUhg-TS11idyJkkaOXBnaCnJuSQCZqR7Gc38cPRSd60MMAk6KYxlBVzKgcattuU75n2d1gyi1zWMq4lLODcHDS3cpsGAsrHzvDlIZcnSvCkYJGwCJupW8DEXQ=s0', 800, 600)\" alt=\"Photo from customer review\" loading=\"lazy\"><img decoding=\"async\" class=\"rpi-thumb rpi-clickable\" src=\"https:\/\/lh3.googleusercontent.com\/gpms-cs-s\/ABJJf51_J2qh4I58zBpKCYE19-O6hwHo0WM00dZXjJw2yvL6w0QiSOVVDfk4MP8iBJS2lI3v5bEk3NOP589t57_auKXlhMvj04ZlkcLN0stxRYD48_t5udISZ9UiWnenXB8MIuNw5294ig=s66\" onclick=\"rpi.Utils.popup('https:\/\/lh3.googleusercontent.com\/gpms-cs-s\/ABJJf51_J2qh4I58zBpKCYE19-O6hwHo0WM00dZXjJw2yvL6w0QiSOVVDfk4MP8iBJS2lI3v5bEk3NOP589t57_auKXlhMvj04ZlkcLN0stxRYD48_t5udISZ9UiWnenXB8MIuNw5294ig=s0', 800, 600)\" alt=\"Photo from customer review\" loading=\"lazy\"><\/div><\/div><\/div><\/div><div class=\"rpi-card\" data-provider=\"google\" data-rat=\"5\"><div class=\"rpi-card-inner\"><div class=\"rpi-flex\"><div class=\"rpi-img-wrap\"><img loading=\"lazy\" decoding=\"async\" src=\"https:\/\/lh3.googleusercontent.com\/a\/ACg8ocJAfozfBFgJ3TghxVzsHZ60OG-_Gzs5rY208gHWB61mj1YmGS4=s56-c-rp-mo-br100\" class=\"rpi-img\" loading=\"lazy\" width=\"56\" height=\"56\" alt=\"\" onerror=\"if(this.src!='https:\/\/vanfittery.de\/wp-content\/plugins\/business-reviews-bundle\/assets\/img\/google_avatar.png')this.src='https:\/\/vanfittery.de\/wp-content\/plugins\/business-reviews-bundle\/assets\/img\/google_avatar.png';\"><\/div><div class=\"rpi-info\"><a href=\"https:\/\/maps.google.com\/maps\/contrib\/114217509009724631074\" class=\"rpi-name\" target=\"_blank\" rel=\"noopener nofollow\" aria-label=\"David K. - google user profile\">David K.<\/a><div class=\"rpi-time\" data-time=\"1698830409865\"><\/div><\/div><\/div><div class=\"rpi-body rpi-normal-up__body\"><span class=\"rpi-stars\" style=\"--rating:5\"><\/span><div class=\"rpi-text rpi-scroll\" tabindex=\"0\">Super umg\u00e4ngliches und angenehmes Team. Wir sind sehr zufrieden mit unseren Modulen. Jederzeit wieder \ud83d\ude42<\/div><div class=\"rpi-media\"><img decoding=\"async\" class=\"rpi-thumb rpi-clickable\" src=\"https:\/\/lh3.googleusercontent.com\/gpms-cs-s\/ABJJf50DuqcG3PmSWA_9GunGny0J1pvLVQufyH1Ro2OR3Nc06_QdA2k7Mri_i3Zohtm5kuHueVajXrhBs5I71dV1YcpRUakQYfPMNgNkOOWg5QCphp2kQlJRMlshjO7XACMI05Wu7jmgXg=s66\" onclick=\"rpi.Utils.popup('https:\/\/lh3.googleusercontent.com\/gpms-cs-s\/ABJJf50DuqcG3PmSWA_9GunGny0J1pvLVQufyH1Ro2OR3Nc06_QdA2k7Mri_i3Zohtm5kuHueVajXrhBs5I71dV1YcpRUakQYfPMNgNkOOWg5QCphp2kQlJRMlshjO7XACMI05Wu7jmgXg=s0', 800, 600)\" alt=\"Photo from customer review\" loading=\"lazy\"><\/div><\/div><\/div><\/div><\/div><div style=\"text-align:center\"><button class=\"rpi-url\">N\u00e6ste anmeldelse<\/button><\/div><\/div><\/div><script>(function(p){if(!p)return;let w=p.offsetWidth,m=function(a,b){return Math.min(a,b)===a};p.querySelector('.rpi-cnt').classList.replace('rpi-col-m','rpi-col-'+(m(w,510)?'xs':m(w,750)?'x':m(w,1050)?'s':m(w,1450)?'m':m(w,1800)?'l':'xl'))})(document.currentScript?.parentElement)<\/script><\/div><\/div>\n\t\t\t\t\t\t<\/div>\n\t\t\t\t<\/div>\n\t\t\t\t<\/div>\n\t\t\t\t<\/div>\n\t\t\t\t<\/div>\n\t\t\t\t<\/div>\n\t\t\t\t\t\t<\/div>\n\t\t\t\t<\/div>\n\t\t\t\t\t<\/div>\n\t\t\t\t<\/div>\n\t\t\t\t<\/div>\n\t\t","protected":false},"excerpt":{"rendered":"<p>erh\u00e4ltlich ab Das Modul wird komplett montiert geliefert. \u00dcberblick Highlights Funktionen Video FAQ Technische Infos Bewertungen Das Bettsystem mit Stauraum f\u00fcr Fahrr\u00e4der, SUPs und mehr Das Bettsystem Querauszug erm\u00f6glicht ein interessantes Raumkonzept mit viel Platz im Mitteltunnel. Das Bett passt in nahezu alle Vans der Transportergr\u00f6\u00dfe (mehr dazu in den FAQs). Ideal f\u00fcr den Transport [&hellip;]<\/p>\n","protected":false},"featured_media":14019,"template":"elementor_header_footer","meta":{"_acf_changed":false,"iawp_total_views":12837},"product_brand":[],"product_cat":[80],"product_tag":[],"class_list":{"0":"post-2041","1":"product","2":"type-product","3":"status-publish","4":"has-post-thumbnail","6":"product_cat-module","7":"product_shipping_class-spedition-xl","9":"first","10":"instock","11":"taxable","12":"shipping-taxable","13":"purchasable","14":"product-type-simple"},"acf":[],"_links":{"self":[{"href":"https:\/\/vanfittery.de\/da\/wp-json\/wp\/v2\/product\/2041","targetHints":{"allow":["GET"]}}],"collection":[{"href":"https:\/\/vanfittery.de\/da\/wp-json\/wp\/v2\/product"}],"about":[{"href":"https:\/\/vanfittery.de\/da\/wp-json\/wp\/v2\/types\/product"}],"version-history":[{"count":10,"href":"https:\/\/vanfittery.de\/da\/wp-json\/wp\/v2\/product\/2041\/revisions"}],"predecessor-version":[{"id":14498,"href":"https:\/\/vanfittery.de\/da\/wp-json\/wp\/v2\/product\/2041\/revisions\/14498"}],"wp:featuredmedia":[{"embeddable":true,"href":"https:\/\/vanfittery.de\/da\/wp-json\/wp\/v2\/media\/14019"}],"wp:attachment":[{"href":"https:\/\/vanfittery.de\/da\/wp-json\/wp\/v2\/media?parent=2041"}],"wp:term":[{"taxonomy":"product_brand","embeddable":true,"href":"https:\/\/vanfittery.de\/da\/wp-json\/wp\/v2\/product_brand?post=2041"},{"taxonomy":"product_cat","embeddable":true,"href":"https:\/\/vanfittery.de\/da\/wp-json\/wp\/v2\/product_cat?post=2041"},{"taxonomy":"product_tag","embeddable":true,"href":"https:\/\/vanfittery.de\/da\/wp-json\/wp\/v2\/product_tag?post=2041"}],"curies":[{"name":"wp","href":"https:\/\/api.w.org\/{rel}","templated":true}]}}