{"id":9547,"date":"2025-07-09T13:18:48","date_gmt":"2025-07-09T11:18:48","guid":{"rendered":"https:\/\/vanfittery.de\/?post_type=product&#038;p=9547"},"modified":"2026-03-17T11:20:38","modified_gmt":"2026-03-17T10:20:38","slug":"plaque-de-sol-vw-id-buzz-gtx-lwb","status":"publish","type":"product","link":"https:\/\/vanfittery.de\/fr\/produkt\/bodenplatte-vw-id-buzz-gtx-lwb\/","title":{"rendered":"Plaque de sol VW ID Buzz GTX LWB"},"content":{"rendered":"<p>Le VW ID Buzz est de plus en plus populaire en tant que camping-car.<\/p>\n<p>Dans son \u00e9tat d'origine, le v\u00e9hicule n'offre pas de plancher de chargement plat. Les ancrages des si\u00e8ges et le d\u00e9crochement du plancher vers l'habitacle rendent l'installation d'un CampingBox pratiquement impossible.<\/p>\n<p>Notre plancher de chargement compense les in\u00e9galit\u00e9s et s'\u00e9tend jusqu'aux si\u00e8ges arri\u00e8re. Le d\u00e9calage de hauteur du plancher est compens\u00e9 par de grandes surfaces d'appui. Si n\u00e9cessaire, le plancher peut \u00eatre bloqu\u00e9 contre le glissement au moyen de deux vis sur les filets de la planche multiflex.<\/p>\n<p>Gr\u00e2ce \u00e0 son \u00e9paisseur de 12 mm et \u00e0 son support en contreplaqu\u00e9 de bouleau, le panneau est tr\u00e8s stable.<\/p>\n<p>Le mod\u00e8le en 12 mm rev\u00eatu de noir poss\u00e8de une surface lisse et peut, si n\u00e9cessaire, \u00eatre recouvert d'un tapis antid\u00e9rapant ; le mod\u00e8le en 12 mm s\u00e9rigraphi\u00e9 est rouge-brun et poss\u00e8de une surface antid\u00e9rapante comme celle utilis\u00e9e par exemple pour les remorques.<\/p>\n<p>Sp\u00e9cialement con\u00e7u pour le ID Buzz (GTX) LWB en version voiture - ne convient pas pour le Cargo !<\/p>","protected":false},"excerpt":{"rendered":"<p><span style=\"color: #dca54a;\"><strong>\u2714<\/strong> <\/span> Cr\u00e9e une surface de chargement plane<br \/>\n<span style=\"color: #dca54a;\"><strong>\u2714<\/strong> <\/span> Pr\u00e9serve le plancher de coffre d'origine<br \/>\n<span style=\"color: #dca54a;\"><strong>\u2714<\/strong> <\/span> Se fixe avec 2 vis sur les filetages d'origine<br \/>\n<span style=\"color: #dca54a;\"><strong>\u2714<\/strong> <\/span> par ex. \u00e0 utiliser avec CampingBox<\/p>","protected":false},"featured_media":9552,"template":"","meta":{"_acf_changed":false,"iawp_total_views":823},"product_brand":[],"product_cat":[58,55],"product_tag":[],"class_list":{"0":"post-9547","1":"product","2":"type-product","3":"status-publish","4":"has-post-thumbnail","6":"product_cat-kleintransporter","7":"product_cat-zubehoer","8":"product_shipping_class-spedition-l","10":"first","11":"instock","12":"taxable","13":"shipping-taxable","14":"purchasable","15":"product-type-variable"},"acf":[],"_links":{"self":[{"href":"https:\/\/vanfittery.de\/fr\/wp-json\/wp\/v2\/product\/9547","targetHints":{"allow":["GET"]}}],"collection":[{"href":"https:\/\/vanfittery.de\/fr\/wp-json\/wp\/v2\/product"}],"about":[{"href":"https:\/\/vanfittery.de\/fr\/wp-json\/wp\/v2\/types\/product"}],"version-history":[{"count":1,"href":"https:\/\/vanfittery.de\/fr\/wp-json\/wp\/v2\/product\/9547\/revisions"}],"predecessor-version":[{"id":13861,"href":"https:\/\/vanfittery.de\/fr\/wp-json\/wp\/v2\/product\/9547\/revisions\/13861"}],"wp:featuredmedia":[{"embeddable":true,"href":"https:\/\/vanfittery.de\/fr\/wp-json\/wp\/v2\/media\/9552"}],"wp:attachment":[{"href":"https:\/\/vanfittery.de\/fr\/wp-json\/wp\/v2\/media?parent=9547"}],"wp:term":[{"taxonomy":"product_brand","embeddable":true,"href":"https:\/\/vanfittery.de\/fr\/wp-json\/wp\/v2\/product_brand?post=9547"},{"taxonomy":"product_cat","embeddable":true,"href":"https:\/\/vanfittery.de\/fr\/wp-json\/wp\/v2\/product_cat?post=9547"},{"taxonomy":"product_tag","embeddable":true,"href":"https:\/\/vanfittery.de\/fr\/wp-json\/wp\/v2\/product_tag?post=9547"}],"curies":[{"name":"wp","href":"https:\/\/api.w.org\/{rel}","templated":true}]}}