{"id":1903,"date":"2025-01-13T14:20:56","date_gmt":"2025-01-13T13:20:56","guid":{"rendered":"https:\/\/vanfittery.de\/?post_type=product&#038;p=1903"},"modified":"2026-03-17T11:24:44","modified_gmt":"2026-03-17T10:24:44","slug":"podsufitka-do-vw-t5-t6-transporter","status":"publish","type":"product","link":"https:\/\/vanfittery.de\/pl\/produkt\/dachhimmel-fuer-vw-t5-t6-transporter\/","title":{"rendered":"Podsufitka do VW T5\/T6 Transporter"},"content":{"rendered":"<h2>Wysokiej jako\u015bci podsufitka z reflektorami LED i \u015bciemniaczem dotykowym<\/h2>\n<p>Nasza podsufitka eliminuje wra\u017cenie nudnego vana z VW T5 lub T6. Energooszcz\u0119dne reflektory LED sk\u0105pi\u0105 wn\u0119trze w przytulnym, ciep\u0142ym \u015bwietle.<\/p>\n<p>Szara boazeria zosta\u0142a po prostu zast\u0105piona olejowan\u0105 boazeri\u0105 z prawdziwego drewna. W\u00a0<b>Konstrukcja z listew sprawia, \u017ce pomieszczenie wydaje si\u0119 wi\u0119ksze<\/b>\u00a0a ciep\u0142e drewno zamienia przestrze\u0144 \u0142adunkow\u0105 w przytuln\u0105 przestrze\u0144 mieszkaln\u0105.<\/p>\n<p><img fetchpriority=\"high\" decoding=\"async\" class=\"alignnone wp-image-1980 size-medium\" src=\"https:\/\/vanfittery.de\/wp-content\/uploads\/2025\/01\/KR-Laengsnuten-klar-geoelt-1-300x300.jpg\" alt=\"\" width=\"300\" height=\"300\" srcset=\"https:\/\/vanfittery.de\/wp-content\/uploads\/2025\/01\/KR-Laengsnuten-klar-geoelt-1-300x300.jpg 300w, https:\/\/vanfittery.de\/wp-content\/uploads\/2025\/01\/KR-Laengsnuten-klar-geoelt-1-100x100.jpg 100w, https:\/\/vanfittery.de\/wp-content\/uploads\/2025\/01\/KR-Laengsnuten-klar-geoelt-1-800x800.jpg 800w, https:\/\/vanfittery.de\/wp-content\/uploads\/2025\/01\/KR-Laengsnuten-klar-geoelt-1-1024x1024.jpg 1024w, https:\/\/vanfittery.de\/wp-content\/uploads\/2025\/01\/KR-Laengsnuten-klar-geoelt-1-150x150.jpg 150w, https:\/\/vanfittery.de\/wp-content\/uploads\/2025\/01\/KR-Laengsnuten-klar-geoelt-1-768x768.jpg 768w, https:\/\/vanfittery.de\/wp-content\/uploads\/2025\/01\/KR-Laengsnuten-klar-geoelt-1.jpg 1200w\" sizes=\"(max-width: 300px) 100vw, 300px\" \/><\/p>\n<p>The\u00a0<strong>O\u015bwietlenie<\/strong>\u00a0mo\u017cna uzyska\u0107 za po\u015brednictwem\u00a0<strong>Dotykowy \u015bciemniacz do p\u0142ynnej regulacji jasno\u015bci<\/strong>\u00a0Od \u015bwiec po o\u015bwietlenie stadionu!<\/p>\n<p>D\u0142u\u017csze klipsy wchodz\u0105ce w zakres dostawy s\u0142u\u017c\u0105 do mocowania podsufitki do istniej\u0105cych otwor\u00f3w monta\u017cowych, tak jak w przypadku orygina\u0142u - bez konieczno\u015bci wiercenia! Alternatywnie, podsufitka mo\u017ce by\u0107 r\u00f3wnie\u017c przymocowana prawie niewidocznie za pomoc\u0105 nitonakr\u0119tek i \u015brub - je\u015bli chcesz, okre\u015bl to w polu komentarzy w koszyku!<\/p>\n<p>Chcesz inny projekt? Wy\u015blij nam wiadomo\u015b\u0107, a z przyjemno\u015bci\u0105 zobaczymy, co jest mo\u017cliwe!<\/p>\n<p>Zakres dostawy: jednocz\u0119\u015bciowa podsufitka do VW T5, T6 i T6.1 wykonana z prawdziwego drewna, olejowana, z o\u015bwietleniem, okablowana, gotowa do pod\u0142\u0105czenia wraz z d\u0142u\u017cszymi klipsami.<\/p>","protected":false},"excerpt":{"rendered":"<p>Hochwertiger Dachhimmel mit LED-Spots &amp; Touchdimmer Unser Dachhimmel vertreibt das schn\u00f6de Transporter-Feeling aus deinem VW T5 bzw. T6. Die stromsparenden LED-Spots h\u00fcllen den Innenraum in ein gem\u00fctlich warmes Licht. Die grauen Verkleidungen werden einfach durch die ge\u00f6lte Echtholzverkleidung ersetzt. Das\u00a0Lamellendesign l\u00e4sst den Raum optisch gr\u00f6\u00dfer wirken\u00a0und das warme Holz macht aus dem Laderaum einen muckeligen [&hellip;]<\/p>\n","protected":false},"featured_media":1982,"template":"","meta":{"_acf_changed":false,"iawp_total_views":2882},"product_brand":[],"product_cat":[58,55],"product_tag":[],"class_list":{"0":"post-1903","1":"product","2":"type-product","3":"status-publish","4":"has-post-thumbnail","6":"product_cat-kleintransporter","7":"product_cat-zubehoer","8":"product_shipping_class-spedition-l","10":"first","11":"instock","12":"taxable","13":"shipping-taxable","14":"purchasable","15":"product-type-variable"},"acf":[],"_links":{"self":[{"href":"https:\/\/vanfittery.de\/pl\/wp-json\/wp\/v2\/product\/1903","targetHints":{"allow":["GET"]}}],"collection":[{"href":"https:\/\/vanfittery.de\/pl\/wp-json\/wp\/v2\/product"}],"about":[{"href":"https:\/\/vanfittery.de\/pl\/wp-json\/wp\/v2\/types\/product"}],"version-history":[{"count":1,"href":"https:\/\/vanfittery.de\/pl\/wp-json\/wp\/v2\/product\/1903\/revisions"}],"predecessor-version":[{"id":13906,"href":"https:\/\/vanfittery.de\/pl\/wp-json\/wp\/v2\/product\/1903\/revisions\/13906"}],"wp:featuredmedia":[{"embeddable":true,"href":"https:\/\/vanfittery.de\/pl\/wp-json\/wp\/v2\/media\/1982"}],"wp:attachment":[{"href":"https:\/\/vanfittery.de\/pl\/wp-json\/wp\/v2\/media?parent=1903"}],"wp:term":[{"taxonomy":"product_brand","embeddable":true,"href":"https:\/\/vanfittery.de\/pl\/wp-json\/wp\/v2\/product_brand?post=1903"},{"taxonomy":"product_cat","embeddable":true,"href":"https:\/\/vanfittery.de\/pl\/wp-json\/wp\/v2\/product_cat?post=1903"},{"taxonomy":"product_tag","embeddable":true,"href":"https:\/\/vanfittery.de\/pl\/wp-json\/wp\/v2\/product_tag?post=1903"}],"curies":[{"name":"wp","href":"https:\/\/api.w.org\/{rel}","templated":true}]}}